{"id":831,"date":"2020-08-18T17:47:01","date_gmt":"2020-08-18T18:47:01","guid":{"rendered":"https:\/\/ipc.innovatmedialab.com\/?post_type=museus&#038;p=831"},"modified":"2024-11-27T09:47:04","modified_gmt":"2024-11-27T10:47:04","slug":"nucleo-museologico-cesaria-evora","status":"publish","type":"museus","link":"https:\/\/ipc.cv\/fr\/museus\/nucleo-museologico-cesaria-evora\/","title":{"rendered":"N\u00facleo Museol\u00f3gico Ces\u00e1ria \u00c9vora"},"content":{"rendered":"<div class=\"wp-block-ub-expand ub-expand\" id=\"ub-expand-01b2ed92-8dd9-449d-bafa-911314b15847\" data-scroll-type=\"false\" data-scroll-amount=\"\" data-scroll-target=\"\">\n<div class=\"ub-expand-portion ub-expand-partial wp-block-ub-expand-portion\" id=\"ub-expand-partial-4e9dedab-ae90-416f-bc94-c622b4607479\" aria-hidden=\"false\">\n\t\t\t\n\n<p id=\"block-358ff84b-fd92-4d19-aac8-a66c90348c68\">Com sede na Cidade do Mindelo, o N\u00facleo Museol\u00f3gico Ces\u00e1ria \u00c9vora, foi inaugurado a 17 de dezembro de 2015. Este espa\u00e7o museol\u00f3gico \u00e9 dedicado a salvaguarda da vida e obra da Ces\u00e1ria \u00c9vora, a Diva dos p\u00e9s descal\u00e7os. O contexto da sua cria\u00e7\u00e3o nos remete para a necessidade de valorizar o contributo que esta artista deu para a cultura cabo-verdiana, atrav\u00e9s da m\u00fasica e dos valores humanos que cultivava no seio da sociedade mindelense. \u00a0<\/p>\n\n\n\t\t\t<a id=\"ub-expand-toggle-partial-4e9dedab-ae90-416f-bc94-c622b4607479\" class=\"ub-expand-toggle-button\" style=\"text-align: left; \" role=\"button\" aria-expanded=\"false\" aria-controls=\"ub-expand-full-4e9dedab-ae90-416f-bc94-c622b4607479\" tabindex=\"0\">\n\t\t\t\tSaber Mais\n\t\t\t<\/a>\n\t\t<\/div>\n\n<div class=\"ub-expand-portion ub-expand-full ub-hide wp-block-ub-expand-portion\" id=\"ub-expand-full-4e9dedab-ae90-416f-bc94-c622b4607479\" aria-hidden=\"true\">\n\t\t\t\n\n<p id=\"block-b340c31f-0e20-4b59-b73e-70c4c36be3ce\">O n\u00facleo encontra-se instalado num edif\u00edcio oferecido e, 1992 pelo Governo de Cabo Verde e, guarda em sua cust\u00f3dia uma cole\u00e7\u00e3o de discografia, indument\u00e1rias, objetos de usos pessoal, fotografias e v\u00eddeos. Encera no seu seio um espa\u00e7o de degusta\u00e7\u00e3o, outro espa\u00e7o dedicado as experi\u00eancias relacionadas com os h\u00e1bitos da cantora e, por \u00faltimo, um espa\u00e7o audiovisual. Mais do que expor um conjunto de objetos, este espa\u00e7o de mem\u00f3ria catapulta os visitantes para uma reflex\u00e3o a volta dos valores da justi\u00e7a social, solidariedade, empoderamento feminino e humildade que esta mulher cabo-verdiana cultivava.<\/p>\n\n\n\n<p id=\"block-25b5427c-e862-47da-90c4-ddee7c4fc5dc\"><\/p>\n\n\n\t\t\t<a id=\"ub-expand-toggle-full-4e9dedab-ae90-416f-bc94-c622b4607479\" class=\"ub-expand-toggle-button\" style=\"text-align: left; \" role=\"button\" aria-expanded=\"true\" aria-controls=\"ub-expand-full-4e9dedab-ae90-416f-bc94-c622b4607479\" tabindex=\"0\">\n\t\t\t\tLer menos\n\t\t\t<\/a>\n\t\t<\/div>\n<\/div>","protected":false},"excerpt":{"rendered":"<p>Ces\u00e1ria \u00c9vora, ou Cize como era carinhosamente chamada, \u00e9 um nome incontorn\u00e1vel na hist\u00f3ria de Cabo Verde, tendo dedicado a sua vida a promover, atrav\u00e9s da m\u00fasica, a ess\u00eancia e&#8230;<\/p>","protected":false},"featured_media":6709,"template":"","meta":[],"class_list":["post-831","museus","type-museus","status-publish","has-post-thumbnail","hentry"],"_links":{"self":[{"href":"https:\/\/ipc.cv\/fr\/wp-json\/wp\/v2\/museus\/831","targetHints":{"allow":["GET"]}}],"collection":[{"href":"https:\/\/ipc.cv\/fr\/wp-json\/wp\/v2\/museus"}],"about":[{"href":"https:\/\/ipc.cv\/fr\/wp-json\/wp\/v2\/types\/museus"}],"wp:featuredmedia":[{"embeddable":true,"href":"https:\/\/ipc.cv\/fr\/wp-json\/wp\/v2\/media\/6709"}],"wp:attachment":[{"href":"https:\/\/ipc.cv\/fr\/wp-json\/wp\/v2\/media?parent=831"}],"curies":[{"name":"wp","href":"https:\/\/api.w.org\/{rel}","templated":true}]}}