{"id":1085,"date":"2020-08-23T13:59:44","date_gmt":"2020-08-23T14:59:44","guid":{"rendered":"https:\/\/ipc.innovatmedialab.com\/?post_type=monumento-e-sitio&#038;p=1085"},"modified":"2021-07-30T08:53:03","modified_gmt":"2021-07-30T09:53:03","slug":"parque-natural-do-fogo-cha-das-caldeiras","status":"publish","type":"monumento-e-sitio","link":"https:\/\/ipc.cv\/fr\/monumento-e-sitio\/parque-natural-do-fogo-cha-das-caldeiras\/","title":{"rendered":"Parque Natural do Fogo \u2013 Ch\u00e3 das Caldeiras"},"content":{"rendered":"<div class=\"wp-block-ub-expand ub-expand\" id=\"ub-expand-ca3a8657-5509-4382-bf4d-4a8bbb9269fd\" data-scroll-type=\"false\" data-scroll-amount=\"\" data-scroll-target=\"\">\n<div class=\"ub-expand-portion ub-expand-partial wp-block-ub-expand-portion\" aria-hidden=\"false\" id=\"ub-expand-portion-\">\n\t\t\t\n\n<p>O Parque Natural do Fogo situa-se na zona central da ilha do Fogo e \u00e9 constitu\u00eddo pelo Vulc\u00e3o, a Cratera, a Bordeira e o per\u00edmetro florestal de Monte Velha.\u00a0Possui uma \u00e1rea de 8.468,5 hectares e situa-se na conflu\u00eancia dos tr\u00eas munic\u00edpios da ilha: S. Filipe, Santa Catarina e Mosteiros.\u00a0O vulc\u00e3o do Fogo que d\u00e1 nome \u00e0 referida ilha possui 2.829 metros, sendo o ponto mais alto de Cabo Verde, e permanece ativo, com uma caldeira de 8 km de di\u00e2metro e abertura para Este.\u00a0<\/p>\n\n\n\n<p>O Parque Natural do Fogo foi criado pelo Decreto-Lei n\u00ba3\/2003, de 24 de Fevereiro e delimitada pelo Decreto-Regulamentar n\u00ba 3\/2008, de 2 de Junho. Neste sentido, para permitir uma gest\u00e3o sustent\u00e1vel do parque foi criado e aprovado o Plano de Gest\u00e3o atrav\u00e9s da Resolu\u00e7\u00e3o n.\u00ba 20\/2010, de 19 de Abril.<\/p>\n\n\n\t\t\t<a id=\"\" class=\"ub-expand-toggle-button\" style=\"text-align: left; \" role=\"button\" aria-expanded=\"false\" aria-controls=\"ub-expand-full-\" tabindex=\"0\">\n\t\t\t\tler mais\n\t\t\t<\/a>\n\t\t<\/div>\n\n<div class=\"ub-expand-portion ub-expand-full ub-hide wp-block-ub-expand-portion\" aria-hidden=\"true\" id=\"ub-expand-portion-\">\n\t\t\t\n\n<p>Esse cen\u00e1rio natural de Ch\u00e3 das Caldeiras, pontuado por um vulc\u00e3o ativo, \u00e9 habitado e explorado desde o primeiro quartel do s\u00e9culo XX, beneficiado sobretudo pela utiliza\u00e7\u00e3o da \u00e1gua das duas nascentes denominadas Fonte Velha e Fonte Nova, localizadas em Boca Fonte, mas tamb\u00e9m pela qualidade do solo no interior das Caldeiras.<\/p>\n\n\n\n<p>De evidenciar que, Ch\u00e3 das Caldeiras \u00e9 um caso \u00fanico de assentamento humano dentro da cratera de um vulc\u00e3o ativo. As atividades vulc\u00e2nicas que periodicamente moldam a paisagem, obrigam o homem a adaptar-se \u00e0s adversidades impostas pela natureza. Deste modo, a capacidade de resili\u00eancia manifesta-se nas edifica\u00e7\u00f5es tradicionais, como os funcos, habita\u00e7\u00e3o t\u00edpica de Ch\u00e3 das Caldeiras, o que faz lembrar as habita\u00e7\u00f5es tribais da \u00c1frica.<\/p>\n\n\n\n<p><strong>O Parque Natural do Fogo \u2013 Ch\u00e3 das Caldeiras,\u00a0uma das maiores \u00e1reas protegidas do pa\u00eds, que integra a Rede Nacional de \u00c1reas Protegidas de Cabo Verde, foi inscrito na lista indicativa da UNESCO apoiado nos crit\u00e9rios VIII e X<\/strong><\/p>\n\n\n\n<p>O Parque Natural do Fogo pelas suas carater\u00edsticas litol\u00f3gicas e geomorfol\u00f3gicas assemelha-se \u00e0s ilhas vulc\u00e2nicas que integram a macaron\u00e9sia, e que est\u00e3o localizadas em \u00e1reas com extensa hist\u00f3ria de vulcanismo ativo, o que constitui um \u201chotspot geol\u00f3gico\u201d. Particularmente, refere-se, ao Parque Nacional de Teide, Can\u00e1rias, Espanha, classificado como Patrim\u00f3nio Mundial pela UNESCO em 2007.<\/p>\n\n\n\n<p>Por serem vulc\u00f5es testemunhos dos grandes est\u00e1gios geol\u00f3gicos e geomorfol\u00f3gicos das ilhas atl\u00e2nticas, tornaram-se espa\u00e7os de refer\u00eancias de investiga\u00e7\u00e3o internacional. Igualmente, esta compara\u00e7\u00e3o patenteia-se a n\u00edvel do contraste da paisagem, por um lado, lunar e por outro lado, verdejante numa \u00e1rea relativamente limitada.\u00a0O aspeto que distingue as duas paisagens resume-se \u00e0s quest\u00f5es antr\u00f3picas, nomeadamente na intera\u00e7\u00e3o do homem com o meio, que modelou, de uma forma bem marcante, os homens e as mulheres de Ch\u00e3.<\/p>\n\n\n\n<p>Esta intera\u00e7\u00e3o ultrapassa o aspeto f\u00edsico de ocupa\u00e7\u00e3o do territ\u00f3rio entrando, ap\u00f3s cada erup\u00e7\u00e3o, para um plano simb\u00f3lico onde o vulc\u00e3o aparece como o ser amigo num complexo equil\u00edbrio apenas compreens\u00edvel por quem \u00e9 de Ch\u00e3 das Caldeiras.\u00a0Esta rela\u00e7\u00e3o \u00fanica e singular representa a autenticidade e a originalidade de Ch\u00e3 das Caldeiras.<\/p>\n\n\n\t\t\t<a id=\"\" class=\"ub-expand-toggle-button\" style=\"text-align: left; \" role=\"button\" aria-expanded=\"true\" aria-controls=\"ub-expand-full-\" tabindex=\"0\">\n\t\t\t\tler menos\n\t\t\t<\/a>\n\t\t<\/div>\n<\/div>","protected":false},"excerpt":{"rendered":"","protected":false},"featured_media":704,"template":"","meta":[],"tags":[30],"class_list":["post-1085","monumento-e-sitio","type-monumento-e-sitio","status-publish","has-post-thumbnail","hentry","tag-unesco"],"_links":{"self":[{"href":"https:\/\/ipc.cv\/fr\/wp-json\/wp\/v2\/monumento-e-sitio\/1085","targetHints":{"allow":["GET"]}}],"collection":[{"href":"https:\/\/ipc.cv\/fr\/wp-json\/wp\/v2\/monumento-e-sitio"}],"about":[{"href":"https:\/\/ipc.cv\/fr\/wp-json\/wp\/v2\/types\/monumento-e-sitio"}],"wp:featuredmedia":[{"embeddable":true,"href":"https:\/\/ipc.cv\/fr\/wp-json\/wp\/v2\/media\/704"}],"wp:attachment":[{"href":"https:\/\/ipc.cv\/fr\/wp-json\/wp\/v2\/media?parent=1085"}],"wp:term":[{"taxonomy":"post_tag","embeddable":true,"href":"https:\/\/ipc.cv\/fr\/wp-json\/wp\/v2\/tags?post=1085"}],"curies":[{"name":"wp","href":"https:\/\/api.w.org\/{rel}","templated":true}]}}