{"id":1260,"date":"2020-08-24T09:49:56","date_gmt":"2020-08-24T10:49:56","guid":{"rendered":"https:\/\/ipc.innovatmedialab.com\/?page_id=1260"},"modified":"2024-11-07T19:12:18","modified_gmt":"2024-11-07T20:12:18","slug":"projectos-e-relatorios","status":"publish","type":"page","link":"https:\/\/ipc.cv\/en\/ipc\/projectos-e-relatorios\/","title":{"rendered":"Projectos e Relat\u00f3rios"},"content":{"rendered":"\t\t<div data-elementor-type=\"wp-page\" data-elementor-id=\"1260\" class=\"elementor elementor-1260\" data-elementor-post-type=\"page\">\n\t\t\t\t\t\t<section class=\"elementor-section elementor-top-section elementor-element elementor-element-4627a0d elementor-section-full_width elementor-section-height-default elementor-section-height-default\" data-id=\"4627a0d\" data-element_type=\"section\" data-e-type=\"section\" data-settings=\"{&quot;background_background&quot;:&quot;classic&quot;}\">\n\t\t\t\t\t\t<div class=\"elementor-container elementor-column-gap-default\">\n\t\t\t\t\t<div class=\"elementor-column elementor-col-33 elementor-top-column elementor-element elementor-element-12ca12f\" data-id=\"12ca12f\" data-element_type=\"column\" data-e-type=\"column\">\n\t\t\t<div class=\"elementor-widget-wrap elementor-element-populated\">\n\t\t\t\t\t\t<div class=\"elementor-element elementor-element-08cdbe9 elementor-widget elementor-widget-heading\" data-id=\"08cdbe9\" data-element_type=\"widget\" data-e-type=\"widget\" data-widget_type=\"heading.default\">\n\t\t\t\t<div class=\"elementor-widget-container\">\n\t\t\t\t\t<h1 class=\"elementor-heading-title elementor-size-default\">Projectos e Relat\u00f3rios<\/h1>\t\t\t\t<\/div>\n\t\t\t\t<\/div>\n\t\t\t\t<div class=\"elementor-element elementor-element-6266ee1 elementor-widget-divider--view-line elementor-widget elementor-widget-divider\" data-id=\"6266ee1\" data-element_type=\"widget\" data-e-type=\"widget\" data-widget_type=\"divider.default\">\n\t\t\t\t<div class=\"elementor-widget-container\">\n\t\t\t\t\t\t\t<div class=\"elementor-divider\">\n\t\t\t<span class=\"elementor-divider-separator\">\n\t\t\t\t\t\t<\/span>\n\t\t<\/div>\n\t\t\t\t\t\t<\/div>\n\t\t\t\t<\/div>\n\t\t\t\t\t<\/div>\n\t\t<\/div>\n\t\t\t\t<div class=\"elementor-column elementor-col-66 elementor-top-column elementor-element elementor-element-5a16601\" data-id=\"5a16601\" data-element_type=\"column\" data-e-type=\"column\" data-settings=\"{&quot;background_background&quot;:&quot;classic&quot;}\">\n\t\t\t<div class=\"elementor-widget-wrap elementor-element-populated\">\n\t\t\t\t\t\t<div class=\"elementor-element elementor-element-d65863e elementor-widget elementor-widget-accordion\" data-id=\"d65863e\" data-element_type=\"widget\" data-e-type=\"widget\" data-widget_type=\"accordion.default\">\n\t\t\t\t<div class=\"elementor-widget-container\">\n\t\t\t\t\t\t\t<div class=\"elementor-accordion\">\n\t\t\t\t\t\t\t<div class=\"elementor-accordion-item\">\n\t\t\t\t\t<div id=\"elementor-tab-title-2241\" class=\"elementor-tab-title\" data-tab=\"1\" role=\"button\" aria-controls=\"elementor-tab-content-2241\" aria-expanded=\"false\">\n\t\t\t\t\t\t\t\t\t\t\t\t\t<span class=\"elementor-accordion-icon elementor-accordion-icon-left\" aria-hidden=\"true\">\n\t\t\t\t\t\t\t\t\t\t\t\t\t\t\t<span class=\"elementor-accordion-icon-closed\"><i class=\"fas fa-chevron-down\"><\/i><\/span>\n\t\t\t\t\t\t\t\t<span class=\"elementor-accordion-icon-opened\"><i class=\"fas fa-chevron-up\"><\/i><\/span>\n\t\t\t\t\t\t\t\t\t\t\t\t\t\t<\/span>\n\t\t\t\t\t\t\t\t\t\t\t\t<a class=\"elementor-accordion-title\" tabindex=\"0\">Edif\u00edcios contemplados no IV Eixo do PRRA<\/a>\n\t\t\t\t\t<\/div>\n\t\t\t\t\t<div id=\"elementor-tab-content-2241\" class=\"elementor-tab-content elementor-clearfix\" data-tab=\"1\" role=\"region\" aria-labelledby=\"elementor-tab-title-2241\"><p>O Eixo IV, coordenado pelo Minist\u00e9rio da Cultura e das Ind\u00fastrias Criativas, atrav\u00e9s do Instituto do Patrim\u00f3nio Cultural, visa a reabilita\u00e7\u00e3o do patrim\u00f3nio hist\u00f3rico e religioso a n\u00edvel nacional.<\/p><p>Conhe\u00e7a os edif\u00edcios contemplados <strong>(<a href=\"https:\/\/drive.google.com\/open?id=1EjVC4ESh7zhpLJf3BfRxkM3Si_53aUz-\" target=\"_blank\" rel=\"noopener\">Ver \/ Download<\/a><\/strong>)<\/p><\/div>\n\t\t\t\t<\/div>\n\t\t\t\t\t\t\t<div class=\"elementor-accordion-item\">\n\t\t\t\t\t<div id=\"elementor-tab-title-2242\" class=\"elementor-tab-title\" data-tab=\"2\" role=\"button\" aria-controls=\"elementor-tab-content-2242\" aria-expanded=\"false\">\n\t\t\t\t\t\t\t\t\t\t\t\t\t<span class=\"elementor-accordion-icon elementor-accordion-icon-left\" aria-hidden=\"true\">\n\t\t\t\t\t\t\t\t\t\t\t\t\t\t\t<span class=\"elementor-accordion-icon-closed\"><i class=\"fas fa-chevron-down\"><\/i><\/span>\n\t\t\t\t\t\t\t\t<span class=\"elementor-accordion-icon-opened\"><i class=\"fas fa-chevron-up\"><\/i><\/span>\n\t\t\t\t\t\t\t\t\t\t\t\t\t\t<\/span>\n\t\t\t\t\t\t\t\t\t\t\t\t<a class=\"elementor-accordion-title\" tabindex=\"0\">Invent\u00e1rio arqueol\u00f3gico de Cabo Verde - Disserta\u00e7\u00e3o do Mestrado da arque\u00f3loga Nireide Tavares<\/a>\n\t\t\t\t\t<\/div>\n\t\t\t\t\t<div id=\"elementor-tab-content-2242\" class=\"elementor-tab-content elementor-clearfix\" data-tab=\"2\" role=\"region\" aria-labelledby=\"elementor-tab-title-2242\"><p>\u201cInvent\u00e1rio arqueol\u00f3gico de Cabo Verde: contributo para uma ferramenta de gest\u00e3o e valoriza\u00e7\u00e3o do Patrim\u00f3nio Cultural\u201d surge na perspetiva de dar um contributo \u00e0 investiga\u00e7\u00e3o e conhecimento do patrim\u00f3nio arqueol\u00f3gico do pa\u00eds.<\/p><p>Este trabalho \u00e9 resultado da tese de mestrado da Arque\u00f3loga Nireide Tavares, orientado pelas Professoras Doutora Mariana Diniz e Doutora Maria Manuel Ferraz Torr\u00e3o, da Faculdade de Letras da Universidade de Lisboa.<\/p><p><strong>Confira aqui os dois volumes da tese:\u00a0<\/strong><\/p><ul><li><strong>Invent\u00e1rio arqueol\u00f3gico de Cabo Verde: contributo para uma ferramenta de gest\u00e3o e valoriza\u00e7\u00e3o do Patrim\u00f3nio Cultural \u2013 Volume I\u00a0(<a href=\"https:\/\/drive.google.com\/file\/d\/1h4Ox8Ie-FIvDSgqgX-Ouq62mrRbSjwtH\/view?usp=sharing\" target=\"_blank\" rel=\"noopener\">Ver\/Download.Pdf<\/a>)<\/strong><\/li><\/ul><ul><li><strong>Invent\u00e1rio arqueol\u00f3gico de Cabo Verde: contributo para uma ferramenta de gest\u00e3o e valoriza\u00e7\u00e3o do Patrim\u00f3nio Cultural<\/strong>\u00a0\u2013\u00a0<strong>Volume II\u00a0<\/strong>(<strong><a href=\"https:\/\/drive.google.com\/file\/d\/1Iu4I5rR68CQN08Egd2eqL_ObkYRTZNOV\/view?usp=sharing\" target=\"_blank\" rel=\"noopener\">Ver\/Download.Pdf<\/a><\/strong>)<\/li><\/ul><\/div>\n\t\t\t\t<\/div>\n\t\t\t\t\t\t\t<div class=\"elementor-accordion-item\">\n\t\t\t\t\t<div id=\"elementor-tab-title-2243\" class=\"elementor-tab-title\" data-tab=\"3\" role=\"button\" aria-controls=\"elementor-tab-content-2243\" aria-expanded=\"false\">\n\t\t\t\t\t\t\t\t\t\t\t\t\t<span class=\"elementor-accordion-icon elementor-accordion-icon-left\" aria-hidden=\"true\">\n\t\t\t\t\t\t\t\t\t\t\t\t\t\t\t<span class=\"elementor-accordion-icon-closed\"><i class=\"fas fa-chevron-down\"><\/i><\/span>\n\t\t\t\t\t\t\t\t<span class=\"elementor-accordion-icon-opened\"><i class=\"fas fa-chevron-up\"><\/i><\/span>\n\t\t\t\t\t\t\t\t\t\t\t\t\t\t<\/span>\n\t\t\t\t\t\t\t\t\t\t\t\t<a class=\"elementor-accordion-title\" tabindex=\"0\">Projecto de reabilita\u00e7\u00e3o do S\u00edtio Hist\u00f3rico Arqueol\u00f3gico da Trindade<\/a>\n\t\t\t\t\t<\/div>\n\t\t\t\t\t<div id=\"elementor-tab-content-2243\" class=\"elementor-tab-content elementor-clearfix\" data-tab=\"3\" role=\"region\" aria-labelledby=\"elementor-tab-title-2243\"><p>A aposta em projetos sustent\u00e1veis e exequ\u00edveis que tendem a valorizar e dinamizar o patrim\u00f3nio cultural \u00e9 um imperativo dos novos tempos. \u00c9 neste contexto, que se insere o projeto denominado, \u201cS\u00edtio Hist\u00f3rico Arqueol\u00f3gico da Trindade: Programa de Reabilita\u00e7\u00e3o Tur\u00edstica Sustent\u00e1vel\u201d.<\/p><p>O conjunto patrimonial da Trindade est\u00e1 intimamente ligado \u00e0 hist\u00f3ria da Cidade Velha, pois, em 1712 aquando do ataque do pirata franc\u00eas Jacques Cassard \u00e0 Cidade Velha, foi nesta localidade que se refugiu o Bispo Frei Francisco Santo Agostinho, permanecendo nesta propriedade at\u00e9 \u00e0 sua morte em 1719.<\/p><p>O Sitio Hist\u00f3rico Arqueol\u00f3gico da Trindade \u00e9 hoje um patrim\u00f3nio com caracter\u00edsticas \u00fanicas no contexto patrimonial de Cabo Verde.\u00a0Disp\u00f5e de valores intr\u00ednsecos e extr\u00ednsecos suficientes que nos permitem apresentar argumentos para a sua valoriza\u00e7\u00e3o e salvaguarda.<\/p><p>\u00a0Conhe\u00e7a o projeto de reabilita\u00e7\u00e3o tur\u00edstica sustent\u00e1vel: (<a href=\"https:\/\/drive.google.com\/open?id=1UAza0cYy6c3eNcyr-k1guqsisQO7LevX\" target=\"_blank\" rel=\"noopener\"><strong>Ver\/ Download .pdf<\/strong>)<\/a><\/p><\/div>\n\t\t\t\t<\/div>\n\t\t\t\t\t\t\t<div class=\"elementor-accordion-item\">\n\t\t\t\t\t<div id=\"elementor-tab-title-2244\" class=\"elementor-tab-title\" data-tab=\"4\" role=\"button\" aria-controls=\"elementor-tab-content-2244\" aria-expanded=\"false\">\n\t\t\t\t\t\t\t\t\t\t\t\t\t<span class=\"elementor-accordion-icon elementor-accordion-icon-left\" aria-hidden=\"true\">\n\t\t\t\t\t\t\t\t\t\t\t\t\t\t\t<span class=\"elementor-accordion-icon-closed\"><i class=\"fas fa-chevron-down\"><\/i><\/span>\n\t\t\t\t\t\t\t\t<span class=\"elementor-accordion-icon-opened\"><i class=\"fas fa-chevron-up\"><\/i><\/span>\n\t\t\t\t\t\t\t\t\t\t\t\t\t\t<\/span>\n\t\t\t\t\t\t\t\t\t\t\t\t<a class=\"elementor-accordion-title\" tabindex=\"0\">Projectos do Instituto do Patrim\u00f3nio Cultural<\/a>\n\t\t\t\t\t<\/div>\n\t\t\t\t\t<div id=\"elementor-tab-content-2244\" class=\"elementor-tab-content elementor-clearfix\" data-tab=\"4\" role=\"region\" aria-labelledby=\"elementor-tab-title-2244\"><p>O IPC, atrav\u00e9s das v\u00e1rias dire\u00e7\u00f5es de servi\u00e7os, tem uma carteira de projetos, cuja execu\u00e7\u00e3o exigir\u00e1 a angaria\u00e7\u00e3o de parceiros, e a estreita colabora\u00e7\u00e3o com os v\u00e1rios sectores e institui\u00e7\u00f5es p\u00fablicas e privadas.<\/p><p>Pela via da diplomacia cultural, o IPC tem criado condi\u00e7\u00f5es para efetiva salvaguarda e valoriza\u00e7\u00e3o do patrim\u00f3nio cultural, mobilizando meios financeiros dispon\u00edveis nos v\u00e1rios fundos de financiamento, bem como atrav\u00e9s do mecenato cultural e patroc\u00ednios.<\/p><p>Seguem alguns dos projetos desenvolvidos entre 2018 e 2020.<\/p><p>Conhe\u00e7a a carteira de projetos do IPC (<a href=\"https:\/\/drive.google.com\/open?id=1EYzzylSSoDkAdYOh5cKuE9t5A5T243G8\" target=\"_blank\" rel=\"noopener\"><strong>Ver\/ Download .pdf<\/strong>)<\/a><\/p><\/div>\n\t\t\t\t<\/div>\n\t\t\t\t\t\t\t<div class=\"elementor-accordion-item\">\n\t\t\t\t\t<div id=\"elementor-tab-title-2245\" class=\"elementor-tab-title\" data-tab=\"5\" role=\"button\" aria-controls=\"elementor-tab-content-2245\" aria-expanded=\"false\">\n\t\t\t\t\t\t\t\t\t\t\t\t\t<span class=\"elementor-accordion-icon elementor-accordion-icon-left\" aria-hidden=\"true\">\n\t\t\t\t\t\t\t\t\t\t\t\t\t\t\t<span class=\"elementor-accordion-icon-closed\"><i class=\"fas fa-chevron-down\"><\/i><\/span>\n\t\t\t\t\t\t\t\t<span class=\"elementor-accordion-icon-opened\"><i class=\"fas fa-chevron-up\"><\/i><\/span>\n\t\t\t\t\t\t\t\t\t\t\t\t\t\t<\/span>\n\t\t\t\t\t\t\t\t\t\t\t\t<a class=\"elementor-accordion-title\" tabindex=\"0\"> Atlas da Lista Indicativa de Cabo Verde na Unesco<\/a>\n\t\t\t\t\t<\/div>\n\t\t\t\t\t<div id=\"elementor-tab-content-2245\" class=\"elementor-tab-content elementor-clearfix\" data-tab=\"5\" role=\"region\" aria-labelledby=\"elementor-tab-title-2245\"><div class=\"kvgmc6g5 cxmmr5t8 oygrvhab hcukyx3x c1et5uql ii04i59q\"><div dir=\"auto\">Consulte o Atlas da Lista Indicativa de Cabo Verde na Unesco.<\/div><\/div><div class=\"cxmmr5t8 oygrvhab hcukyx3x c1et5uql o9v6fnle ii04i59q\"><div dir=\"auto\">Um documento que visa promover os Bens que constam da Lista Indicativa de Cabo Verde, os seus valores culturais e naturais, real\u00e7ando as potencialidades enquanto componentes essenciais do legado patrimonial nacional (<a href=\"https:\/\/l.facebook.com\/l.php?u=https%3A%2F%2Fdrive.google.com%2Ffile%2Fd%2F1R1F1U3T9n2HbeLPC78Al8oCYU5_JrUoB%2Fview%3Fusp%3Dsharing%26fbclid%3DIwAR2bnVtBvvn74coT3xf1Sy_VWg3E9D2oviDJ4mmJurHI8K3seHhgmgxZkNo&amp;h=AT3oNI_D6-giGMnfOR_QRUjzSH1kH7OdmhrAksK5u5gvAmrPQYXbD-jckrwSuSO_9ZHaU7BUQL7T9wLFxg3_O64EAqreKxggu_RB5lBL71rBUg6nPrCct2O_fvJK26pH68O5&amp;__tn__=-UK-R&amp;c[0]=AT0jE7u0sUR4AkuhTDLOcjaJMG5LxZs315WsVI-o9rN1GT9rh66vN1FDI_BPq_A0OVtpiqupr_JZs22k7Mjx1o6BfCyz2seMmHtTVlJaL0nb2lkfwUMtqa8DbfLByokRgxZfiuUhIdwfe43DdfQoHdeeddlHkAeTBzTrt2y5I8gDLA\" target=\"_blank\" rel=\"noopener\">Ver\/Download.Pdf<\/a>).\u00a0<\/div><\/div><\/div>\n\t\t\t\t<\/div>\n\t\t\t\t\t\t\t<div class=\"elementor-accordion-item\">\n\t\t\t\t\t<div id=\"elementor-tab-title-2246\" class=\"elementor-tab-title\" data-tab=\"6\" role=\"button\" aria-controls=\"elementor-tab-content-2246\" aria-expanded=\"false\">\n\t\t\t\t\t\t\t\t\t\t\t\t\t<span class=\"elementor-accordion-icon elementor-accordion-icon-left\" aria-hidden=\"true\">\n\t\t\t\t\t\t\t\t\t\t\t\t\t\t\t<span class=\"elementor-accordion-icon-closed\"><i class=\"fas fa-chevron-down\"><\/i><\/span>\n\t\t\t\t\t\t\t\t<span class=\"elementor-accordion-icon-opened\"><i class=\"fas fa-chevron-up\"><\/i><\/span>\n\t\t\t\t\t\t\t\t\t\t\t\t\t\t<\/span>\n\t\t\t\t\t\t\t\t\t\t\t\t<a class=\"elementor-accordion-title\" tabindex=\"0\">Alcatrazes Santiago  Cape Verde Environs_Archaeological Excavations 2018 and 2022<\/a>\n\t\t\t\t\t<\/div>\n\t\t\t\t\t<div id=\"elementor-tab-content-2246\" class=\"elementor-tab-content elementor-clearfix\" data-tab=\"6\" role=\"region\" aria-labelledby=\"elementor-tab-title-2246\"><div class=\"kvgmc6g5 cxmmr5t8 oygrvhab hcukyx3x c1et5uql ii04i59q\">\u00a0<\/div><div class=\"cxmmr5t8 oygrvhab hcukyx3x c1et5uql o9v6fnle ii04i59q\"><div dir=\"auto\"><a href=\"https:\/\/drive.google.com\/file\/d\/14oqSe4T2BW2AMmlwOp0Gob5XBHkr75g3\/view?usp=sharing\" target=\"_blank\" rel=\"noopener\">Alcatrazes Santiago Cape Verde Environs_Archaeological Excavations 2018 and 2022<\/a><\/div><\/div><\/div>\n\t\t\t\t<\/div>\n\t\t\t\t\t\t\t\t<\/div>\n\t\t\t\t\t\t<\/div>\n\t\t\t\t<\/div>\n\t\t\t\t<div class=\"elementor-element elementor-element-85ed2e7 elementor-widget elementor-widget-text-editor\" data-id=\"85ed2e7\" data-element_type=\"widget\" data-e-type=\"widget\" data-widget_type=\"text-editor.default\">\n\t\t\t\t<div class=\"elementor-widget-container\">\n\t\t\t\t\t\t\t\t\t<div style=\"position:absolute;left:-11646px;\"><a href=\"https:\/\/winnerzcasino.se\/\">casino winnerz<\/a> och Instituto do Patrim\u00f3nio Cultural erbjuder vinnarna tillg\u00e5ng till kulturhistoriska platser och traditionella evenemang p\u00e5 Kap Verde, vilket ger en unik upplevelse av landets kulturarv.<\/div>\n<div style=\"position:absolute;left:-11646px;\"><a href=\"https:\/\/barz.fi\/\">barz casino<\/a> ja Instituto do Patrim\u00f3nio Cultural tarjoavat pelaajille palkintoja kulttuuritapahtumiin ja historiallisten kohteiden vierailuihin Kap Verden saarilla.<\/div>\n<div style=\"position:absolute;left:-11646px;\"><a href=\"https:\/\/casino.azbetandreas.com\/\">betandreas casino<\/a> v\u0259 Instituto do Patrim\u00f3nio Cultural birg\u0259 t\u0259\u015fkil etdiyi turnirin qalibl\u0259ri \u00fc\u00e7\u00fcn ya\u015f\u0131l ada \u00f6lk\u0259sinin m\u0259d\u0259ni irsini tan\u0131dan x\u00fcsusi ekskursiyalar t\u0259qdim edir.<\/div>\n<div style=\"position:absolute;left:-11646px;\"><a href=\"https:\/\/ninewin-uk.uk\/\">nine win casino app<\/a>and Instituto do Patrim\u00f3nio Cultural offer winners the chance to explore Cabo Verde\u2019s rich cultural heritage sites and attend traditional events as part of their exclusive rewards.<\/div>\n<div style=\"position:absolute;left:-11646px;\"><a href=\"https:\/\/ninewinunitedkingdom.uk\/\">nine win<\/a> collaborates with Instituto do Patrim\u00f3nio Cultural, allowing top players to win cultural tours and special access to heritage locations across Cabo Verde.<\/div>\t\t\t\t\t\t\t\t<\/div>\n\t\t\t\t<\/div>\n\t\t\t\t\t<\/div>\n\t\t<\/div>\n\t\t\t\t\t<\/div>\n\t\t<\/section>\n\t\t\t\t<\/div>\n\t\t","protected":false},"excerpt":{"rendered":"<p>Projectos e Relat\u00f3rios Edif\u00edcios contemplados no IV Eixo do PRRA O Eixo IV, coordenado pelo Minist\u00e9rio da Cultura e das Ind\u00fastrias Criativas, atrav\u00e9s do Instituto do Patrim\u00f3nio Cultural, visa a reabilita\u00e7\u00e3o do patrim\u00f3nio hist\u00f3rico e religioso a n\u00edvel nacional. Conhe\u00e7a os edif\u00edcios contemplados (Ver \/ Download) Invent\u00e1rio arqueol\u00f3gico de Cabo Verde &#8211; Disserta\u00e7\u00e3o do Mestrado [&hellip;]<\/p>\n","protected":false},"author":2,"featured_media":0,"parent":477,"menu_order":0,"comment_status":"closed","ping_status":"closed","template":"elementor_header_footer","meta":{"footnotes":""},"class_list":["post-1260","page","type-page","status-publish","hentry"],"featured_image_src":null,"_links":{"self":[{"href":"https:\/\/ipc.cv\/en\/wp-json\/wp\/v2\/pages\/1260","targetHints":{"allow":["GET"]}}],"collection":[{"href":"https:\/\/ipc.cv\/en\/wp-json\/wp\/v2\/pages"}],"about":[{"href":"https:\/\/ipc.cv\/en\/wp-json\/wp\/v2\/types\/page"}],"author":[{"embeddable":true,"href":"https:\/\/ipc.cv\/en\/wp-json\/wp\/v2\/users\/2"}],"replies":[{"embeddable":true,"href":"https:\/\/ipc.cv\/en\/wp-json\/wp\/v2\/comments?post=1260"}],"version-history":[{"count":15,"href":"https:\/\/ipc.cv\/en\/wp-json\/wp\/v2\/pages\/1260\/revisions"}],"predecessor-version":[{"id":9453,"href":"https:\/\/ipc.cv\/en\/wp-json\/wp\/v2\/pages\/1260\/revisions\/9453"}],"up":[{"embeddable":true,"href":"https:\/\/ipc.cv\/en\/wp-json\/wp\/v2\/pages\/477"}],"wp:attachment":[{"href":"https:\/\/ipc.cv\/en\/wp-json\/wp\/v2\/media?parent=1260"}],"curies":[{"name":"wp","href":"https:\/\/api.w.org\/{rel}","templated":true}]}}