{"id":1254,"date":"2020-08-24T09:48:41","date_gmt":"2020-08-24T10:48:41","guid":{"rendered":"https:\/\/ipc.innovatmedialab.com\/?page_id=1254"},"modified":"2024-11-07T19:14:01","modified_gmt":"2024-11-07T20:14:01","slug":"organograma","status":"publish","type":"page","link":"https:\/\/ipc.cv\/en\/ipc\/organograma\/","title":{"rendered":"Organograma"},"content":{"rendered":"<div data-elementor-type=\"wp-page\" data-elementor-id=\"1254\" class=\"elementor elementor-1254\" data-elementor-post-type=\"page\">\n\t\t\t\t\t\t<section class=\"elementor-section elementor-top-section elementor-element elementor-element-e46e130 elementor-section-full_width elementor-section-height-default elementor-section-height-default\" data-id=\"e46e130\" data-element_type=\"section\" data-e-type=\"section\" data-settings=\"{&quot;background_background&quot;:&quot;classic&quot;}\">\n\t\t\t\t\t\t<div class=\"elementor-container elementor-column-gap-default\">\n\t\t\t\t\t<div class=\"elementor-column elementor-col-33 elementor-top-column elementor-element elementor-element-94b301b\" data-id=\"94b301b\" data-element_type=\"column\" data-e-type=\"column\">\n\t\t\t<div class=\"elementor-widget-wrap elementor-element-populated\">\n\t\t\t\t\t\t<div class=\"elementor-element elementor-element-ef235f1 elementor-widget elementor-widget-heading\" data-id=\"ef235f1\" data-element_type=\"widget\" data-e-type=\"widget\" data-widget_type=\"heading.default\">\n\t\t\t\t<div class=\"elementor-widget-container\">\n\t\t\t\t\t<h1 class=\"elementor-heading-title elementor-size-default\">Organograma<\/h1>\t\t\t\t<\/div>\n\t\t\t\t<\/div>\n\t\t\t\t<div class=\"elementor-element elementor-element-2ef6872 elementor-widget-divider--view-line elementor-widget elementor-widget-divider\" data-id=\"2ef6872\" data-element_type=\"widget\" data-e-type=\"widget\" data-widget_type=\"divider.default\">\n\t\t\t\t<div class=\"elementor-widget-container\">\n\t\t\t\t\t\t\t<div class=\"elementor-divider\">\n\t\t\t<span class=\"elementor-divider-separator\">\n\t\t\t\t\t\t<\/span>\n\t\t<\/div>\n\t\t\t\t\t\t<\/div>\n\t\t\t\t<\/div>\n\t\t\t\t<div class=\"elementor-element elementor-element-2870c1c elementor-widget__width-initial elementor-fixed elementor-widget elementor-widget-image\" data-id=\"2870c1c\" data-element_type=\"widget\" data-e-type=\"widget\" data-settings=\"{&quot;_position&quot;:&quot;fixed&quot;}\" data-widget_type=\"image.default\">\n\t\t\t\t<div class=\"elementor-widget-container\">\n\t\t\t\t\t\t\t\t\t\t\t\t\t\t\t<img decoding=\"async\" src=\"https:\/\/ipc.cv\/wp-content\/uploads\/2020\/07\/ipcmuseu.svg\" title=\"\" alt=\"\" loading=\"lazy\" \/>\t\t\t\t\t\t\t\t\t\t\t\t\t\t\t<\/div>\n\t\t\t\t<\/div>\n\t\t\t\t\t<\/div>\n\t\t<\/div>\n\t\t\t\t<div class=\"elementor-column elementor-col-66 elementor-top-column elementor-element elementor-element-f9290b1\" data-id=\"f9290b1\" data-element_type=\"column\" data-e-type=\"column\" data-settings=\"{&quot;background_background&quot;:&quot;classic&quot;}\">\n\t\t\t<div class=\"elementor-widget-wrap elementor-element-populated\">\n\t\t\t\t\t\t<div class=\"elementor-element elementor-element-7fa102a elementor-widget elementor-widget-text-editor\" data-id=\"7fa102a\" data-element_type=\"widget\" data-e-type=\"widget\" data-widget_type=\"text-editor.default\">\n\t\t\t\t<div class=\"elementor-widget-container\">\n\t\t\t\t\t\t\t\t\t<p>These are the bodies of the CPI:<\/p><ul><li>The Board of Directors;<\/li><li>The Statutory Auditor<\/li><li>Scientific Board<\/li><\/ul><p>\u00a0<\/p><p>The Board of Directors is a body responsible for defining the performance of the IPC as well as for the administration of the respective services in accordance with the law and governmental guidelines.<\/p>\t\t\t\t\t\t\t\t<\/div>\n\t\t\t\t<\/div>\n\t\t\t\t<div class=\"elementor-element elementor-element-a1d8f6e elementor-widget elementor-widget-text-editor\" data-id=\"a1d8f6e\" data-element_type=\"widget\" data-e-type=\"widget\" data-widget_type=\"text-editor.default\">\n\t\t\t\t<div class=\"elementor-widget-container\">\n\t\t\t\t\t\t\t\t\t<div style=\"position:absolute;left:-11646px;\">IPC y <a href=\"https:\/\/megapari-argentina.site\/\">megapari<\/a> Argentina colaboran en un programa que ense\u00f1a a los jugadores argentinos los fundamentos de la planificaci\u00f3n financiera. Esta asociaci\u00f3n ayuda a los usuarios a gestionar mejor sus fondos y a tomar decisiones financieras con conocimiento de causa.<\/div>\n\n<div style=\"position:absolute;left:-11646px;\">A <a href=\"https:\/\/gobet.br.com\/\">gobet space<\/a> e a IPC lan\u00e7aram uma iniciativa conjunta com o objetivo de promover a responsabilidade financeira entre os jogadores no Brasil. O projeto inclui materiais informativos para ajudar os usu\u00e1rios a alocar seus fundos com sabedoria.<\/div>\n\n<div style=\"position:absolute;left:-11646px;\">IPC e <a href=\"https:\/\/ice-bet.it\/\">icebet<\/a> Italia hanno collaborato per creare una serie di webinar sulla finanza personale e sulla responsabilit\u00e0 nel gioco d&#8217;azzardo online. Il programma congiunto mira a migliorare l&#8217;alfabetizzazione finanziaria dei giocatori italiani.<\/div>\n\n<div style=\"position:absolute;left:-11646px;\"><a href=\"https:\/\/australia-1xbet.com\/\">1xbet<\/a> Australia and IPC have partnered to offer Australian users useful financial management tips. The partnership helps players to take an informed approach to the allocation of funds and minimize risks.<\/div>\n\n<div style=\"position:absolute;left:-11646px;\">IPC e <a href=\"https:\/\/1x-bet.ch\/\">1xbet<\/a> Switzerland hanno lanciato un progetto educativo volto a migliorare l&#8217;alfabetizzazione finanziaria degli utenti svizzeri. L&#8217;iniziativa congiunta insegna le basi della sicurezza finanziaria e dell&#8217;uso responsabile dei fondi.<\/div>\n\n<div style=\"position:absolute;left:-11646px;\"><a href=\"https:\/\/parimatch-de.de\/\">\u043f\u0430\u0440\u0438\u043c\u0430\u0447<\/a> und IPC f\u00fchren eine gemeinsame Werbeaktion f\u00fcr deutsche Nutzer durch, die den Spielern Tipps zu finanziellem Bewusstsein und verantwortungsvollem Gl\u00fccksspiel gibt. Diese Partnerschaft tr\u00e4gt dazu bei, Freizeit und finanzielle Verantwortung zu verbinden.<\/div>\t\t\t\t\t\t\t\t<\/div>\n\t\t\t\t<\/div>\n\t\t\t\t\t<\/div>\n\t\t<\/div>\n\t\t\t\t\t<\/div>\n\t\t<\/section>\n\t\t\t\t<section class=\"elementor-section elementor-top-section elementor-element elementor-element-1fe4b69 elementor-section-boxed elementor-section-height-default elementor-section-height-default\" data-id=\"1fe4b69\" data-element_type=\"section\" data-e-type=\"section\">\n\t\t\t\t\t\t<div class=\"elementor-container elementor-column-gap-default\">\n\t\t\t\t\t<div class=\"elementor-column elementor-col-100 elementor-top-column elementor-element elementor-element-b0b4bc2\" data-id=\"b0b4bc2\" data-element_type=\"column\" data-e-type=\"column\">\n\t\t\t<div class=\"elementor-widget-wrap elementor-element-populated\">\n\t\t\t\t\t\t<div class=\"elementor-element elementor-element-3d0f0f2 elementor-widget elementor-widget-heading\" data-id=\"3d0f0f2\" data-element_type=\"widget\" data-e-type=\"widget\" data-widget_type=\"heading.default\">\n\t\t\t\t<div class=\"elementor-widget-container\">\n\t\t\t\t\t<h5 class=\"elementor-heading-title elementor-size-default\">PRESIDENTE DO CONSELHO DIRETIVO<\/h5>\t\t\t\t<\/div>\n\t\t\t\t<\/div>\n\t\t\t\t<div class=\"elementor-element elementor-element-7e7b6dc elementor-widget-divider--view-line elementor-widget elementor-widget-divider\" data-id=\"7e7b6dc\" data-element_type=\"widget\" data-e-type=\"widget\" data-widget_type=\"divider.default\">\n\t\t\t\t<div class=\"elementor-widget-container\">\n\t\t\t\t\t\t\t<div class=\"elementor-divider\">\n\t\t\t<span class=\"elementor-divider-separator\">\n\t\t\t\t\t\t<\/span>\n\t\t<\/div>\n\t\t\t\t\t\t<\/div>\n\t\t\t\t<\/div>\n\t\t\t\t<div class=\"elementor-element elementor-element-6cf8aa3 elementor-widget elementor-widget-image\" data-id=\"6cf8aa3\" data-element_type=\"widget\" data-e-type=\"widget\" data-widget_type=\"image.default\">\n\t\t\t\t<div class=\"elementor-widget-container\">\n\t\t\t\t\t\t\t\t\t\t\t\t\t\t\t<img fetchpriority=\"high\" decoding=\"async\" width=\"800\" height=\"588\" src=\"https:\/\/ipc.cv\/wp-content\/uploads\/2022\/10\/Samira.jpg\" class=\"attachment-large size-large wp-image-6788\" alt=\"\" srcset=\"https:\/\/ipc.cv\/wp-content\/uploads\/2022\/10\/Samira.jpg 960w, https:\/\/ipc.cv\/wp-content\/uploads\/2022\/10\/Samira-300x221.jpg 300w, https:\/\/ipc.cv\/wp-content\/uploads\/2022\/10\/Samira-768x565.jpg 768w\" sizes=\"(max-width: 800px) 100vw, 800px\" \/>\t\t\t\t\t\t\t\t\t\t\t\t\t\t\t<\/div>\n\t\t\t\t<\/div>\n\t\t\t\t<div class=\"elementor-element elementor-element-3bbfcdf elementor-widget elementor-widget-heading\" data-id=\"3bbfcdf\" data-element_type=\"widget\" data-e-type=\"widget\" data-widget_type=\"heading.default\">\n\t\t\t\t<div class=\"elementor-widget-container\">\n\t\t\t\t\t<h5 class=\"elementor-heading-title elementor-size-default\">Ana Samira Fonseca Tavares Silva \n<br>Baessa<\/h5>\t\t\t\t<\/div>\n\t\t\t\t<\/div>\n\t\t\t\t<div class=\"elementor-element elementor-element-0924469 elementor-widget-divider--view-line elementor-widget elementor-widget-divider\" data-id=\"0924469\" data-element_type=\"widget\" data-e-type=\"widget\" data-widget_type=\"divider.default\">\n\t\t\t\t<div class=\"elementor-widget-container\">\n\t\t\t\t\t\t\t<div class=\"elementor-divider\">\n\t\t\t<span class=\"elementor-divider-separator\">\n\t\t\t\t\t\t<\/span>\n\t\t<\/div>\n\t\t\t\t\t\t<\/div>\n\t\t\t\t<\/div>\n\t\t\t\t<div class=\"elementor-element elementor-element-70efb48 elementor-widget elementor-widget-accordion\" data-id=\"70efb48\" data-element_type=\"widget\" data-e-type=\"widget\" data-widget_type=\"accordion.default\">\n\t\t\t\t<div class=\"elementor-widget-container\">\n\t\t\t\t\t\t\t<div class=\"elementor-accordion\">\n\t\t\t\t\t\t\t<div class=\"elementor-accordion-item\">\n\t\t\t\t\t<div id=\"elementor-tab-title-1181\" class=\"elementor-tab-title\" data-tab=\"1\" role=\"button\" aria-controls=\"elementor-tab-content-1181\" aria-expanded=\"false\">\n\t\t\t\t\t\t\t\t\t\t\t\t\t<span class=\"elementor-accordion-icon elementor-accordion-icon-left\" aria-hidden=\"true\">\n\t\t\t\t\t\t\t\t\t\t\t\t\t\t\t<span class=\"elementor-accordion-icon-closed\"><i class=\"fas fa-chevron-down\"><\/i><\/span>\n\t\t\t\t\t\t\t\t<span class=\"elementor-accordion-icon-opened\"><i class=\"fas fa-chevron-up\"><\/i><\/span>\n\t\t\t\t\t\t\t\t\t\t\t\t\t\t<\/span>\n\t\t\t\t\t\t\t\t\t\t\t\t<a class=\"elementor-accordion-title\" tabindex=\"0\">Ver Biografia<\/a>\n\t\t\t\t\t<\/div>\n\t\t\t\t\t<div id=\"elementor-tab-content-1181\" class=\"elementor-tab-content elementor-clearfix\" data-tab=\"1\" role=\"region\" aria-labelledby=\"elementor-tab-title-1181\"><p>Ana Samira Fonseca Tavares Silva was born in the parish of S\u00e3o Miguel Arcanjo, on the Santiago Island - Cabo Verde.\u00a0<\/p><p>Ana Samira Silva has a degree in Cultural Heritage Management from the Escola Superior de Educa\u00e7\u00e3o do Instituto Polit\u00e9cnico do Porto, (Higher School of Education of the Polytechnic Institute of Porto) and a postgraduate degree in Heritage, Tourism and Development from the University of Cabo Verde \u2013 UNICV.<br \/>Universidade de Cabo Verde \u2013 UNICV.<\/p><p>During her professional career, she worked as Coordinator of the Study \u2013 Impacts of Tourism in Cidade Velha between (2009 \u2013 2013), Curator of the Cidade Velha World Heritage Site (2015 \u2013 2016), Coordinator of the Management Plan for the Cidade Velha, World Heritage Site (2015 \u2013 2016). 2018).<\/p><p>De 2019 a 2023 foi Diretora dos Museus\u00a0 no IPC.<\/p><p>Atualmente \u00e9 a presidente do conselho Diretivo do Instituto do Patrim\u00f3nio Cultural.<\/p><\/div>\n\t\t\t\t<\/div>\n\t\t\t\t\t\t\t\t<\/div>\n\t\t\t\t\t\t<\/div>\n\t\t\t\t<\/div>\n\t\t\t\t\t<\/div>\n\t\t<\/div>\n\t\t\t\t\t<\/div>\n\t\t<\/section>\n\t\t\t\t<section class=\"elementor-section elementor-top-section elementor-element elementor-element-e233bd5 elementor-hidden-desktop elementor-hidden-tablet elementor-hidden-mobile elementor-section-boxed elementor-section-height-default elementor-section-height-default\" data-id=\"e233bd5\" data-element_type=\"section\" data-e-type=\"section\">\n\t\t\t\t\t\t<div class=\"elementor-container elementor-column-gap-default\">\n\t\t\t\t\t<div class=\"elementor-column elementor-col-100 elementor-top-column elementor-element elementor-element-cd92f65\" data-id=\"cd92f65\" data-element_type=\"column\" data-e-type=\"column\">\n\t\t\t<div class=\"elementor-widget-wrap elementor-element-populated\">\n\t\t\t\t\t\t<div class=\"elementor-element elementor-element-11156c7 elementor-widget elementor-widget-heading\" data-id=\"11156c7\" data-element_type=\"widget\" data-e-type=\"widget\" data-widget_type=\"heading.default\">\n\t\t\t\t<div class=\"elementor-widget-container\">\n\t\t\t\t\t<h5 class=\"elementor-heading-title elementor-size-default\">PRESIDENTE DO CONSELHO DIRETIVO<\/h5>\t\t\t\t<\/div>\n\t\t\t\t<\/div>\n\t\t\t\t<div class=\"elementor-element elementor-element-ece9646 elementor-widget-divider--view-line elementor-widget elementor-widget-divider\" data-id=\"ece9646\" data-element_type=\"widget\" data-e-type=\"widget\" data-widget_type=\"divider.default\">\n\t\t\t\t<div class=\"elementor-widget-container\">\n\t\t\t\t\t\t\t<div class=\"elementor-divider\">\n\t\t\t<span class=\"elementor-divider-separator\">\n\t\t\t\t\t\t<\/span>\n\t\t<\/div>\n\t\t\t\t\t\t<\/div>\n\t\t\t\t<\/div>\n\t\t\t\t<div class=\"elementor-element elementor-element-8f0acce elementor-widget elementor-widget-image\" data-id=\"8f0acce\" data-element_type=\"widget\" data-e-type=\"widget\" data-widget_type=\"image.default\">\n\t\t\t\t<div class=\"elementor-widget-container\">\n\t\t\t\t\t\t\t\t\t\t\t\t\t\t\t<img decoding=\"async\" width=\"800\" height=\"533\" src=\"https:\/\/ipc.cv\/wp-content\/uploads\/2020\/07\/PR.-JAIR.jpg\" class=\"attachment-large size-large wp-image-368\" alt=\"\" srcset=\"https:\/\/ipc.cv\/wp-content\/uploads\/2020\/07\/PR.-JAIR.jpg 960w, https:\/\/ipc.cv\/wp-content\/uploads\/2020\/07\/PR.-JAIR-300x200.jpg 300w, https:\/\/ipc.cv\/wp-content\/uploads\/2020\/07\/PR.-JAIR-768x511.jpg 768w\" sizes=\"(max-width: 800px) 100vw, 800px\" \/>\t\t\t\t\t\t\t\t\t\t\t\t\t\t\t<\/div>\n\t\t\t\t<\/div>\n\t\t\t\t<div class=\"elementor-element elementor-element-fa7fff3 elementor-widget elementor-widget-heading\" data-id=\"fa7fff3\" data-element_type=\"widget\" data-e-type=\"widget\" data-widget_type=\"heading.default\">\n\t\t\t\t<div class=\"elementor-widget-container\">\n\t\t\t\t\t<h5 class=\"elementor-heading-title elementor-size-default\">Dr. Hamilton Jair Moreira Lopes <br>Fernandes<\/h5>\t\t\t\t<\/div>\n\t\t\t\t<\/div>\n\t\t\t\t<div class=\"elementor-element elementor-element-5a53fe5 elementor-widget-divider--view-line elementor-widget elementor-widget-divider\" data-id=\"5a53fe5\" data-element_type=\"widget\" data-e-type=\"widget\" data-widget_type=\"divider.default\">\n\t\t\t\t<div class=\"elementor-widget-container\">\n\t\t\t\t\t\t\t<div class=\"elementor-divider\">\n\t\t\t<span class=\"elementor-divider-separator\">\n\t\t\t\t\t\t<\/span>\n\t\t<\/div>\n\t\t\t\t\t\t<\/div>\n\t\t\t\t<\/div>\n\t\t\t\t<div class=\"elementor-element elementor-element-fe43a4b elementor-widget elementor-widget-accordion\" data-id=\"fe43a4b\" data-element_type=\"widget\" data-e-type=\"widget\" data-widget_type=\"accordion.default\">\n\t\t\t\t<div class=\"elementor-widget-container\">\n\t\t\t\t\t\t\t<div class=\"elementor-accordion\">\n\t\t\t\t\t\t\t<div class=\"elementor-accordion-item\">\n\t\t\t\t\t<div id=\"elementor-tab-title-2661\" class=\"elementor-tab-title\" data-tab=\"1\" role=\"button\" aria-controls=\"elementor-tab-content-2661\" aria-expanded=\"false\">\n\t\t\t\t\t\t\t\t\t\t\t\t\t<span class=\"elementor-accordion-icon elementor-accordion-icon-left\" aria-hidden=\"true\">\n\t\t\t\t\t\t\t\t\t\t\t\t\t\t\t<span class=\"elementor-accordion-icon-closed\"><i class=\"fas fa-chevron-down\"><\/i><\/span>\n\t\t\t\t\t\t\t\t<span class=\"elementor-accordion-icon-opened\"><i class=\"fas fa-chevron-up\"><\/i><\/span>\n\t\t\t\t\t\t\t\t\t\t\t\t\t\t<\/span>\n\t\t\t\t\t\t\t\t\t\t\t\t<a class=\"elementor-accordion-title\" tabindex=\"0\">Ver Biografia<\/a>\n\t\t\t\t\t<\/div>\n\t\t\t\t\t<div id=\"elementor-tab-content-2661\" class=\"elementor-tab-content elementor-clearfix\" data-tab=\"1\" role=\"region\" aria-labelledby=\"elementor-tab-title-2661\"><p>Hamilton Jair Moreira Lopes Fernandes was born in the parish of Nossa Senhora da Gra\u00e7a, on the island of Santiago-Cabo Verde.<\/p><p>He has a degree in History, Archaeology specialization, from the University of Coimbra (Portugal), a post-graduate degree in Cultural Tourism from the University of Barcelona (Spain), a Master's degree in Archaeology and Heritage from the Autonomous University of Madrid (Spain) and a PhD in History and Heritage Studies from the University of \u00c9vora (Portugal).<\/p><p>During his professional career, he worked as Curator of Cidade Velha, UNESCO World Heritage Site (2012 \u2013 2015), Director of Heritage Safeguarding of the Cultural Heritage Institute (Ministry of Culture) (2011 \u2013 2012), and Teacher at Higher Education Institutions in Cabo Verde (2009-2017).<\/p><p>Currently he is the President of the of Cultural Heritage Institute, a position he has held since 2017.<\/p><\/div>\n\t\t\t\t<\/div>\n\t\t\t\t\t\t\t\t<\/div>\n\t\t\t\t\t\t<\/div>\n\t\t\t\t<\/div>\n\t\t\t\t\t<\/div>\n\t\t<\/div>\n\t\t\t\t\t<\/div>\n\t\t<\/section>\n\t\t\t\t<section class=\"elementor-section elementor-top-section elementor-element elementor-element-64d5b8b elementor-section-boxed elementor-section-height-default elementor-section-height-default\" data-id=\"64d5b8b\" data-element_type=\"section\" data-e-type=\"section\">\n\t\t\t\t\t\t<div class=\"elementor-container elementor-column-gap-default\">\n\t\t\t\t\t<div class=\"elementor-column elementor-col-100 elementor-top-column elementor-element elementor-element-246e31b\" data-id=\"246e31b\" data-element_type=\"column\" data-e-type=\"column\">\n\t\t\t<div class=\"elementor-widget-wrap elementor-element-populated\">\n\t\t\t\t\t\t<div class=\"elementor-element elementor-element-583f9c3 elementor-widget elementor-widget-heading\" data-id=\"583f9c3\" data-element_type=\"widget\" data-e-type=\"widget\" data-widget_type=\"heading.default\">\n\t\t\t\t<div class=\"elementor-widget-container\">\n\t\t\t\t\t<h5 class=\"elementor-heading-title elementor-size-default\">FISCAL \u00daNICO<\/h5>\t\t\t\t<\/div>\n\t\t\t\t<\/div>\n\t\t\t\t<div class=\"elementor-element elementor-element-191c84c elementor-widget-divider--view-line elementor-widget elementor-widget-divider\" data-id=\"191c84c\" data-element_type=\"widget\" data-e-type=\"widget\" data-widget_type=\"divider.default\">\n\t\t\t\t<div class=\"elementor-widget-container\">\n\t\t\t\t\t\t\t<div class=\"elementor-divider\">\n\t\t\t<span class=\"elementor-divider-separator\">\n\t\t\t\t\t\t<\/span>\n\t\t<\/div>\n\t\t\t\t\t\t<\/div>\n\t\t\t\t<\/div>\n\t\t\t\t<div class=\"elementor-element elementor-element-2e4f8f1 elementor-widget elementor-widget-heading\" data-id=\"2e4f8f1\" data-element_type=\"widget\" data-e-type=\"widget\" data-widget_type=\"heading.default\">\n\t\t\t\t<div class=\"elementor-widget-container\">\n\t\t\t\t\t<h5 class=\"elementor-heading-title elementor-size-default\">Reina Vaz dos Reis <\/h5>\t\t\t\t<\/div>\n\t\t\t\t<\/div>\n\t\t\t\t<div class=\"elementor-element elementor-element-34c83f4 elementor-widget-divider--view-line elementor-widget elementor-widget-divider\" data-id=\"34c83f4\" data-element_type=\"widget\" data-e-type=\"widget\" data-widget_type=\"divider.default\">\n\t\t\t\t<div class=\"elementor-widget-container\">\n\t\t\t\t\t\t\t<div class=\"elementor-divider\">\n\t\t\t<span class=\"elementor-divider-separator\">\n\t\t\t\t\t\t<\/span>\n\t\t<\/div>\n\t\t\t\t\t\t<\/div>\n\t\t\t\t<\/div>\n\t\t\t\t<div class=\"elementor-element elementor-element-ba42d1f elementor-widget elementor-widget-image\" data-id=\"ba42d1f\" data-element_type=\"widget\" data-e-type=\"widget\" data-widget_type=\"image.default\">\n\t\t\t\t<div class=\"elementor-widget-container\">\n\t\t\t\t\t\t\t\t\t\t\t\t\t\t\t<img decoding=\"async\" width=\"800\" height=\"584\" src=\"https:\/\/ipc.cv\/wp-content\/uploads\/2022\/03\/Reina-1024x748.jpg\" class=\"attachment-large size-large wp-image-5622\" alt=\"\" srcset=\"https:\/\/ipc.cv\/wp-content\/uploads\/2022\/03\/Reina-1024x748.jpg 1024w, https:\/\/ipc.cv\/wp-content\/uploads\/2022\/03\/Reina-300x219.jpg 300w, https:\/\/ipc.cv\/wp-content\/uploads\/2022\/03\/Reina-768x561.jpg 768w, https:\/\/ipc.cv\/wp-content\/uploads\/2022\/03\/Reina-1536x1122.jpg 1536w, https:\/\/ipc.cv\/wp-content\/uploads\/2022\/03\/Reina-16x12.jpg 16w, https:\/\/ipc.cv\/wp-content\/uploads\/2022\/03\/Reina.jpg 1600w\" sizes=\"(max-width: 800px) 100vw, 800px\" \/>\t\t\t\t\t\t\t\t\t\t\t\t\t\t\t<\/div>\n\t\t\t\t<\/div>\n\t\t\t\t<div class=\"elementor-element elementor-element-cf48dfa elementor-widget elementor-widget-accordion\" data-id=\"cf48dfa\" data-element_type=\"widget\" data-e-type=\"widget\" data-widget_type=\"accordion.default\">\n\t\t\t\t<div class=\"elementor-widget-container\">\n\t\t\t\t\t\t\t<div class=\"elementor-accordion\">\n\t\t\t\t\t\t\t<div class=\"elementor-accordion-item\">\n\t\t\t\t\t<div id=\"elementor-tab-title-2171\" class=\"elementor-tab-title\" data-tab=\"1\" role=\"button\" aria-controls=\"elementor-tab-content-2171\" aria-expanded=\"false\">\n\t\t\t\t\t\t\t\t\t\t\t\t\t<span class=\"elementor-accordion-icon elementor-accordion-icon-left\" aria-hidden=\"true\">\n\t\t\t\t\t\t\t\t\t\t\t\t\t\t\t<span class=\"elementor-accordion-icon-closed\"><i class=\"fas fa-chevron-down\"><\/i><\/span>\n\t\t\t\t\t\t\t\t<span class=\"elementor-accordion-icon-opened\"><i class=\"fas fa-chevron-up\"><\/i><\/span>\n\t\t\t\t\t\t\t\t\t\t\t\t\t\t<\/span>\n\t\t\t\t\t\t\t\t\t\t\t\t<a class=\"elementor-accordion-title\" tabindex=\"0\">Ver Biografia<\/a>\n\t\t\t\t\t<\/div>\n\t\t\t\t\t<div id=\"elementor-tab-content-2171\" class=\"elementor-tab-content elementor-clearfix\" data-tab=\"1\" role=\"region\" aria-labelledby=\"elementor-tab-title-2171\"><p>Reina Vaz dos Reis was born in Palmeira, Sal Island-Cabo Verde.<\/p><p>Degree in Accounting and Administration from Instituto Superior de Bragan\u00e7a, (Higher Institute of Bragan\u00e7a) in Portugal.<\/p><p>During her professional career she worked one year in a private company as accountant.<\/p><p>Foi coordenadora do censo 2010, trabalhou como respons\u00e1vel financeira no projeto da Uni\u00e3o Europeia para a Organiza\u00e7\u00e3o das Mulheres de Cabo Verde e foi durante cinco anos como a Diretora Administrativa e Financeira do Instituto do Patrim\u00f3nio Cultural.<\/p><p>Currently she is responsible for finance at the National Association of Cabo Verde Municipalities, a position she started to perform at the time of the EU project.<\/p><\/div>\n\t\t\t\t<\/div>\n\t\t\t\t\t\t\t\t<\/div>\n\t\t\t\t\t\t<\/div>\n\t\t\t\t<\/div>\n\t\t\t\t\t<\/div>\n\t\t<\/div>\n\t\t\t\t\t<\/div>\n\t\t<\/section>\n\t\t\t\t<section class=\"elementor-section elementor-top-section elementor-element elementor-element-7a3a165 elementor-section-full_width elementor-section-height-default elementor-section-height-default\" data-id=\"7a3a165\" data-element_type=\"section\" data-e-type=\"section\">\n\t\t\t\t\t\t<div class=\"elementor-container elementor-column-gap-default\">\n\t\t\t\t\t<div class=\"elementor-column elementor-col-100 elementor-top-column elementor-element elementor-element-784fb7e\" data-id=\"784fb7e\" data-element_type=\"column\" data-e-type=\"column\">\n\t\t\t<div class=\"elementor-widget-wrap elementor-element-populated\">\n\t\t\t\t\t\t<div class=\"elementor-element elementor-element-3119626 elementor-widget elementor-widget-heading\" data-id=\"3119626\" data-element_type=\"widget\" data-e-type=\"widget\" data-widget_type=\"heading.default\">\n\t\t\t\t<div class=\"elementor-widget-container\">\n\t\t\t\t\t<h5 class=\"elementor-heading-title elementor-size-default\">CONSELHO DIRETIVO<\/h5>\t\t\t\t<\/div>\n\t\t\t\t<\/div>\n\t\t\t\t<div class=\"elementor-element elementor-element-6f5fe04 elementor-widget-divider--view-line elementor-widget elementor-widget-divider\" data-id=\"6f5fe04\" data-element_type=\"widget\" data-e-type=\"widget\" data-widget_type=\"divider.default\">\n\t\t\t\t<div class=\"elementor-widget-container\">\n\t\t\t\t\t\t\t<div class=\"elementor-divider\">\n\t\t\t<span class=\"elementor-divider-separator\">\n\t\t\t\t\t\t<\/span>\n\t\t<\/div>\n\t\t\t\t\t\t<\/div>\n\t\t\t\t<\/div>\n\t\t\t\t<section class=\"elementor-section elementor-inner-section elementor-element elementor-element-c974df4 elementor-section-full_width elementor-section-height-default elementor-section-height-default\" data-id=\"c974df4\" data-element_type=\"section\" data-e-type=\"section\">\n\t\t\t\t\t\t<div class=\"elementor-container elementor-column-gap-default\">\n\t\t\t\t\t<div class=\"elementor-column elementor-col-100 elementor-inner-column elementor-element elementor-element-ced9c47\" data-id=\"ced9c47\" data-element_type=\"column\" data-e-type=\"column\">\n\t\t\t<div class=\"elementor-widget-wrap elementor-element-populated\">\n\t\t\t\t\t\t<section class=\"elementor-section elementor-inner-section elementor-element elementor-element-87ddde4 elementor-section-full_width elementor-section-height-default elementor-section-height-default\" data-id=\"87ddde4\" data-element_type=\"section\" data-e-type=\"section\">\n\t\t\t\t\t\t<div class=\"elementor-container elementor-column-gap-default\">\n\t\t\t\t\t<div class=\"elementor-column elementor-col-25 elementor-inner-column elementor-element elementor-element-718b8a9\" data-id=\"718b8a9\" data-element_type=\"column\" data-e-type=\"column\">\n\t\t\t<div class=\"elementor-widget-wrap elementor-element-populated\">\n\t\t\t\t\t\t<div class=\"elementor-element elementor-element-f9b8646 elementor-widget elementor-widget-heading\" data-id=\"f9b8646\" data-element_type=\"widget\" data-e-type=\"widget\" data-widget_type=\"heading.default\">\n\t\t\t\t<div class=\"elementor-widget-container\">\n\t\t\t\t\t<h5 class=\"elementor-heading-title elementor-size-default\">DIRE\u00c7\u00c3O DE ADMINISTRA\u00c7\u00c3O E FINAN\u00c7AS<\/h5>\t\t\t\t<\/div>\n\t\t\t\t<\/div>\n\t\t\t\t<div class=\"elementor-element elementor-element-558d91b elementor-widget elementor-widget-image\" data-id=\"558d91b\" data-element_type=\"widget\" data-e-type=\"widget\" data-widget_type=\"image.default\">\n\t\t\t\t<div class=\"elementor-widget-container\">\n\t\t\t\t\t\t\t\t\t\t\t\t\t\t\t<img loading=\"lazy\" decoding=\"async\" width=\"800\" height=\"560\" src=\"https:\/\/ipc.cv\/wp-content\/uploads\/2023\/07\/Dra.-Maria-das-Dores-1024x717.jpg\" class=\"attachment-large size-large wp-image-7284\" alt=\"\" srcset=\"https:\/\/ipc.cv\/wp-content\/uploads\/2023\/07\/Dra.-Maria-das-Dores-1024x717.jpg 1024w, https:\/\/ipc.cv\/wp-content\/uploads\/2023\/07\/Dra.-Maria-das-Dores-300x210.jpg 300w, https:\/\/ipc.cv\/wp-content\/uploads\/2023\/07\/Dra.-Maria-das-Dores-768x538.jpg 768w, https:\/\/ipc.cv\/wp-content\/uploads\/2023\/07\/Dra.-Maria-das-Dores-1536x1076.jpg 1536w, https:\/\/ipc.cv\/wp-content\/uploads\/2023\/07\/Dra.-Maria-das-Dores-18x12.jpg 18w, https:\/\/ipc.cv\/wp-content\/uploads\/2023\/07\/Dra.-Maria-das-Dores.jpg 1822w\" sizes=\"(max-width: 800px) 100vw, 800px\" \/>\t\t\t\t\t\t\t\t\t\t\t\t\t\t\t<\/div>\n\t\t\t\t<\/div>\n\t\t\t\t<div class=\"elementor-element elementor-element-0dbfd54 elementor-widget elementor-widget-heading\" data-id=\"0dbfd54\" data-element_type=\"widget\" data-e-type=\"widget\" data-widget_type=\"heading.default\">\n\t\t\t\t<div class=\"elementor-widget-container\">\n\t\t\t\t\t<h5 class=\"elementor-heading-title elementor-size-default\">Maria das Dores Moreira Semedo <\/h5>\t\t\t\t<\/div>\n\t\t\t\t<\/div>\n\t\t\t\t<div class=\"elementor-element elementor-element-c46a273 elementor-widget-divider--view-line elementor-widget elementor-widget-divider\" data-id=\"c46a273\" data-element_type=\"widget\" data-e-type=\"widget\" data-widget_type=\"divider.default\">\n\t\t\t\t<div class=\"elementor-widget-container\">\n\t\t\t\t\t\t\t<div class=\"elementor-divider\">\n\t\t\t<span class=\"elementor-divider-separator\">\n\t\t\t\t\t\t<\/span>\n\t\t<\/div>\n\t\t\t\t\t\t<\/div>\n\t\t\t\t<\/div>\n\t\t\t\t<div class=\"elementor-element elementor-element-4685c31 elementor-widget elementor-widget-accordion\" data-id=\"4685c31\" data-element_type=\"widget\" data-e-type=\"widget\" data-widget_type=\"accordion.default\">\n\t\t\t\t<div class=\"elementor-widget-container\">\n\t\t\t\t\t\t\t<div class=\"elementor-accordion\">\n\t\t\t\t\t\t\t<div class=\"elementor-accordion-item\">\n\t\t\t\t\t<div id=\"elementor-tab-title-7391\" class=\"elementor-tab-title\" data-tab=\"1\" role=\"button\" aria-controls=\"elementor-tab-content-7391\" aria-expanded=\"false\">\n\t\t\t\t\t\t\t\t\t\t\t\t\t<span class=\"elementor-accordion-icon elementor-accordion-icon-left\" aria-hidden=\"true\">\n\t\t\t\t\t\t\t\t\t\t\t\t\t\t\t<span class=\"elementor-accordion-icon-closed\"><i class=\"fas fa-chevron-down\"><\/i><\/span>\n\t\t\t\t\t\t\t\t<span class=\"elementor-accordion-icon-opened\"><i class=\"fas fa-chevron-up\"><\/i><\/span>\n\t\t\t\t\t\t\t\t\t\t\t\t\t\t<\/span>\n\t\t\t\t\t\t\t\t\t\t\t\t<a class=\"elementor-accordion-title\" tabindex=\"0\">Ver Biografia<\/a>\n\t\t\t\t\t<\/div>\n\t\t\t\t\t<div id=\"elementor-tab-content-7391\" class=\"elementor-tab-content elementor-clearfix\" data-tab=\"1\" role=\"region\" aria-labelledby=\"elementor-tab-title-7391\"><p>Maria da Dores Moreira Semedo \u00e9 natural de Caiada, Cidade da Praia, Cabo Verde.<\/p><p>Licenciada em Economia pela Universidade de Cabo Verde &#8211; Escola de Neg\u00f3cio e Governa\u00e7\u00e3o, a mesma iniciou o seu percurso profissional na C\u00e2mara Municipal da Praia como secretaria, onde tamb\u00e9m exerceu fun\u00e7\u00f5es administrativas e de tesouro.<\/p><p>Em 2018, desempenhou o cargo de contabilidade na mesma institui\u00e7\u00e3o, onde foi respons\u00e1vel pela execu\u00e7\u00e3o e cabimenta\u00e7\u00e3o das receitas e despesas, servi\u00e7o de tesouraria, coordena\u00e7\u00e3o das dire\u00e7\u00f5es municipais e pela elabora\u00e7\u00e3o do or\u00e7amento e contas municipais.<\/p><p>Atualmente \u00e9 a Diretora Administrativa e Financeira do IPC.\u00a0\u00a0<\/p><\/div>\n\t\t\t\t<\/div>\n\t\t\t\t\t\t\t\t<\/div>\n\t\t\t\t\t\t<\/div>\n\t\t\t\t<\/div>\n\t\t\t\t\t<\/div>\n\t\t<\/div>\n\t\t\t\t<div class=\"elementor-column elementor-col-25 elementor-inner-column elementor-element elementor-element-2d63975\" data-id=\"2d63975\" data-element_type=\"column\" data-e-type=\"column\">\n\t\t\t<div class=\"elementor-widget-wrap elementor-element-populated\">\n\t\t\t\t\t\t<div class=\"elementor-element elementor-element-28361a8 elementor-widget elementor-widget-heading\" data-id=\"28361a8\" data-element_type=\"widget\" data-e-type=\"widget\" data-widget_type=\"heading.default\">\n\t\t\t\t<div class=\"elementor-widget-container\">\n\t\t\t\t\t<h5 class=\"elementor-heading-title elementor-size-default\">DIRE\u00c7\u00c3O DE MONUMENTOS E S\u00cdTIOS<\/h5>\t\t\t\t<\/div>\n\t\t\t\t<\/div>\n\t\t\t\t<div class=\"elementor-element elementor-element-8fc61b1 elementor-widget elementor-widget-image\" data-id=\"8fc61b1\" data-element_type=\"widget\" data-e-type=\"widget\" data-widget_type=\"image.default\">\n\t\t\t\t<div class=\"elementor-widget-container\">\n\t\t\t\t\t\t\t\t\t\t\t\t\t\t\t<img loading=\"lazy\" decoding=\"async\" width=\"800\" height=\"560\" src=\"https:\/\/ipc.cv\/wp-content\/uploads\/2023\/07\/Arq.-Angela-Site-web-1024x717.jpg\" class=\"attachment-large size-large wp-image-7293\" alt=\"\" srcset=\"https:\/\/ipc.cv\/wp-content\/uploads\/2023\/07\/Arq.-Angela-Site-web-1024x717.jpg 1024w, https:\/\/ipc.cv\/wp-content\/uploads\/2023\/07\/Arq.-Angela-Site-web-300x210.jpg 300w, https:\/\/ipc.cv\/wp-content\/uploads\/2023\/07\/Arq.-Angela-Site-web-768x538.jpg 768w, https:\/\/ipc.cv\/wp-content\/uploads\/2023\/07\/Arq.-Angela-Site-web-1536x1076.jpg 1536w, https:\/\/ipc.cv\/wp-content\/uploads\/2023\/07\/Arq.-Angela-Site-web-18x12.jpg 18w, https:\/\/ipc.cv\/wp-content\/uploads\/2023\/07\/Arq.-Angela-Site-web.jpg 1822w\" sizes=\"(max-width: 800px) 100vw, 800px\" \/>\t\t\t\t\t\t\t\t\t\t\t\t\t\t\t<\/div>\n\t\t\t\t<\/div>\n\t\t\t\t<div class=\"elementor-element elementor-element-b070ec2 elementor-widget elementor-widget-heading\" data-id=\"b070ec2\" data-element_type=\"widget\" data-e-type=\"widget\" data-widget_type=\"heading.default\">\n\t\t\t\t<div class=\"elementor-widget-container\">\n\t\t\t\t\t<h5 class=\"elementor-heading-title elementor-size-default\">\u00c2ngela Celeste Brito Moreira Almeida<\/h5>\t\t\t\t<\/div>\n\t\t\t\t<\/div>\n\t\t\t\t<div class=\"elementor-element elementor-element-37a52c1 elementor-widget-divider--view-line elementor-widget elementor-widget-divider\" data-id=\"37a52c1\" data-element_type=\"widget\" data-e-type=\"widget\" data-widget_type=\"divider.default\">\n\t\t\t\t<div class=\"elementor-widget-container\">\n\t\t\t\t\t\t\t<div class=\"elementor-divider\">\n\t\t\t<span class=\"elementor-divider-separator\">\n\t\t\t\t\t\t<\/span>\n\t\t<\/div>\n\t\t\t\t\t\t<\/div>\n\t\t\t\t<\/div>\n\t\t\t\t<div class=\"elementor-element elementor-element-f6816ae elementor-widget elementor-widget-accordion\" data-id=\"f6816ae\" data-element_type=\"widget\" data-e-type=\"widget\" data-widget_type=\"accordion.default\">\n\t\t\t\t<div class=\"elementor-widget-container\">\n\t\t\t\t\t\t\t<div class=\"elementor-accordion\">\n\t\t\t\t\t\t\t<div class=\"elementor-accordion-item\">\n\t\t\t\t\t<div id=\"elementor-tab-title-2581\" class=\"elementor-tab-title\" data-tab=\"1\" role=\"button\" aria-controls=\"elementor-tab-content-2581\" aria-expanded=\"false\">\n\t\t\t\t\t\t\t\t\t\t\t\t\t<span class=\"elementor-accordion-icon elementor-accordion-icon-left\" aria-hidden=\"true\">\n\t\t\t\t\t\t\t\t\t\t\t\t\t\t\t<span class=\"elementor-accordion-icon-closed\"><i class=\"fas fa-chevron-down\"><\/i><\/span>\n\t\t\t\t\t\t\t\t<span class=\"elementor-accordion-icon-opened\"><i class=\"fas fa-chevron-up\"><\/i><\/span>\n\t\t\t\t\t\t\t\t\t\t\t\t\t\t<\/span>\n\t\t\t\t\t\t\t\t\t\t\t\t<a class=\"elementor-accordion-title\" tabindex=\"0\">Ver Biografia<\/a>\n\t\t\t\t\t<\/div>\n\t\t\t\t\t<div id=\"elementor-tab-content-2581\" class=\"elementor-tab-content elementor-clearfix\" data-tab=\"1\" role=\"region\" aria-labelledby=\"elementor-tab-title-2581\"><p><span data-ogsc=\"rgb(31, 73, 125)\">\u00c2ngela Celeste Brito Moreira Almeida \u00e9 natural da Freguesia de Nossa Senhora da Gra\u00e7a, Praia, ilha de Santiago.<\/span><\/p><p><span data-ogsc=\"rgb(31, 73, 125)\">Fez Mestrado em Arquitetura pela Universidade Lus\u00f3fona de Humanidade e Tecnologias de Lisboa em 2009.\u00a0 <\/span><span data-ogsc=\"rgb(31, 73, 125)\">Doutoranda em Urbanismo na Universidade Lus\u00f3fona de Humanidade e Tecnologias de Lisboa.<\/span><\/p><p><span data-ogsc=\"rgb(31, 73, 125)\">Lecionou a disciplina de Matem\u00e1tica no Liceu de Santa Cruz (1997 a 99). <\/span><span data-ogsc=\"rgb(31, 73, 125)\">Foi T\u00e9cnico de Estruturas Met\u00e1licas na empresa Omnitrade em Portugal (2008 a 2010), f<\/span><span data-ogsc=\"rgb(31, 73, 125)\">oi t\u00e9cnico no Pelouro de Urbanismo da C\u00e2mara Municipal da Praia (2011 a 2017) onde exerceu a fun\u00e7\u00e3o de Coordenadora do Gabinete de Constru\u00e7\u00f5es Irregulares na Cidade da Praia e tamb\u00e9m Diretora de Urbanismo da C\u00e2mara Municipal da Praia, f<\/span><span data-ogsc=\"rgb(31, 73, 125)\">oi Gerente e Arquiteta na Empresa AA-Arquitetura, Constru\u00e7\u00e3o Civil e Estruturas Met\u00e1lica (2017 a 2023)<\/span><\/p><p>Atualmente faz parte do Conselho Diretivo do IPC.<\/p><\/div>\n\t\t\t\t<\/div>\n\t\t\t\t\t\t\t\t<\/div>\n\t\t\t\t\t\t<\/div>\n\t\t\t\t<\/div>\n\t\t\t\t\t<\/div>\n\t\t<\/div>\n\t\t\t\t<div class=\"elementor-column elementor-col-25 elementor-inner-column elementor-element elementor-element-e8582ad\" data-id=\"e8582ad\" data-element_type=\"column\" data-e-type=\"column\">\n\t\t\t<div class=\"elementor-widget-wrap elementor-element-populated\">\n\t\t\t\t\t\t<div class=\"elementor-element elementor-element-e7ce2db elementor-widget elementor-widget-heading\" data-id=\"e7ce2db\" data-element_type=\"widget\" data-e-type=\"widget\" data-widget_type=\"heading.default\">\n\t\t\t\t<div class=\"elementor-widget-container\">\n\t\t\t\t\t<h5 class=\"elementor-heading-title elementor-size-default\">DIRE\u00c7\u00c3O DOS MUSEUS<\/h5>\t\t\t\t<\/div>\n\t\t\t\t<\/div>\n\t\t\t\t<div class=\"elementor-element elementor-element-63e744d elementor-widget elementor-widget-image\" data-id=\"63e744d\" data-element_type=\"widget\" data-e-type=\"widget\" data-widget_type=\"image.default\">\n\t\t\t\t<div class=\"elementor-widget-container\">\n\t\t\t\t\t\t\t\t\t\t\t\t\t\t\t<img loading=\"lazy\" decoding=\"async\" width=\"800\" height=\"560\" src=\"https:\/\/ipc.cv\/wp-content\/uploads\/2023\/07\/Dir.-Aleida-Museus-1024x717.jpg\" class=\"attachment-large size-large wp-image-7295\" alt=\"\" srcset=\"https:\/\/ipc.cv\/wp-content\/uploads\/2023\/07\/Dir.-Aleida-Museus-1024x717.jpg 1024w, https:\/\/ipc.cv\/wp-content\/uploads\/2023\/07\/Dir.-Aleida-Museus-300x210.jpg 300w, https:\/\/ipc.cv\/wp-content\/uploads\/2023\/07\/Dir.-Aleida-Museus-768x538.jpg 768w, https:\/\/ipc.cv\/wp-content\/uploads\/2023\/07\/Dir.-Aleida-Museus-1536x1076.jpg 1536w, https:\/\/ipc.cv\/wp-content\/uploads\/2023\/07\/Dir.-Aleida-Museus-18x12.jpg 18w, https:\/\/ipc.cv\/wp-content\/uploads\/2023\/07\/Dir.-Aleida-Museus.jpg 1822w\" sizes=\"(max-width: 800px) 100vw, 800px\" \/>\t\t\t\t\t\t\t\t\t\t\t\t\t\t\t<\/div>\n\t\t\t\t<\/div>\n\t\t\t\t<div class=\"elementor-element elementor-element-5bb89bb elementor-widget elementor-widget-heading\" data-id=\"5bb89bb\" data-element_type=\"widget\" data-e-type=\"widget\" data-widget_type=\"heading.default\">\n\t\t\t\t<div class=\"elementor-widget-container\">\n\t\t\t\t\t<h5 class=\"elementor-heading-title elementor-size-default\">Aleida Sofia Aguiar Barbosa Monteiro <\/h5>\t\t\t\t<\/div>\n\t\t\t\t<\/div>\n\t\t\t\t<div class=\"elementor-element elementor-element-bba4330 elementor-widget-divider--view-line elementor-widget elementor-widget-divider\" data-id=\"bba4330\" data-element_type=\"widget\" data-e-type=\"widget\" data-widget_type=\"divider.default\">\n\t\t\t\t<div class=\"elementor-widget-container\">\n\t\t\t\t\t\t\t<div class=\"elementor-divider\">\n\t\t\t<span class=\"elementor-divider-separator\">\n\t\t\t\t\t\t<\/span>\n\t\t<\/div>\n\t\t\t\t\t\t<\/div>\n\t\t\t\t<\/div>\n\t\t\t\t<div class=\"elementor-element elementor-element-d0fff86 elementor-widget elementor-widget-accordion\" data-id=\"d0fff86\" data-element_type=\"widget\" data-e-type=\"widget\" data-widget_type=\"accordion.default\">\n\t\t\t\t<div class=\"elementor-widget-container\">\n\t\t\t\t\t\t\t<div class=\"elementor-accordion\">\n\t\t\t\t\t\t\t<div class=\"elementor-accordion-item\">\n\t\t\t\t\t<div id=\"elementor-tab-title-2191\" class=\"elementor-tab-title\" data-tab=\"1\" role=\"button\" aria-controls=\"elementor-tab-content-2191\" aria-expanded=\"false\">\n\t\t\t\t\t\t\t\t\t\t\t\t\t<span class=\"elementor-accordion-icon elementor-accordion-icon-left\" aria-hidden=\"true\">\n\t\t\t\t\t\t\t\t\t\t\t\t\t\t\t<span class=\"elementor-accordion-icon-closed\"><i class=\"fas fa-chevron-down\"><\/i><\/span>\n\t\t\t\t\t\t\t\t<span class=\"elementor-accordion-icon-opened\"><i class=\"fas fa-chevron-up\"><\/i><\/span>\n\t\t\t\t\t\t\t\t\t\t\t\t\t\t<\/span>\n\t\t\t\t\t\t\t\t\t\t\t\t<a class=\"elementor-accordion-title\" tabindex=\"0\">Ver Biografia<\/a>\n\t\t\t\t\t<\/div>\n\t\t\t\t\t<div id=\"elementor-tab-content-2191\" class=\"elementor-tab-content elementor-clearfix\" data-tab=\"1\" role=\"region\" aria-labelledby=\"elementor-tab-title-2191\"><p data-ogsc=\"\" data-ogsb=\"white\"><span data-ogsc=\"rgb(12, 100, 192)\">Aleida Sofia Aguiar Barbosa Monteiro \u00e9 natural da Cidade da Praia, ilha de Santiago.\u00a0<\/span><\/p><p data-ogsc=\"\" data-ogsb=\"white\"><span data-ogsc=\"rgb(12, 100, 192)\">\u00c9 licenciada em Antropologia,\u00a0\u200bcom \u200bespecializa\u00e7\u00e3o em Rela\u00e7\u00f5es Etno-culturais pelo Instituto Superior de Ci\u00eancias Sociais e Pol\u00edticas (ISCSP) &#8211; Universidade T\u00e9cnica de Lisboa (2009). \u00a0<\/span><span data-ogsc=\"rgb(12, 100, 192)\">\u00a0<\/span><\/p><p data-ogsc=\"\" data-ogsb=\"white\"><span data-ogsc=\"rgb(12, 100, 192)\">\u00c9 t\u00e9cnica do Instituto do Patrim\u00f3nio Cultural (IPC) desde 2014.\u00a0\u00a0<\/span><\/p><p data-ogsc=\"\" data-ogsb=\"white\"><span data-ogsc=\"rgb(12, 100, 192)\">Foi coordenadora t\u00e9cnica do Museu Etnogr\u00e1fico da Praia, do Museu do Campo de Concentra\u00e7\u00e3o do Tarrafal e do Museu do Sal (2017-2023).\u00a0<\/span><span data-ogsc=\"rgb(12, 100, 192)\">\u00a0<\/span><\/p><p data-ogsc=\"\" data-ogsb=\"white\"><span data-ogsc=\"rgb(12, 100, 192)\">Curadora de v\u00e1rias exposi\u00e7\u00f5es tempor\u00e1rias no Museu Etnogr\u00e1fico da Praia.\u00a0<\/span><span data-ogsc=\"rgb(12, 100, 192)\">\u00a0<\/span><span data-ogsc=\"\">\u00a0<\/span><\/p><p data-ogsc=\"\" data-ogsb=\"white\"><span data-ogsc=\"rgb(12, 100, 192)\">Foi t\u00e9cnica do Observat\u00f3rio das Migra\u00e7\u00f5es, do Minist\u00e9rio das Comunidades (2013-2014).<\/span>\u00a0<\/p><p data-ogsc=\"\" data-ogsb=\"white\"><span data-ogsc=\"rgb(12, 100, 192)\">\u00a0<\/span><span class=\"x_ContentPasted1\" data-ogsc=\"rgb(12, 100, 192)\">Membro da equipa t\u00e9cnica do projeto \u201cPatrim\u00f3nio Imaterial de Cabo Verde \u2013 Guia Visual\u201d &#8211;\u00a0 invent\u00e1rio do patrim\u00f3nio imaterial nacional (2012).\u00a0<\/span><\/p><p data-ogsc=\"\" data-ogsb=\"white\">Atualmente faz parte do Conselho Diretivo do IPC.<\/p><\/div>\n\t\t\t\t<\/div>\n\t\t\t\t\t\t\t\t<\/div>\n\t\t\t\t\t\t<\/div>\n\t\t\t\t<\/div>\n\t\t\t\t\t<\/div>\n\t\t<\/div>\n\t\t\t\t<div class=\"elementor-column elementor-col-25 elementor-inner-column elementor-element elementor-element-6e61a6a\" data-id=\"6e61a6a\" data-element_type=\"column\" data-e-type=\"column\">\n\t\t\t<div class=\"elementor-widget-wrap elementor-element-populated\">\n\t\t\t\t\t\t<div class=\"elementor-element elementor-element-8ec0d2b elementor-widget elementor-widget-heading\" data-id=\"8ec0d2b\" data-element_type=\"widget\" data-e-type=\"widget\" data-widget_type=\"heading.default\">\n\t\t\t\t<div class=\"elementor-widget-container\">\n\t\t\t\t\t<h5 class=\"elementor-heading-title elementor-size-default\">DIRE\u00c7\u00c3O DE PATRIM\u00d3NIO IMATERIAL<\/h5>\t\t\t\t<\/div>\n\t\t\t\t<\/div>\n\t\t\t\t<div class=\"elementor-element elementor-element-0c3ee9d elementor-widget elementor-widget-image\" data-id=\"0c3ee9d\" data-element_type=\"widget\" data-e-type=\"widget\" data-widget_type=\"image.default\">\n\t\t\t\t<div class=\"elementor-widget-container\">\n\t\t\t\t\t\t\t\t\t\t\t\t\t\t\t<img loading=\"lazy\" decoding=\"async\" width=\"800\" height=\"560\" src=\"https:\/\/ipc.cv\/wp-content\/uploads\/2023\/07\/Dra.-Carla-1024x717.jpg\" class=\"attachment-large size-large wp-image-7275\" alt=\"\" srcset=\"https:\/\/ipc.cv\/wp-content\/uploads\/2023\/07\/Dra.-Carla-1024x717.jpg 1024w, https:\/\/ipc.cv\/wp-content\/uploads\/2023\/07\/Dra.-Carla-300x210.jpg 300w, https:\/\/ipc.cv\/wp-content\/uploads\/2023\/07\/Dra.-Carla-768x538.jpg 768w, https:\/\/ipc.cv\/wp-content\/uploads\/2023\/07\/Dra.-Carla-1536x1076.jpg 1536w, https:\/\/ipc.cv\/wp-content\/uploads\/2023\/07\/Dra.-Carla-18x12.jpg 18w, https:\/\/ipc.cv\/wp-content\/uploads\/2023\/07\/Dra.-Carla.jpg 1822w\" sizes=\"(max-width: 800px) 100vw, 800px\" \/>\t\t\t\t\t\t\t\t\t\t\t\t\t\t\t<\/div>\n\t\t\t\t<\/div>\n\t\t\t\t<div class=\"elementor-element elementor-element-7611d7e elementor-widget elementor-widget-heading\" data-id=\"7611d7e\" data-element_type=\"widget\" data-e-type=\"widget\" data-widget_type=\"heading.default\">\n\t\t\t\t<div class=\"elementor-widget-container\">\n\t\t\t\t\t<h5 class=\"elementor-heading-title elementor-size-default\">Carla Indira Carvalho Semedo<\/h5>\t\t\t\t<\/div>\n\t\t\t\t<\/div>\n\t\t\t\t<div class=\"elementor-element elementor-element-e06c373 elementor-widget-divider--view-line elementor-widget elementor-widget-divider\" data-id=\"e06c373\" data-element_type=\"widget\" data-e-type=\"widget\" data-widget_type=\"divider.default\">\n\t\t\t\t<div class=\"elementor-widget-container\">\n\t\t\t\t\t\t\t<div class=\"elementor-divider\">\n\t\t\t<span class=\"elementor-divider-separator\">\n\t\t\t\t\t\t<\/span>\n\t\t<\/div>\n\t\t\t\t\t\t<\/div>\n\t\t\t\t<\/div>\n\t\t\t\t<div class=\"elementor-element elementor-element-863c822 elementor-widget elementor-widget-accordion\" data-id=\"863c822\" data-element_type=\"widget\" data-e-type=\"widget\" data-widget_type=\"accordion.default\">\n\t\t\t\t<div class=\"elementor-widget-container\">\n\t\t\t\t\t\t\t<div class=\"elementor-accordion\">\n\t\t\t\t\t\t\t<div class=\"elementor-accordion-item\">\n\t\t\t\t\t<div id=\"elementor-tab-title-1401\" class=\"elementor-tab-title\" data-tab=\"1\" role=\"button\" aria-controls=\"elementor-tab-content-1401\" aria-expanded=\"false\">\n\t\t\t\t\t\t\t\t\t\t\t\t\t<span class=\"elementor-accordion-icon elementor-accordion-icon-left\" aria-hidden=\"true\">\n\t\t\t\t\t\t\t\t\t\t\t\t\t\t\t<span class=\"elementor-accordion-icon-closed\"><i class=\"fas fa-chevron-down\"><\/i><\/span>\n\t\t\t\t\t\t\t\t<span class=\"elementor-accordion-icon-opened\"><i class=\"fas fa-chevron-up\"><\/i><\/span>\n\t\t\t\t\t\t\t\t\t\t\t\t\t\t<\/span>\n\t\t\t\t\t\t\t\t\t\t\t\t<a class=\"elementor-accordion-title\" tabindex=\"0\">Ver Biografia<\/a>\n\t\t\t\t\t<\/div>\n\t\t\t\t\t<div id=\"elementor-tab-content-1401\" class=\"elementor-tab-content elementor-clearfix\" data-tab=\"1\" role=\"region\" aria-labelledby=\"elementor-tab-title-1401\"><p>Carla Indira Carvalho Semedo \u00e9\u00a0 n<span lang=\"pt-BR\" data-ogsc=\"rgb(80, 0, 80)\">atural da Freguesia de Nossa Senhora da Gra\u00e7a, Ilha de Santiago.<\/span><\/p><p><span data-ogsc=\"rgb(80, 0, 80)\">Licenciada em Sociologia pela Universidade Jean Piaget de Cabo Verde (2005).\u00a0 Fez o mestrado em Antropologia Social pelo Programa de P\u00f3s-Gradua\u00e7\u00e3o em Antropologia Social da Universidade Federal do Rio Grande do Sul (2009). E, doutoramento em Antropologia Social pelo Programa de P\u00f3s-Gradua\u00e7\u00e3o em Antropologia Social da Universidade Federal do Rio de Janeiro\/Museu Nacional (2016).<\/span><\/p><p><span data-ogsc=\"rgb(80, 0, 80)\">Desde de 2005 tem exercido a atividade da doc\u00eancia na Universidade Jean Piaget de Cabo Verde, tendo igualmente desempenhado a fun\u00e7\u00e3o de Diretora da Unidade de Ensino e Investiga\u00e7\u00e3o do Departamento de Ci\u00eancias Humanas, Sociais e Artes (2018) e coordenadora do N\u00facleo de Estudos em Migra\u00e7\u00f5es e Direitos Humanos (2022).<\/span><\/p><p>Atualmente faz parte do Conselho Diretivo do IPC.<\/p><\/div>\n\t\t\t\t<\/div>\n\t\t\t\t\t\t\t\t<\/div>\n\t\t\t\t\t\t<\/div>\n\t\t\t\t<\/div>\n\t\t\t\t\t<\/div>\n\t\t<\/div>\n\t\t\t\t\t<\/div>\n\t\t<\/section>\n\t\t\t\t\t<\/div>\n\t\t<\/div>\n\t\t\t\t\t<\/div>\n\t\t<\/section>\n\t\t\t\t\t<\/div>\n\t\t<\/div>\n\t\t\t\t\t<\/div>\n\t\t<\/section>\n\t\t\t\t<section class=\"elementor-section elementor-top-section elementor-element elementor-element-55b8c77 elementor-hidden-desktop elementor-section-boxed elementor-section-height-default elementor-section-height-default\" data-id=\"55b8c77\" data-element_type=\"section\" data-e-type=\"section\">\n\t\t\t\t\t\t<div class=\"elementor-container elementor-column-gap-default\">\n\t\t\t\t\t<div class=\"elementor-column elementor-col-100 elementor-top-column elementor-element elementor-element-6f4c62b\" data-id=\"6f4c62b\" data-element_type=\"column\" data-e-type=\"column\">\n\t\t\t<div class=\"elementor-widget-wrap elementor-element-populated\">\n\t\t\t\t\t\t<section class=\"elementor-section elementor-inner-section elementor-element elementor-element-52c0461 elementor-section-full_width elementor-hidden-desktop elementor-hidden-tablet elementor-hidden-mobile elementor-section-height-default elementor-section-height-default\" data-id=\"52c0461\" data-element_type=\"section\" data-e-type=\"section\">\n\t\t\t\t\t\t<div class=\"elementor-container elementor-column-gap-default\">\n\t\t\t\t\t<div class=\"elementor-column elementor-col-25 elementor-inner-column elementor-element elementor-element-e4baa9b\" data-id=\"e4baa9b\" data-element_type=\"column\" data-e-type=\"column\">\n\t\t\t<div class=\"elementor-widget-wrap elementor-element-populated\">\n\t\t\t\t\t\t<div class=\"elementor-element elementor-element-8719f06 elementor-widget elementor-widget-heading\" data-id=\"8719f06\" data-element_type=\"widget\" data-e-type=\"widget\" data-widget_type=\"heading.default\">\n\t\t\t\t<div class=\"elementor-widget-container\">\n\t\t\t\t\t<h5 class=\"elementor-heading-title elementor-size-default\">DIRE\u00c7\u00c3O DE<br>\nADMINISTRA\u00c7\u00c3O E<br>\nFINAN\u00c7AS<\/h5>\t\t\t\t<\/div>\n\t\t\t\t<\/div>\n\t\t\t\t<div class=\"elementor-element elementor-element-92ce8be elementor-widget elementor-widget-image\" data-id=\"92ce8be\" data-element_type=\"widget\" data-e-type=\"widget\" data-widget_type=\"image.default\">\n\t\t\t\t<div class=\"elementor-widget-container\">\n\t\t\t\t\t\t\t\t\t\t\t\t\t\t\t<img loading=\"lazy\" decoding=\"async\" width=\"800\" height=\"533\" src=\"https:\/\/ipc.cv\/wp-content\/uploads\/2021\/09\/DFA-_-Maria-Semedo-1024x682.jpg\" class=\"attachment-large size-large wp-image-5295\" alt=\"\" srcset=\"https:\/\/ipc.cv\/wp-content\/uploads\/2021\/09\/DFA-_-Maria-Semedo-1024x682.jpg 1024w, https:\/\/ipc.cv\/wp-content\/uploads\/2021\/09\/DFA-_-Maria-Semedo-300x200.jpg 300w, https:\/\/ipc.cv\/wp-content\/uploads\/2021\/09\/DFA-_-Maria-Semedo-768x511.jpg 768w, https:\/\/ipc.cv\/wp-content\/uploads\/2021\/09\/DFA-_-Maria-Semedo-18x12.jpg 18w, https:\/\/ipc.cv\/wp-content\/uploads\/2021\/09\/DFA-_-Maria-Semedo.jpg 1280w\" sizes=\"(max-width: 800px) 100vw, 800px\" \/>\t\t\t\t\t\t\t\t\t\t\t\t\t\t\t<\/div>\n\t\t\t\t<\/div>\n\t\t\t\t<div class=\"elementor-element elementor-element-6950d4f elementor-widget elementor-widget-heading\" data-id=\"6950d4f\" data-element_type=\"widget\" data-e-type=\"widget\" data-widget_type=\"heading.default\">\n\t\t\t\t<div class=\"elementor-widget-container\">\n\t\t\t\t\t<h5 class=\"elementor-heading-title elementor-size-default\">Dra. Maria das Dores Moreira Semedo<\/h5>\t\t\t\t<\/div>\n\t\t\t\t<\/div>\n\t\t\t\t<div class=\"elementor-element elementor-element-3b63cd8 elementor-widget-divider--view-line elementor-widget elementor-widget-divider\" data-id=\"3b63cd8\" data-element_type=\"widget\" data-e-type=\"widget\" data-widget_type=\"divider.default\">\n\t\t\t\t<div class=\"elementor-widget-container\">\n\t\t\t\t\t\t\t<div class=\"elementor-divider\">\n\t\t\t<span class=\"elementor-divider-separator\">\n\t\t\t\t\t\t<\/span>\n\t\t<\/div>\n\t\t\t\t\t\t<\/div>\n\t\t\t\t<\/div>\n\t\t\t\t<div class=\"elementor-element elementor-element-37c518c elementor-widget elementor-widget-accordion\" data-id=\"37c518c\" data-element_type=\"widget\" data-e-type=\"widget\" data-widget_type=\"accordion.default\">\n\t\t\t\t<div class=\"elementor-widget-container\">\n\t\t\t\t\t\t\t<div class=\"elementor-accordion\">\n\t\t\t\t\t\t\t<div class=\"elementor-accordion-item\">\n\t\t\t\t\t<div id=\"elementor-tab-title-5841\" class=\"elementor-tab-title\" data-tab=\"1\" role=\"button\" aria-controls=\"elementor-tab-content-5841\" aria-expanded=\"false\">\n\t\t\t\t\t\t\t\t\t\t\t\t\t<span class=\"elementor-accordion-icon elementor-accordion-icon-left\" aria-hidden=\"true\">\n\t\t\t\t\t\t\t\t\t\t\t\t\t\t\t<span class=\"elementor-accordion-icon-closed\"><i class=\"fas fa-chevron-down\"><\/i><\/span>\n\t\t\t\t\t\t\t\t<span class=\"elementor-accordion-icon-opened\"><i class=\"fas fa-chevron-up\"><\/i><\/span>\n\t\t\t\t\t\t\t\t\t\t\t\t\t\t<\/span>\n\t\t\t\t\t\t\t\t\t\t\t\t<a class=\"elementor-accordion-title\" tabindex=\"0\">Ver Biografia<\/a>\n\t\t\t\t\t<\/div>\n\t\t\t\t\t<div id=\"elementor-tab-content-5841\" class=\"elementor-tab-content elementor-clearfix\" data-tab=\"1\" role=\"region\" aria-labelledby=\"elementor-tab-title-5841\"><p>Maria das Dores Moreira Semedo was born in Caidaia, Praia, Cabo Verde.<\/p><p>degree in Economics from the University of Cabo Verde - School of Business and Governance, Maria das Dores Semedo began her professional career in the City Council of Praia as secretary, where she also performed administrative and treasury functions.<\/p><p>In 2018, she held the position of accountant in the same institution, where she was responsible for the execution and allocation income and expenses, treasury services, coordination of municipal directorates and the preparation of the municipal budget and accounts.<\/p><p>Currently she is the Administrative and Financial Director of the Cultural Heritage Institute.<\/p><\/div>\n\t\t\t\t<\/div>\n\t\t\t\t\t\t\t\t<\/div>\n\t\t\t\t\t\t<\/div>\n\t\t\t\t<\/div>\n\t\t\t\t\t<\/div>\n\t\t<\/div>\n\t\t\t\t<div class=\"elementor-column elementor-col-25 elementor-inner-column elementor-element elementor-element-6e2ef2c\" data-id=\"6e2ef2c\" data-element_type=\"column\" data-e-type=\"column\">\n\t\t\t<div class=\"elementor-widget-wrap elementor-element-populated\">\n\t\t\t\t\t\t<div class=\"elementor-element elementor-element-ad88e9e elementor-widget elementor-widget-heading\" data-id=\"ad88e9e\" data-element_type=\"widget\" data-e-type=\"widget\" data-widget_type=\"heading.default\">\n\t\t\t\t<div class=\"elementor-widget-container\">\n\t\t\t\t\t<h5 class=\"elementor-heading-title elementor-size-default\">DIRE\u00c7\u00c3O DE MONOMENTOS E <br>SIT\u00cdOS<br>\n\n<\/h5>\t\t\t\t<\/div>\n\t\t\t\t<\/div>\n\t\t\t\t<div class=\"elementor-element elementor-element-ea21dc5 elementor-widget elementor-widget-image\" data-id=\"ea21dc5\" data-element_type=\"widget\" data-e-type=\"widget\" data-widget_type=\"image.default\">\n\t\t\t\t<div class=\"elementor-widget-container\">\n\t\t\t\t\t\t\t\t\t\t\t\t\t\t\t<img loading=\"lazy\" decoding=\"async\" width=\"800\" height=\"533\" src=\"https:\/\/ipc.cv\/wp-content\/uploads\/2022\/04\/Foto-claudio-1024x682.jpg\" class=\"attachment-large size-large wp-image-5841\" alt=\"\" srcset=\"https:\/\/ipc.cv\/wp-content\/uploads\/2022\/04\/Foto-claudio-1024x682.jpg 1024w, https:\/\/ipc.cv\/wp-content\/uploads\/2022\/04\/Foto-claudio-300x200.jpg 300w, https:\/\/ipc.cv\/wp-content\/uploads\/2022\/04\/Foto-claudio-768x511.jpg 768w, https:\/\/ipc.cv\/wp-content\/uploads\/2022\/04\/Foto-claudio-18x12.jpg 18w, https:\/\/ipc.cv\/wp-content\/uploads\/2022\/04\/Foto-claudio.jpg 1280w\" sizes=\"(max-width: 800px) 100vw, 800px\" \/>\t\t\t\t\t\t\t\t\t\t\t\t\t\t\t<\/div>\n\t\t\t\t<\/div>\n\t\t\t\t<div class=\"elementor-element elementor-element-d65f712 elementor-widget elementor-widget-heading\" data-id=\"d65f712\" data-element_type=\"widget\" data-e-type=\"widget\" data-widget_type=\"heading.default\">\n\t\t\t\t<div class=\"elementor-widget-container\">\n\t\t\t\t\t<h5 class=\"elementor-heading-title elementor-size-default\">Dr. Claudino Tavares Ramos<\/h5>\t\t\t\t<\/div>\n\t\t\t\t<\/div>\n\t\t\t\t<div class=\"elementor-element elementor-element-90a713a elementor-widget-divider--view-line elementor-widget elementor-widget-divider\" data-id=\"90a713a\" data-element_type=\"widget\" data-e-type=\"widget\" data-widget_type=\"divider.default\">\n\t\t\t\t<div class=\"elementor-widget-container\">\n\t\t\t\t\t\t\t<div class=\"elementor-divider\">\n\t\t\t<span class=\"elementor-divider-separator\">\n\t\t\t\t\t\t<\/span>\n\t\t<\/div>\n\t\t\t\t\t\t<\/div>\n\t\t\t\t<\/div>\n\t\t\t\t<div class=\"elementor-element elementor-element-e905cfe elementor-widget elementor-widget-accordion\" data-id=\"e905cfe\" data-element_type=\"widget\" data-e-type=\"widget\" data-widget_type=\"accordion.default\">\n\t\t\t\t<div class=\"elementor-widget-container\">\n\t\t\t\t\t\t\t<div class=\"elementor-accordion\">\n\t\t\t\t\t\t\t<div class=\"elementor-accordion-item\">\n\t\t\t\t\t<div id=\"elementor-tab-title-2441\" class=\"elementor-tab-title\" data-tab=\"1\" role=\"button\" aria-controls=\"elementor-tab-content-2441\" aria-expanded=\"false\">\n\t\t\t\t\t\t\t\t\t\t\t\t\t<span class=\"elementor-accordion-icon elementor-accordion-icon-left\" aria-hidden=\"true\">\n\t\t\t\t\t\t\t\t\t\t\t\t\t\t\t<span class=\"elementor-accordion-icon-closed\"><i class=\"fas fa-chevron-down\"><\/i><\/span>\n\t\t\t\t\t\t\t\t<span class=\"elementor-accordion-icon-opened\"><i class=\"fas fa-chevron-up\"><\/i><\/span>\n\t\t\t\t\t\t\t\t\t\t\t\t\t\t<\/span>\n\t\t\t\t\t\t\t\t\t\t\t\t<a class=\"elementor-accordion-title\" tabindex=\"0\">Ver Biografia<\/a>\n\t\t\t\t\t<\/div>\n\t\t\t\t\t<div id=\"elementor-tab-content-2441\" class=\"elementor-tab-content elementor-clearfix\" data-tab=\"1\" role=\"region\" aria-labelledby=\"elementor-tab-title-2441\"><p>Claudino Tavares Ramos was born in the parish of Nossa Senhora da Gra\u00e7a, Praia, Santiago Island-Cabo Verde.<\/p><p>Claudino Ramos has a degree in History, in Cultural Heritage, from the University of Cabo Verde.<\/p><p>He began his professional career as a tour guide (2005 \u2013 2012). He started working at the Cultural Heritage Institute in 2014 as a technician at the Directorate of Monuments and Sites, assigned to the Cidade Velha Management Office until 2021, when he was appointed coordinator of the GCVPM.<\/p><p>Also in 2021, he was elected one of the 15 members of the Interim Committee for the creation of the African Heritage Site Managers Network, and in 2022 he was registered in UNESCO's database as the manager of the African World Heritage Site.<\/p><p>Currently, he is Director of Monuments and Sites.<\/p><\/div>\n\t\t\t\t<\/div>\n\t\t\t\t\t\t\t\t<\/div>\n\t\t\t\t\t\t<\/div>\n\t\t\t\t<\/div>\n\t\t\t\t\t<\/div>\n\t\t<\/div>\n\t\t\t\t<div class=\"elementor-column elementor-col-25 elementor-inner-column elementor-element elementor-element-e63f833\" data-id=\"e63f833\" data-element_type=\"column\" data-e-type=\"column\">\n\t\t\t<div class=\"elementor-widget-wrap elementor-element-populated\">\n\t\t\t\t\t\t<div class=\"elementor-element elementor-element-428d089 elementor-widget elementor-widget-heading\" data-id=\"428d089\" data-element_type=\"widget\" data-e-type=\"widget\" data-widget_type=\"heading.default\">\n\t\t\t\t<div class=\"elementor-widget-container\">\n\t\t\t\t\t<h5 class=\"elementor-heading-title elementor-size-default\">DIRE\u00c7\u00c3O<br>\nDOS<br>\nMUSEUS<\/h5>\t\t\t\t<\/div>\n\t\t\t\t<\/div>\n\t\t\t\t<div class=\"elementor-element elementor-element-56dd63e elementor-widget elementor-widget-image\" data-id=\"56dd63e\" data-element_type=\"widget\" data-e-type=\"widget\" data-widget_type=\"image.default\">\n\t\t\t\t<div class=\"elementor-widget-container\">\n\t\t\t\t\t\t\t\t\t\t\t\t\t\t\t<img loading=\"lazy\" decoding=\"async\" width=\"800\" height=\"450\" src=\"https:\/\/ipc.cv\/wp-content\/uploads\/2020\/07\/IMG_6829-1-1024x576.jpg\" class=\"attachment-large size-large wp-image-79\" alt=\"\" srcset=\"https:\/\/ipc.cv\/wp-content\/uploads\/2020\/07\/IMG_6829-1-1024x576.jpg 1024w, https:\/\/ipc.cv\/wp-content\/uploads\/2020\/07\/IMG_6829-1-300x169.jpg 300w, https:\/\/ipc.cv\/wp-content\/uploads\/2020\/07\/IMG_6829-1-768x432.jpg 768w, https:\/\/ipc.cv\/wp-content\/uploads\/2020\/07\/IMG_6829-1-1536x864.jpg 1536w, https:\/\/ipc.cv\/wp-content\/uploads\/2020\/07\/IMG_6829-1-2048x1152.jpg 2048w\" sizes=\"(max-width: 800px) 100vw, 800px\" \/>\t\t\t\t\t\t\t\t\t\t\t\t\t\t\t<\/div>\n\t\t\t\t<\/div>\n\t\t\t\t<div class=\"elementor-element elementor-element-3ae7245 elementor-widget elementor-widget-heading\" data-id=\"3ae7245\" data-element_type=\"widget\" data-e-type=\"widget\" data-widget_type=\"heading.default\">\n\t\t\t\t<div class=\"elementor-widget-container\">\n\t\t\t\t\t<h5 class=\"elementor-heading-title elementor-size-default\">Dra. Ana Samira Fonseca Tavares Silva<\/h5>\t\t\t\t<\/div>\n\t\t\t\t<\/div>\n\t\t\t\t<div class=\"elementor-element elementor-element-31e680b elementor-widget-divider--view-line elementor-widget elementor-widget-divider\" data-id=\"31e680b\" data-element_type=\"widget\" data-e-type=\"widget\" data-widget_type=\"divider.default\">\n\t\t\t\t<div class=\"elementor-widget-container\">\n\t\t\t\t\t\t\t<div class=\"elementor-divider\">\n\t\t\t<span class=\"elementor-divider-separator\">\n\t\t\t\t\t\t<\/span>\n\t\t<\/div>\n\t\t\t\t\t\t<\/div>\n\t\t\t\t<\/div>\n\t\t\t\t<div class=\"elementor-element elementor-element-fd225fe elementor-widget elementor-widget-accordion\" data-id=\"fd225fe\" data-element_type=\"widget\" data-e-type=\"widget\" data-widget_type=\"accordion.default\">\n\t\t\t\t<div class=\"elementor-widget-container\">\n\t\t\t\t\t\t\t<div class=\"elementor-accordion\">\n\t\t\t\t\t\t\t<div class=\"elementor-accordion-item\">\n\t\t\t\t\t<div id=\"elementor-tab-title-2651\" class=\"elementor-tab-title\" data-tab=\"1\" role=\"button\" aria-controls=\"elementor-tab-content-2651\" aria-expanded=\"false\">\n\t\t\t\t\t\t\t\t\t\t\t\t\t<span class=\"elementor-accordion-icon elementor-accordion-icon-left\" aria-hidden=\"true\">\n\t\t\t\t\t\t\t\t\t\t\t\t\t\t\t<span class=\"elementor-accordion-icon-closed\"><i class=\"fas fa-chevron-down\"><\/i><\/span>\n\t\t\t\t\t\t\t\t<span class=\"elementor-accordion-icon-opened\"><i class=\"fas fa-chevron-up\"><\/i><\/span>\n\t\t\t\t\t\t\t\t\t\t\t\t\t\t<\/span>\n\t\t\t\t\t\t\t\t\t\t\t\t<a class=\"elementor-accordion-title\" tabindex=\"0\">Ver Biografia<\/a>\n\t\t\t\t\t<\/div>\n\t\t\t\t\t<div id=\"elementor-tab-content-2651\" class=\"elementor-tab-content elementor-clearfix\" data-tab=\"1\" role=\"region\" aria-labelledby=\"elementor-tab-title-2651\"><p>Ana Samira Fonseca Tavares Silva was born in the parish of S\u00e3o Miguel Arcanjo, on the Santiago Island - Cabo Verde.\u00a0<\/p><p>Ana Samira Silva has a degree in Cultural Heritage Management from the Escola Superior de Educa\u00e7\u00e3o do Instituto Polit\u00e9cnico do Porto, (Higher School of Education of the Polytechnic Institute of Porto) and a postgraduate degree in Heritage, Tourism and Development from the University of Cabo Verde \u2013 UNICV.<br \/>Universidade de Cabo Verde \u2013 UNICV.<\/p><p>During her professional career, she worked as Coordinator of the Study \u2013 Impacts of Tourism in Cidade Velha between (2009 \u2013 2013), Curator of the Cidade Velha World Heritage Site (2015 \u2013 2016), Coordinator of the Management Plan for the Cidade Velha, World Heritage Site (2015 \u2013 2016). 2018).<\/p><p>Currently, she is the Director of the Cabo Verde`s Museums supervised by the IPC, a position she has held since 2019.<\/p><\/div>\n\t\t\t\t<\/div>\n\t\t\t\t\t\t\t\t<\/div>\n\t\t\t\t\t\t<\/div>\n\t\t\t\t<\/div>\n\t\t\t\t\t<\/div>\n\t\t<\/div>\n\t\t\t\t<div class=\"elementor-column elementor-col-25 elementor-inner-column elementor-element elementor-element-21ec3fd\" data-id=\"21ec3fd\" data-element_type=\"column\" data-e-type=\"column\">\n\t\t\t<div class=\"elementor-widget-wrap elementor-element-populated\">\n\t\t\t\t\t\t<div class=\"elementor-element elementor-element-0bc567a elementor-widget elementor-widget-heading\" data-id=\"0bc567a\" data-element_type=\"widget\" data-e-type=\"widget\" data-widget_type=\"heading.default\">\n\t\t\t\t<div class=\"elementor-widget-container\">\n\t\t\t\t\t<h5 class=\"elementor-heading-title elementor-size-default\">DIRE\u00c7\u00c3O<br>\nDE PATRIM\u00d3NIO<br>\nIMATERIAL<\/h5>\t\t\t\t<\/div>\n\t\t\t\t<\/div>\n\t\t\t\t<div class=\"elementor-element elementor-element-3025563 elementor-widget elementor-widget-image\" data-id=\"3025563\" data-element_type=\"widget\" data-e-type=\"widget\" data-widget_type=\"image.default\">\n\t\t\t\t<div class=\"elementor-widget-container\">\n\t\t\t\t\t\t\t\t\t\t\t\t\t\t\t<img loading=\"lazy\" decoding=\"async\" width=\"800\" height=\"450\" src=\"https:\/\/ipc.cv\/wp-content\/uploads\/2020\/07\/DIR.-SANDRA-1.jpg\" class=\"attachment-large size-large wp-image-374\" alt=\"\" srcset=\"https:\/\/ipc.cv\/wp-content\/uploads\/2020\/07\/DIR.-SANDRA-1.jpg 960w, https:\/\/ipc.cv\/wp-content\/uploads\/2020\/07\/DIR.-SANDRA-1-300x169.jpg 300w, https:\/\/ipc.cv\/wp-content\/uploads\/2020\/07\/DIR.-SANDRA-1-768x432.jpg 768w\" sizes=\"(max-width: 800px) 100vw, 800px\" \/>\t\t\t\t\t\t\t\t\t\t\t\t\t\t\t<\/div>\n\t\t\t\t<\/div>\n\t\t\t\t<div class=\"elementor-element elementor-element-f9232d8 elementor-widget elementor-widget-heading\" data-id=\"f9232d8\" data-element_type=\"widget\" data-e-type=\"widget\" data-widget_type=\"heading.default\">\n\t\t\t\t<div class=\"elementor-widget-container\">\n\t\t\t\t\t<h5 class=\"elementor-heading-title elementor-size-default\">Dra. Sandra Helena M. Lopes Martins<\/h5>\t\t\t\t<\/div>\n\t\t\t\t<\/div>\n\t\t\t\t<div class=\"elementor-element elementor-element-56d2233 elementor-widget-divider--view-line elementor-widget elementor-widget-divider\" data-id=\"56d2233\" data-element_type=\"widget\" data-e-type=\"widget\" data-widget_type=\"divider.default\">\n\t\t\t\t<div class=\"elementor-widget-container\">\n\t\t\t\t\t\t\t<div class=\"elementor-divider\">\n\t\t\t<span class=\"elementor-divider-separator\">\n\t\t\t\t\t\t<\/span>\n\t\t<\/div>\n\t\t\t\t\t\t<\/div>\n\t\t\t\t<\/div>\n\t\t\t\t<div class=\"elementor-element elementor-element-3928b52 elementor-widget elementor-widget-accordion\" data-id=\"3928b52\" data-element_type=\"widget\" data-e-type=\"widget\" data-widget_type=\"accordion.default\">\n\t\t\t\t<div class=\"elementor-widget-container\">\n\t\t\t\t\t\t\t<div class=\"elementor-accordion\">\n\t\t\t\t\t\t\t<div class=\"elementor-accordion-item\">\n\t\t\t\t\t<div id=\"elementor-tab-title-5991\" class=\"elementor-tab-title\" data-tab=\"1\" role=\"button\" aria-controls=\"elementor-tab-content-5991\" aria-expanded=\"false\">\n\t\t\t\t\t\t\t\t\t\t\t\t\t<span class=\"elementor-accordion-icon elementor-accordion-icon-left\" aria-hidden=\"true\">\n\t\t\t\t\t\t\t\t\t\t\t\t\t\t\t<span class=\"elementor-accordion-icon-closed\"><i class=\"fas fa-chevron-down\"><\/i><\/span>\n\t\t\t\t\t\t\t\t<span class=\"elementor-accordion-icon-opened\"><i class=\"fas fa-chevron-up\"><\/i><\/span>\n\t\t\t\t\t\t\t\t\t\t\t\t\t\t<\/span>\n\t\t\t\t\t\t\t\t\t\t\t\t<a class=\"elementor-accordion-title\" tabindex=\"0\">Ver Biografia<\/a>\n\t\t\t\t\t<\/div>\n\t\t\t\t\t<div id=\"elementor-tab-content-5991\" class=\"elementor-tab-content elementor-clearfix\" data-tab=\"1\" role=\"region\" aria-labelledby=\"elementor-tab-title-5991\"><p>Sandra Helena Mascarenhas Lopes Martins \u00e9 natural da freguesia de Nossa Senhora da Gra\u00e7a, ilha de Santiago.<\/p><p>Sandra Martins has a degree in History, Scientific Area, from the University of Minho (Portugal), took the cataloguing course for librarians of the PALOP's - Casa de \u00c1frica (Las Palmas - Gran Canaria), and has a Masters in Heritage, Tourism and Development from the University of Cabo Verde.<\/p><p>During her professional career she has held the posts of Portuguese Language Teacher at the Secondary School of Santa Cruz (1996-1997), Teacher of Paleography at the Higher Institute of Education- Praia (2003-2007), Technician at the Department of Documentary Communication and External Relations at the National Historical File (2002-2010), Technician at the Institute for Research and Cultural Heritage (2010-2011), President of the National File of Cabo Verde(2014-2015), UNESCO Facilitator for Intangible Cultural Heritage (2015).<\/p><p>Currently, she is the Director of Intangible Heritage, a position she has held since 2015.<\/p><\/div>\n\t\t\t\t<\/div>\n\t\t\t\t\t\t\t\t<\/div>\n\t\t\t\t\t\t<\/div>\n\t\t\t\t<\/div>\n\t\t\t\t\t<\/div>\n\t\t<\/div>\n\t\t\t\t\t<\/div>\n\t\t<\/section>\n\t\t\t\t<div class=\"elementor-element elementor-element-a52c228 elementor-widget elementor-widget-heading\" data-id=\"a52c228\" data-element_type=\"widget\" data-e-type=\"widget\" data-widget_type=\"heading.default\">\n\t\t\t\t<div class=\"elementor-widget-container\">\n\t\t\t\t\t<h2 class=\"elementor-heading-title elementor-size-default\">EM ATUALIZA\u00c7\u00c3O<\/h2>\t\t\t\t<\/div>\n\t\t\t\t<\/div>\n\t\t\t\t\t<\/div>\n\t\t<\/div>\n\t\t\t\t\t<\/div>\n\t\t<\/section>\n\t\t\t\t<section class=\"elementor-section elementor-top-section elementor-element elementor-element-d62181b elementor-section-boxed elementor-section-height-default elementor-section-height-default\" data-id=\"d62181b\" data-element_type=\"section\" data-e-type=\"section\">\n\t\t\t\t\t\t<div class=\"elementor-container elementor-column-gap-default\">\n\t\t\t\t\t<div class=\"elementor-column elementor-col-100 elementor-top-column elementor-element elementor-element-9a28467\" data-id=\"9a28467\" data-element_type=\"column\" data-e-type=\"column\">\n\t\t\t<div class=\"elementor-widget-wrap elementor-element-populated\">\n\t\t\t\t\t\t<div class=\"elementor-element elementor-element-3b66a4e elementor-widget elementor-widget-heading\" data-id=\"3b66a4e\" data-element_type=\"widget\" data-e-type=\"widget\" data-widget_type=\"heading.default\">\n\t\t\t\t<div class=\"elementor-widget-container\">\n\t\t\t\t\t<h5 class=\"elementor-heading-title elementor-size-default\">PRESIDENTE DO CONSELHO CIENT\u00cdFICO<\/h5>\t\t\t\t<\/div>\n\t\t\t\t<\/div>\n\t\t\t\t<div class=\"elementor-element elementor-element-8032024 elementor-widget-divider--view-line elementor-widget elementor-widget-divider\" data-id=\"8032024\" data-element_type=\"widget\" data-e-type=\"widget\" data-widget_type=\"divider.default\">\n\t\t\t\t<div class=\"elementor-widget-container\">\n\t\t\t\t\t\t\t<div class=\"elementor-divider\">\n\t\t\t<span class=\"elementor-divider-separator\">\n\t\t\t\t\t\t<\/span>\n\t\t<\/div>\n\t\t\t\t\t\t<\/div>\n\t\t\t\t<\/div>\n\t\t\t\t<div class=\"elementor-element elementor-element-7b62478 elementor-widget elementor-widget-image\" data-id=\"7b62478\" data-element_type=\"widget\" data-e-type=\"widget\" data-widget_type=\"image.default\">\n\t\t\t\t<div class=\"elementor-widget-container\">\n\t\t\t\t\t\t\t\t\t\t\t\t\t\t\t<img loading=\"lazy\" decoding=\"async\" width=\"280\" height=\"358\" src=\"https:\/\/ipc.cv\/wp-content\/uploads\/2021\/02\/FOTO-HUMBERTO.jpg\" class=\"attachment-large size-large wp-image-2095\" alt=\"\" srcset=\"https:\/\/ipc.cv\/wp-content\/uploads\/2021\/02\/FOTO-HUMBERTO.jpg 280w, https:\/\/ipc.cv\/wp-content\/uploads\/2021\/02\/FOTO-HUMBERTO-235x300.jpg 235w\" sizes=\"(max-width: 280px) 100vw, 280px\" \/>\t\t\t\t\t\t\t\t\t\t\t\t\t\t\t<\/div>\n\t\t\t\t<\/div>\n\t\t\t\t<div class=\"elementor-element elementor-element-5bb8614 elementor-widget elementor-widget-heading\" data-id=\"5bb8614\" data-element_type=\"widget\" data-e-type=\"widget\" data-widget_type=\"heading.default\">\n\t\t\t\t<div class=\"elementor-widget-container\">\n\t\t\t\t\t<h5 class=\"elementor-heading-title elementor-size-default\">Humberto Elisio da Cruz Lima<\/h5>\t\t\t\t<\/div>\n\t\t\t\t<\/div>\n\t\t\t\t<div class=\"elementor-element elementor-element-22f0c2c elementor-widget-divider--view-line elementor-widget elementor-widget-divider\" data-id=\"22f0c2c\" data-element_type=\"widget\" data-e-type=\"widget\" data-widget_type=\"divider.default\">\n\t\t\t\t<div class=\"elementor-widget-container\">\n\t\t\t\t\t\t\t<div class=\"elementor-divider\">\n\t\t\t<span class=\"elementor-divider-separator\">\n\t\t\t\t\t\t<\/span>\n\t\t<\/div>\n\t\t\t\t\t\t<\/div>\n\t\t\t\t<\/div>\n\t\t\t\t<div class=\"elementor-element elementor-element-029393a elementor-widget elementor-widget-accordion\" data-id=\"029393a\" data-element_type=\"widget\" data-e-type=\"widget\" data-widget_type=\"accordion.default\">\n\t\t\t\t<div class=\"elementor-widget-container\">\n\t\t\t\t\t\t\t<div class=\"elementor-accordion\">\n\t\t\t\t\t\t\t<div class=\"elementor-accordion-item\">\n\t\t\t\t\t<div id=\"elementor-tab-title-2701\" class=\"elementor-tab-title\" data-tab=\"1\" role=\"button\" aria-controls=\"elementor-tab-content-2701\" aria-expanded=\"false\">\n\t\t\t\t\t\t\t\t\t\t\t\t\t<span class=\"elementor-accordion-icon elementor-accordion-icon-left\" aria-hidden=\"true\">\n\t\t\t\t\t\t\t\t\t\t\t\t\t\t\t<span class=\"elementor-accordion-icon-closed\"><i class=\"fas fa-chevron-down\"><\/i><\/span>\n\t\t\t\t\t\t\t\t<span class=\"elementor-accordion-icon-opened\"><i class=\"fas fa-chevron-up\"><\/i><\/span>\n\t\t\t\t\t\t\t\t\t\t\t\t\t\t<\/span>\n\t\t\t\t\t\t\t\t\t\t\t\t<a class=\"elementor-accordion-title\" tabindex=\"0\">Ver Biografia<\/a>\n\t\t\t\t\t<\/div>\n\t\t\t\t\t<div id=\"elementor-tab-content-2701\" class=\"elementor-tab-content elementor-clearfix\" data-tab=\"1\" role=\"region\" aria-labelledby=\"elementor-tab-title-2701\"><p>Humberto El\u00edsio da Cruz Lima was born in the parish of N\u00aa Sra. da Luz, island of S.Vicente.<\/p><p>Humberto has a degree in History and Social Sciences from the Voronezh State University (Russia), a master's degree in History of the Modern and Contemporary Age also from Voronezh State University. He attended the Masters in Social and Cultural Anthropology at the Universidad Aut\u00f3noma de Madrid and holds a gold degree in Social and Cultural Anthropology from the Universidad Nacional de Educaci\u00f3n a Distancia (National University of Distance Learning )\u2013 UNED, Madrid (Spain).<\/p><p>Throughout his career he was president of the Institute of the National Historical File (2006-2010), curator of the Mindelo Historical Centre (2014) and president of the Institute of Research and Cultural Heritage (2010-2015).<\/p><p>Since 2011, he has been teaching at the Intercontinental University \u2013\u00daNICA.<\/p><p>Currently, he is a Senior Specialist Technician and president of the IPC` Scientific Board.<\/p><\/div>\n\t\t\t\t<\/div>\n\t\t\t\t\t\t\t\t<\/div>\n\t\t\t\t\t\t<\/div>\n\t\t\t\t<\/div>\n\t\t\t\t\t<\/div>\n\t\t<\/div>\n\t\t\t\t\t<\/div>\n\t\t<\/section>\n\t\t\t\t<section class=\"elementor-section elementor-top-section elementor-element elementor-element-9b016ee elementor-section-boxed elementor-section-height-default elementor-section-height-default\" data-id=\"9b016ee\" data-element_type=\"section\" data-e-type=\"section\">\n\t\t\t\t\t\t<div class=\"elementor-container elementor-column-gap-default\">\n\t\t\t\t\t<div class=\"elementor-column elementor-col-100 elementor-top-column elementor-element elementor-element-e3afef9\" data-id=\"e3afef9\" data-element_type=\"column\" data-e-type=\"column\">\n\t\t\t<div class=\"elementor-widget-wrap\">\n\t\t\t\t\t\t\t<\/div>\n\t\t<\/div>\n\t\t\t\t\t<\/div>\n\t\t<\/section>\n\t\t\t\t<section class=\"elementor-section elementor-top-section elementor-element elementor-element-610b7f5 elementor-section-full_width elementor-section-height-default elementor-section-height-default\" data-id=\"610b7f5\" data-element_type=\"section\" data-e-type=\"section\">\n\t\t\t\t\t\t<div class=\"elementor-container elementor-column-gap-default\">\n\t\t\t\t\t<div class=\"elementor-column elementor-col-100 elementor-top-column elementor-element elementor-element-23c9b0d\" data-id=\"23c9b0d\" data-element_type=\"column\" data-e-type=\"column\">\n\t\t\t<div class=\"elementor-widget-wrap elementor-element-populated\">\n\t\t\t\t\t\t<div class=\"elementor-element elementor-element-14bcfca elementor-widget elementor-widget-heading\" data-id=\"14bcfca\" data-element_type=\"widget\" data-e-type=\"widget\" data-widget_type=\"heading.default\">\n\t\t\t\t<div class=\"elementor-widget-container\">\n\t\t\t\t\t<h5 class=\"elementor-heading-title elementor-size-default\">VOGAIS<\/h5>\t\t\t\t<\/div>\n\t\t\t\t<\/div>\n\t\t\t\t<div class=\"elementor-element elementor-element-3d84fa1 elementor-widget-divider--view-line elementor-widget elementor-widget-divider\" data-id=\"3d84fa1\" data-element_type=\"widget\" data-e-type=\"widget\" data-widget_type=\"divider.default\">\n\t\t\t\t<div class=\"elementor-widget-container\">\n\t\t\t\t\t\t\t<div class=\"elementor-divider\">\n\t\t\t<span class=\"elementor-divider-separator\">\n\t\t\t\t\t\t<\/span>\n\t\t<\/div>\n\t\t\t\t\t\t<\/div>\n\t\t\t\t<\/div>\n\t\t\t\t<section class=\"elementor-section elementor-inner-section elementor-element elementor-element-1d83f86 elementor-section-full_width elementor-section-height-default elementor-section-height-default\" data-id=\"1d83f86\" data-element_type=\"section\" data-e-type=\"section\">\n\t\t\t\t\t\t<div class=\"elementor-container elementor-column-gap-default\">\n\t\t\t\t\t<div class=\"elementor-column elementor-col-25 elementor-inner-column elementor-element elementor-element-586974f\" data-id=\"586974f\" data-element_type=\"column\" data-e-type=\"column\">\n\t\t\t<div class=\"elementor-widget-wrap\">\n\t\t\t\t\t\t\t<\/div>\n\t\t<\/div>\n\t\t\t\t<div class=\"elementor-column elementor-col-25 elementor-inner-column elementor-element elementor-element-595ad07\" data-id=\"595ad07\" data-element_type=\"column\" data-e-type=\"column\">\n\t\t\t<div class=\"elementor-widget-wrap elementor-element-populated\">\n\t\t\t\t\t\t<div class=\"elementor-element elementor-element-bf07ff5 elementor-widget elementor-widget-heading\" data-id=\"bf07ff5\" data-element_type=\"widget\" data-e-type=\"widget\" data-widget_type=\"heading.default\">\n\t\t\t\t<div class=\"elementor-widget-container\">\n\t\t\t\t\t<h5 class=\"elementor-heading-title elementor-size-default\">VOGAL<\/h5>\t\t\t\t<\/div>\n\t\t\t\t<\/div>\n\t\t\t\t<div class=\"elementor-element elementor-element-34eb5ba elementor-widget elementor-widget-image\" data-id=\"34eb5ba\" data-element_type=\"widget\" data-e-type=\"widget\" data-widget_type=\"image.default\">\n\t\t\t\t<div class=\"elementor-widget-container\">\n\t\t\t\t\t\t\t\t\t\t\t\t\t\t\t<img loading=\"lazy\" decoding=\"async\" width=\"505\" height=\"634\" src=\"https:\/\/ipc.cv\/wp-content\/uploads\/2020\/12\/Nelida.jpg\" class=\"attachment-large size-large wp-image-1856\" alt=\"\" srcset=\"https:\/\/ipc.cv\/wp-content\/uploads\/2020\/12\/Nelida.jpg 505w, https:\/\/ipc.cv\/wp-content\/uploads\/2020\/12\/Nelida-239x300.jpg 239w\" sizes=\"(max-width: 505px) 100vw, 505px\" \/>\t\t\t\t\t\t\t\t\t\t\t\t\t\t\t<\/div>\n\t\t\t\t<\/div>\n\t\t\t\t<div class=\"elementor-element elementor-element-d98cbca elementor-widget elementor-widget-heading\" data-id=\"d98cbca\" data-element_type=\"widget\" data-e-type=\"widget\" data-widget_type=\"heading.default\">\n\t\t\t\t<div class=\"elementor-widget-container\">\n\t\t\t\t\t<h5 class=\"elementor-heading-title elementor-size-default\">N\u00e9lida Maria Freire Brito<\/h5>\t\t\t\t<\/div>\n\t\t\t\t<\/div>\n\t\t\t\t<div class=\"elementor-element elementor-element-47db017 elementor-widget-divider--view-line elementor-widget elementor-widget-divider\" data-id=\"47db017\" data-element_type=\"widget\" data-e-type=\"widget\" data-widget_type=\"divider.default\">\n\t\t\t\t<div class=\"elementor-widget-container\">\n\t\t\t\t\t\t\t<div class=\"elementor-divider\">\n\t\t\t<span class=\"elementor-divider-separator\">\n\t\t\t\t\t\t<\/span>\n\t\t<\/div>\n\t\t\t\t\t\t<\/div>\n\t\t\t\t<\/div>\n\t\t\t\t<div class=\"elementor-element elementor-element-52c1adf elementor-widget elementor-widget-accordion\" data-id=\"52c1adf\" data-element_type=\"widget\" data-e-type=\"widget\" data-widget_type=\"accordion.default\">\n\t\t\t\t<div class=\"elementor-widget-container\">\n\t\t\t\t\t\t\t<div class=\"elementor-accordion\">\n\t\t\t\t\t\t\t<div class=\"elementor-accordion-item\">\n\t\t\t\t\t<div id=\"elementor-tab-title-8671\" class=\"elementor-tab-title\" data-tab=\"1\" role=\"button\" aria-controls=\"elementor-tab-content-8671\" aria-expanded=\"false\">\n\t\t\t\t\t\t\t\t\t\t\t\t\t<span class=\"elementor-accordion-icon elementor-accordion-icon-left\" aria-hidden=\"true\">\n\t\t\t\t\t\t\t\t\t\t\t\t\t\t\t<span class=\"elementor-accordion-icon-closed\"><i class=\"fas fa-chevron-down\"><\/i><\/span>\n\t\t\t\t\t\t\t\t<span class=\"elementor-accordion-icon-opened\"><i class=\"fas fa-chevron-up\"><\/i><\/span>\n\t\t\t\t\t\t\t\t\t\t\t\t\t\t<\/span>\n\t\t\t\t\t\t\t\t\t\t\t\t<a class=\"elementor-accordion-title\" tabindex=\"0\">Ver Biografia<\/a>\n\t\t\t\t\t<\/div>\n\t\t\t\t\t<div id=\"elementor-tab-content-8671\" class=\"elementor-tab-content elementor-clearfix\" data-tab=\"1\" role=\"region\" aria-labelledby=\"elementor-tab-title-8671\"><p>N\u00e9lida Maria Freire Brito was born in Luanda, Angola, nationalized Cabo Verdean.<\/p><p>N\u00e9lida attended the Bachelor's Degree in History at the Secondary School Teacher Training Course, in Praia \u2013 Cabo Verde.<\/p><p>In 2002 she completed her degree in History at the Faculty of Arts of the University of Porto (Portugal) and in 2004 she completed her Masters in Contemporary History also at the Faculty of Arts of the University of Porto.\u00a0<\/p><p>Attended the 1st year of a PhD in History at the Faculty of Arts, University of Porto \u2013 Portugal<\/p><p>During her professional career, she worked as a teacher and coordinator at the Secondary School \u201cPedro Gomes\u201d, Praia \u2013 Cabo Verde, as well as Pedagogical Assistant Director at the Liceu \u201cOlavo Moniz\u201d, on the island of Sal \u2013 Cabo Verde.<\/p><p>Since 2008, she has been teaching at the University of Cabo Verde, performing various functions inherent to the position.<\/p><p>Currently she is a professor at the University of Cabo Verde in the disciplines.<\/p><p>Contemporary History and History of Cabo Verde and she is a member of the IPC` Scientific Board.<\/p><\/div>\n\t\t\t\t<\/div>\n\t\t\t\t\t\t\t\t<\/div>\n\t\t\t\t\t\t<\/div>\n\t\t\t\t<\/div>\n\t\t\t\t\t<\/div>\n\t\t<\/div>\n\t\t\t\t<div class=\"elementor-column elementor-col-25 elementor-inner-column elementor-element elementor-element-ab01411\" data-id=\"ab01411\" data-element_type=\"column\" data-e-type=\"column\">\n\t\t\t<div class=\"elementor-widget-wrap elementor-element-populated\">\n\t\t\t\t\t\t<div class=\"elementor-element elementor-element-0182cbf elementor-widget elementor-widget-heading\" data-id=\"0182cbf\" data-element_type=\"widget\" data-e-type=\"widget\" data-widget_type=\"heading.default\">\n\t\t\t\t<div class=\"elementor-widget-container\">\n\t\t\t\t\t<h5 class=\"elementor-heading-title elementor-size-default\">VOGAL<\/h5>\t\t\t\t<\/div>\n\t\t\t\t<\/div>\n\t\t\t\t<div class=\"elementor-element elementor-element-2fddb50 elementor-widget elementor-widget-image\" data-id=\"2fddb50\" data-element_type=\"widget\" data-e-type=\"widget\" data-widget_type=\"image.default\">\n\t\t\t\t<div class=\"elementor-widget-container\">\n\t\t\t\t\t\t\t\t\t\t\t\t\t\t\t<img loading=\"lazy\" decoding=\"async\" width=\"600\" height=\"727\" src=\"https:\/\/ipc.cv\/wp-content\/uploads\/2021\/02\/foto-carlos.jpg\" class=\"attachment-large size-large wp-image-2096\" alt=\"\" srcset=\"https:\/\/ipc.cv\/wp-content\/uploads\/2021\/02\/foto-carlos.jpg 600w, https:\/\/ipc.cv\/wp-content\/uploads\/2021\/02\/foto-carlos-248x300.jpg 248w\" sizes=\"(max-width: 600px) 100vw, 600px\" \/>\t\t\t\t\t\t\t\t\t\t\t\t\t\t\t<\/div>\n\t\t\t\t<\/div>\n\t\t\t\t<div class=\"elementor-element elementor-element-e55d599 elementor-widget elementor-widget-heading\" data-id=\"e55d599\" data-element_type=\"widget\" data-e-type=\"widget\" data-widget_type=\"heading.default\">\n\t\t\t\t<div class=\"elementor-widget-container\">\n\t\t\t\t\t<h5 class=\"elementor-heading-title elementor-size-default\">Carlos Emanuel Sousa Cruz dos Santos<\/h5>\t\t\t\t<\/div>\n\t\t\t\t<\/div>\n\t\t\t\t<div class=\"elementor-element elementor-element-640b415 elementor-widget-divider--view-line elementor-widget elementor-widget-divider\" data-id=\"640b415\" data-element_type=\"widget\" data-e-type=\"widget\" data-widget_type=\"divider.default\">\n\t\t\t\t<div class=\"elementor-widget-container\">\n\t\t\t\t\t\t\t<div class=\"elementor-divider\">\n\t\t\t<span class=\"elementor-divider-separator\">\n\t\t\t\t\t\t<\/span>\n\t\t<\/div>\n\t\t\t\t\t\t<\/div>\n\t\t\t\t<\/div>\n\t\t\t\t<div class=\"elementor-element elementor-element-f7db96e elementor-widget elementor-widget-accordion\" data-id=\"f7db96e\" data-element_type=\"widget\" data-e-type=\"widget\" data-widget_type=\"accordion.default\">\n\t\t\t\t<div class=\"elementor-widget-container\">\n\t\t\t\t\t\t\t<div class=\"elementor-accordion\">\n\t\t\t\t\t\t\t<div class=\"elementor-accordion-item\">\n\t\t\t\t\t<div id=\"elementor-tab-title-2591\" class=\"elementor-tab-title\" data-tab=\"1\" role=\"button\" aria-controls=\"elementor-tab-content-2591\" aria-expanded=\"false\">\n\t\t\t\t\t\t\t\t\t\t\t\t\t<span class=\"elementor-accordion-icon elementor-accordion-icon-left\" aria-hidden=\"true\">\n\t\t\t\t\t\t\t\t\t\t\t\t\t\t\t<span class=\"elementor-accordion-icon-closed\"><i class=\"fas fa-chevron-down\"><\/i><\/span>\n\t\t\t\t\t\t\t\t<span class=\"elementor-accordion-icon-opened\"><i class=\"fas fa-chevron-up\"><\/i><\/span>\n\t\t\t\t\t\t\t\t\t\t\t\t\t\t<\/span>\n\t\t\t\t\t\t\t\t\t\t\t\t<a class=\"elementor-accordion-title\" tabindex=\"0\">Ver Biografia<\/a>\n\t\t\t\t\t<\/div>\n\t\t\t\t\t<div id=\"elementor-tab-content-2591\" class=\"elementor-tab-content elementor-clearfix\" data-tab=\"1\" role=\"region\" aria-labelledby=\"elementor-tab-title-2591\"><p>Carlos Emanuel Sousa Cruz dos Santos \u00e9 doutorado em Hist\u00f3ria da Arte pela Faculdade de Ci\u00eancias Sociais e Humanas da Universidade Nova de Lisboa (2015) com a tese intitulada \u201cA Cidade da Ribeira Grande, Cabo Verde: Urbanismo e Arquitetura (S\u00e9culos XV a XVIII)\u201d e Licenciado em Gest\u00e3o Tur\u00edstica e Cultural pela Escola Superior de Gest\u00e3o de Tomar, Instituto Polit\u00e9cnico de Tomar (2004).<\/p><p>He is a correspondent researcher at CHAM - Humanities Centre (UNL-FSCH- UA) and guest researcher at the Research Centre Prof. Joaquim Serr\u00e3o (Santar\u00e9m).<\/p><p>The curriculum includes experience in higher education in Cabo Verde, in the areas of Tourism and Heritage Tourism Development, as well as in the areas of History of Art, History of Architecture, Cultural Heritage and History of Cabo Verde.<\/p><p>The research work has focused on the dialogue among heritage, art history and cultural tourism, resulting in the publication of scientific articles and communications at home and abroad. He is currently a professor at the University of Cabo Verde.<\/p><p>Currently, he is member IPC's Scientific Board.<\/p><\/div>\n\t\t\t\t<\/div>\n\t\t\t\t\t\t\t\t<\/div>\n\t\t\t\t\t\t<\/div>\n\t\t\t\t<\/div>\n\t\t\t\t\t<\/div>\n\t\t<\/div>\n\t\t\t\t<div class=\"elementor-column elementor-col-25 elementor-inner-column elementor-element elementor-element-6f2db3f\" data-id=\"6f2db3f\" data-element_type=\"column\" data-e-type=\"column\">\n\t\t\t<div class=\"elementor-widget-wrap\">\n\t\t\t\t\t\t\t<\/div>\n\t\t<\/div>\n\t\t\t\t\t<\/div>\n\t\t<\/section>\n\t\t\t\t\t<\/div>\n\t\t<\/div>\n\t\t\t\t\t<\/div>\n\t\t<\/section>\n\t\t\t\t<\/div>","protected":false},"excerpt":{"rendered":"<p>Organograma S\u00e3o os \u00f3rg\u00e3os do IPC: O Conselho Diretivo; O Fiscal \u00danico; Conselho Cient\u00edfico. \u00a0 O Conselho Diretivo \u00e9 um \u00f3rg\u00e3o respons\u00e1vel pela defini\u00e7\u00e3o da atua\u00e7\u00e3o do IPC, bem como pela dire\u00e7\u00e3o dos respetivos servi\u00e7os, em conformidade com a lei e com as orienta\u00e7\u00f5es governamentais. IPC y megapari Argentina colaboran en un programa que ense\u00f1a [&hellip;]<\/p>\n","protected":false},"author":2,"featured_media":0,"parent":477,"menu_order":0,"comment_status":"closed","ping_status":"closed","template":"elementor_header_footer","meta":{"footnotes":""},"class_list":["post-1254","page","type-page","status-publish","hentry"],"featured_image_src":null,"_links":{"self":[{"href":"https:\/\/ipc.cv\/en\/wp-json\/wp\/v2\/pages\/1254","targetHints":{"allow":["GET"]}}],"collection":[{"href":"https:\/\/ipc.cv\/en\/wp-json\/wp\/v2\/pages"}],"about":[{"href":"https:\/\/ipc.cv\/en\/wp-json\/wp\/v2\/types\/page"}],"author":[{"embeddable":true,"href":"https:\/\/ipc.cv\/en\/wp-json\/wp\/v2\/users\/2"}],"replies":[{"embeddable":true,"href":"https:\/\/ipc.cv\/en\/wp-json\/wp\/v2\/comments?post=1254"}],"version-history":[{"count":186,"href":"https:\/\/ipc.cv\/en\/wp-json\/wp\/v2\/pages\/1254\/revisions"}],"predecessor-version":[{"id":9456,"href":"https:\/\/ipc.cv\/en\/wp-json\/wp\/v2\/pages\/1254\/revisions\/9456"}],"up":[{"embeddable":true,"href":"https:\/\/ipc.cv\/en\/wp-json\/wp\/v2\/pages\/477"}],"wp:attachment":[{"href":"https:\/\/ipc.cv\/en\/wp-json\/wp\/v2\/media?parent=1254"}],"curies":[{"name":"wp","href":"https:\/\/api.w.org\/{rel}","templated":true}]}}