{"id":2359,"date":"2021-03-02T14:26:01","date_gmt":"2021-03-02T15:26:01","guid":{"rendered":"https:\/\/ipc.innovatmedialab.com\/?page_id=2359"},"modified":"2022-04-25T10:43:49","modified_gmt":"2022-04-25T11:43:49","slug":"bibliografias","status":"publish","type":"page","link":"https:\/\/ipc.cv\/cv\/bibliografias\/","title":{"rendered":"Bibliografias"},"content":{"rendered":"<div data-elementor-type=\"wp-page\" data-elementor-id=\"2359\" class=\"elementor elementor-2359\" data-elementor-post-type=\"page\">\n\t\t\t\t\t\t<section class=\"elementor-section elementor-top-section elementor-element elementor-element-cec1954 elementor-section-boxed elementor-section-height-default elementor-section-height-default\" data-id=\"cec1954\" data-element_type=\"section\" data-e-type=\"section\">\n\t\t\t\t\t\t<div class=\"elementor-container elementor-column-gap-default\">\n\t\t\t\t\t<div class=\"elementor-column elementor-col-100 elementor-top-column elementor-element elementor-element-763c48a\" data-id=\"763c48a\" data-element_type=\"column\" data-e-type=\"column\">\n\t\t\t<div class=\"elementor-widget-wrap elementor-element-populated\">\n\t\t\t\t\t\t<div class=\"elementor-element elementor-element-1874f74 elementor-widget elementor-widget-heading\" data-id=\"1874f74\" data-element_type=\"widget\" data-e-type=\"widget\" data-widget_type=\"heading.default\">\n\t\t\t\t<div class=\"elementor-widget-container\">\n\t\t\t\t\t<h2 class=\"elementor-heading-title elementor-size-default\">Bibliografias<\/h2>\t\t\t\t<\/div>\n\t\t\t\t<\/div>\n\t\t\t\t<div class=\"elementor-element elementor-element-ff05537 elementor-widget-divider--view-line elementor-widget elementor-widget-divider\" data-id=\"ff05537\" data-element_type=\"widget\" data-e-type=\"widget\" data-widget_type=\"divider.default\">\n\t\t\t\t<div class=\"elementor-widget-container\">\n\t\t\t\t\t\t\t<div class=\"elementor-divider\">\n\t\t\t<span class=\"elementor-divider-separator\">\n\t\t\t\t\t\t<\/span>\n\t\t<\/div>\n\t\t\t\t\t\t<\/div>\n\t\t\t\t<\/div>\n\t\t\t\t\t<\/div>\n\t\t<\/div>\n\t\t\t\t\t<\/div>\n\t\t<\/section>\n\t\t\t\t<section class=\"elementor-section elementor-top-section elementor-element elementor-element-458cfb3 elementor-section-height-min-height elementor-section-boxed elementor-section-height-default elementor-section-items-middle\" data-id=\"458cfb3\" data-element_type=\"section\" data-e-type=\"section\">\n\t\t\t\t\t\t<div class=\"elementor-container elementor-column-gap-default\">\n\t\t\t\t\t<div class=\"elementor-column elementor-col-33 elementor-top-column elementor-element elementor-element-8a21e4c\" data-id=\"8a21e4c\" data-element_type=\"column\" data-e-type=\"column\">\n\t\t\t<div class=\"elementor-widget-wrap elementor-element-populated\">\n\t\t\t\t\t\t<div class=\"elementor-element elementor-element-a11ef4d elementor-flip-box--effect-flip elementor-flip-box--direction-up elementor-widget elementor-widget-flip-box\" data-id=\"a11ef4d\" data-element_type=\"widget\" data-e-type=\"widget\" data-widget_type=\"flip-box.default\">\n\t\t\t\t<div class=\"elementor-widget-container\">\n\t\t\t\t\t\t\t<div class=\"elementor-flip-box\" tabindex=\"0\">\n\t\t\t<div class=\"elementor-flip-box__layer elementor-flip-box__front\">\n\t\t\t\t<div class=\"elementor-flip-box__layer__overlay\">\n\t\t\t\t\t<div class=\"elementor-flip-box__layer__inner\">\n\t\t\t\t\t\t\t\t\t\t\t\t\t<div class=\"elementor-flip-box__image\">\n\t\t\t\t\t\t\t\t<img fetchpriority=\"high\" decoding=\"async\" width=\"225\" height=\"300\" src=\"https:\/\/ipc.cv\/wp-content\/uploads\/2021\/03\/DA-ROTUNDA-A-SANTA-CATARINA-225x300.jpg\" class=\"attachment-medium size-medium wp-image-3690\" alt=\"\" srcset=\"https:\/\/ipc.cv\/wp-content\/uploads\/2021\/03\/DA-ROTUNDA-A-SANTA-CATARINA-225x300.jpg 225w, https:\/\/ipc.cv\/wp-content\/uploads\/2021\/03\/DA-ROTUNDA-A-SANTA-CATARINA.jpg 300w\" sizes=\"(max-width: 225px) 100vw, 225px\" \/>\t\t\t\t\t\t\t<\/div>\n\t\t\t\t\t\t\n\t\t\t\t\t\t\t\t\t\t\t\t\t<h3 class=\"elementor-flip-box__layer__title\">\n\t\t\t\t\t\t\t\t\u201cDa rotunda a Santa Catarina \u2013 Por uma abordagem das subleva\u00e7\u00f5es nacionais \u00e0 luz do republicanismo\u201d\t\t\t\t\t\t\t<\/h3>\n\t\t\t\t\t\t\n\t\t\t\t\t\t\t\t\t\t\t\t\t<div class=\"elementor-flip-box__layer__description\">\n\t\t\t\t\t\t\t\tPre\u00e7o: 1000 CVE |\nDire\u00e7\u00e3o: Sandra Mascarenhas | Ano: 2014\t\t\t\t\t\t\t<\/div>\n\t\t\t\t\t\t\t\t\t\t\t<\/div>\n\t\t\t\t<\/div>\n\t\t\t<\/div>\n\t\t\t<div class=\"elementor-flip-box__layer elementor-flip-box__back\">\n\t\t\t<div class=\"elementor-flip-box__layer__overlay\">\n\t\t\t\t<div class=\"elementor-flip-box__layer__inner\">\n\t\t\t\t\t\t\t\t\t\t\t<h3 class=\"elementor-flip-box__layer__title\">\n\t\t\t\t\t\t\t\u201cDa rotunda a Santa Catarina \u2013 Por uma abordagem das subleva\u00e7\u00f5es nacionais \u00e0 luz do republicanismo\u201d\t\t\t\t\t\t<\/h3>\n\t\t\t\t\t\n\t\t\t\t\t\t\t\t\t\t\t<div class=\"elementor-flip-box__layer__description\">\n\t\t\t\t\t\t\tSandra Helena Mascarenhas Martins \u00e9 natural Da Cidade da Praia, licenciada em Hist\u00f3ria e mestre em Patrim\u00f3nio, Turismo e Desenvolvimento. T\u00e9cnica do Instituto do Patrim\u00f3nio Cultural exerceu, entre 2011 e 2014, o cargo de presidente do Arquivo Hist\u00f3rico Nacional. <br><br>\nAl\u00e9m de dispersa contribui\u00e7\u00e3o em palestras e exposi\u00e7\u00f5es versando a cultura nacional, dedica-se \u00e1 investiga\u00e7\u00e3o hist\u00f3rica sendo este o seu primeiro livro resultado de uma prof\u00edcua pesquisa documental galardoada como o Pr\u00e9mio Pantera talento jovem na categoria ensaio, em 2009. \n\t\t\t\t\t\t<\/div>\n\t\t\t\t\t\n\t\t\t\t\t\t\t\t<\/div>\n\t\t<\/div>\n\t\t<\/div>\n\t\t<\/div>\n\t\t\t\t\t\t<\/div>\n\t\t\t\t<\/div>\n\t\t\t\t\t<\/div>\n\t\t<\/div>\n\t\t\t\t<div class=\"elementor-column elementor-col-33 elementor-top-column elementor-element elementor-element-05a1585\" data-id=\"05a1585\" data-element_type=\"column\" data-e-type=\"column\">\n\t\t\t<div class=\"elementor-widget-wrap elementor-element-populated\">\n\t\t\t\t\t\t<div class=\"elementor-element elementor-element-0292734 elementor-flip-box--effect-flip elementor-flip-box--direction-up elementor-widget elementor-widget-flip-box\" data-id=\"0292734\" data-element_type=\"widget\" data-e-type=\"widget\" data-widget_type=\"flip-box.default\">\n\t\t\t\t<div class=\"elementor-widget-container\">\n\t\t\t\t\t\t\t<div class=\"elementor-flip-box\" tabindex=\"0\">\n\t\t\t<div class=\"elementor-flip-box__layer elementor-flip-box__front\">\n\t\t\t\t<div class=\"elementor-flip-box__layer__overlay\">\n\t\t\t\t\t<div class=\"elementor-flip-box__layer__inner\">\n\t\t\t\t\t\t\t\t\t\t\t\t\t<div class=\"elementor-flip-box__image\">\n\t\t\t\t\t\t\t\t<img decoding=\"async\" width=\"225\" height=\"300\" src=\"https:\/\/ipc.cv\/wp-content\/uploads\/2021\/03\/ALFABETU-KAUBERDIANU-225x300.jpg\" class=\"attachment-medium size-medium wp-image-3689\" alt=\"\" srcset=\"https:\/\/ipc.cv\/wp-content\/uploads\/2021\/03\/ALFABETU-KAUBERDIANU-225x300.jpg 225w, https:\/\/ipc.cv\/wp-content\/uploads\/2021\/03\/ALFABETU-KAUBERDIANU.jpg 300w\" sizes=\"(max-width: 225px) 100vw, 225px\" \/>\t\t\t\t\t\t\t<\/div>\n\t\t\t\t\t\t\n\t\t\t\t\t\t\t\t\t\t\t\t\t<h3 class=\"elementor-flip-box__layer__title\">\n\t\t\t\t\t\t\t\t\u201cAlfab\u00e9tu K\u00e1buberdi\u00e1nu \u2013 Um prup\u00f3sta di skrita k ust\u00f3ria volt\u00e1du pa futuru\u201d\t\t\t\t\t\t\t<\/h3>\n\t\t\t\t\t\t\n\t\t\t\t\t\t\t\t\t\t\t\t\t<div class=\"elementor-flip-box__layer__description\">\n\t\t\t\t\t\t\t\tPre\u00e7o: 800$ |\nCoordena\u00e7\u00e3o: T. V. da Silva |\nAno: 2014\t\t\t\t\t\t\t<\/div>\n\t\t\t\t\t\t\t\t\t\t\t<\/div>\n\t\t\t\t<\/div>\n\t\t\t<\/div>\n\t\t\t<div class=\"elementor-flip-box__layer elementor-flip-box__back\">\n\t\t\t<div class=\"elementor-flip-box__layer__overlay\">\n\t\t\t\t<div class=\"elementor-flip-box__layer__inner\">\n\t\t\t\t\t\t\t\t\t\t\t<h3 class=\"elementor-flip-box__layer__title\">\n\t\t\t\t\t\t\t\u201cAlfab\u00e9tu K\u00e1buberdi\u00e1nu \u2013 Um prup\u00f3sta di skrita k ust\u00f3ria volt\u00e1du pa futuru\u201d\t\t\t\t\t\t<\/h3>\n\t\t\t\t\t\n\t\t\t\t\t\t\t\t\t\t\t<div class=\"elementor-flip-box__layer__description\">\n\t\t\t\t\t\t\t\u00abIdeia di skrebe es ns\u00e1iu ku n\u00f3mi di Alfab\u00e9tu K\u00e1uberdi\u00e1nu: un prup\u00f3sa di skrita k ust\u00f3ria, volt\u00e1du pa futuru  parse-m dur\u00e1nti nha freku\u00e9nsa (di s\u00e9rba di dos m\u00eas) di kursu di mestr\u00e1du na Kririol\u00edstika i L\u00edngua K\u00e1uberdi\u00e1nu, ki Universid\u00e1di di K\u00e1uberdi (Uni-CV) toma nisiativa di k\u00edria i inplimenta, a partir di \u00e1nu letivu di 2010-2011. <br><br>\nEl ta s\u00e9rba tema di nha disertason di mestr\u00e1du, si N kontinu\u00e1ba nel. <br><br>\nNfilismenti, N ka kont\u00ednua, pa rozons ki N ka ta spoi li. Entrit\u00e1ntu, pa otus razon ki ta avans\u00e1du m\u00e1s diante (kfr. 0. 1 i 0.2), N dissidi na trata kel tema li, inda ki ku abordaji diferente di kel ki el ta tenta na \u00e1nbitu di mestr\u00e1du. \n\t\t\t\t\t\t<\/div>\n\t\t\t\t\t\n\t\t\t\t\t\t\t\t<\/div>\n\t\t<\/div>\n\t\t<\/div>\n\t\t<\/div>\n\t\t\t\t\t\t<\/div>\n\t\t\t\t<\/div>\n\t\t\t\t\t<\/div>\n\t\t<\/div>\n\t\t\t\t<div class=\"elementor-column elementor-col-33 elementor-top-column elementor-element elementor-element-4f9f949\" data-id=\"4f9f949\" data-element_type=\"column\" data-e-type=\"column\">\n\t\t\t<div class=\"elementor-widget-wrap elementor-element-populated\">\n\t\t\t\t\t\t<div class=\"elementor-element elementor-element-6572505 elementor-flip-box--effect-flip elementor-flip-box--direction-up elementor-widget elementor-widget-flip-box\" data-id=\"6572505\" data-element_type=\"widget\" data-e-type=\"widget\" data-widget_type=\"flip-box.default\">\n\t\t\t\t<div class=\"elementor-widget-container\">\n\t\t\t\t\t\t\t<div class=\"elementor-flip-box\" tabindex=\"0\">\n\t\t\t<div class=\"elementor-flip-box__layer elementor-flip-box__front\">\n\t\t\t\t<div class=\"elementor-flip-box__layer__overlay\">\n\t\t\t\t\t<div class=\"elementor-flip-box__layer__inner\">\n\t\t\t\t\t\t\t\t\t\t\t\t\t<div class=\"elementor-flip-box__image\">\n\t\t\t\t\t\t\t\t<img decoding=\"async\" width=\"225\" height=\"300\" src=\"https:\/\/ipc.cv\/wp-content\/uploads\/2021\/03\/AUTO-DA-LINGUA-CABO-VERDIANA-225x300.jpg\" class=\"attachment-medium size-medium wp-image-3691\" alt=\"\" srcset=\"https:\/\/ipc.cv\/wp-content\/uploads\/2021\/03\/AUTO-DA-LINGUA-CABO-VERDIANA-225x300.jpg 225w, https:\/\/ipc.cv\/wp-content\/uploads\/2021\/03\/AUTO-DA-LINGUA-CABO-VERDIANA.jpg 300w\" sizes=\"(max-width: 225px) 100vw, 225px\" \/>\t\t\t\t\t\t\t<\/div>\n\t\t\t\t\t\t\n\t\t\t\t\t\t\t\t\t\t\t\t\t<h3 class=\"elementor-flip-box__layer__title\">\n\t\t\t\t\t\t\t\t\u201cAuto da l\u00edngua cabo-verdiana (I) \u2013 alguns tra\u00e7os estruturais\u201d\t\t\t\t\t\t\t<\/h3>\n\t\t\t\t\t\t\n\t\t\t\t\t\t\t\t\t\t\t\t\t<div class=\"elementor-flip-box__layer__description\">\n\t\t\t\t\t\t\t\tPre\u00e7o: 300 CVE |\nCoordena\u00e7\u00e3o: Adelaide Monteiro  | Ano: 2019\t\t\t\t\t\t\t<\/div>\n\t\t\t\t\t\t\t\t\t\t\t<\/div>\n\t\t\t\t<\/div>\n\t\t\t<\/div>\n\t\t\t<div class=\"elementor-flip-box__layer elementor-flip-box__back\">\n\t\t\t<div class=\"elementor-flip-box__layer__overlay\">\n\t\t\t\t<div class=\"elementor-flip-box__layer__inner\">\n\t\t\t\t\t\t\t\t\t\t\t<h3 class=\"elementor-flip-box__layer__title\">\n\t\t\t\t\t\t\t\u201cAuto da l\u00edngua cabo-verdiana (I) \u2013 alguns tra\u00e7os estruturais\u201d\t\t\t\t\t\t<\/h3>\n\t\t\t\t\t\n\t\t\t\t\t\t\t\t\t\t\t<div class=\"elementor-flip-box__layer__description\">\n\t\t\t\t\t\t\tO livro de bolso \u00abAuto da l\u00edngua cabo-verdiana (I) \u2013 alguns tra\u00e7os estruturais\u00bb \u00e9 uma introdu\u00e7\u00e3o \u00e0 gram\u00e1tica que a falam ou apenas a percebem, mas ainda n\u00e3o a falam. Este livro \u00e9 o primeiro de uma cole\u00e7\u00e3o de 3 livros a que se chamou Manual Dragueru. <br><br>\nFoi designado Manual DRAGUERU, numa conota\u00e7\u00e3o simb\u00f3lica com a \u00e1rvore dragoeiro, esp\u00e9cie que resiste ao tempo. Esta proposta de imagem simb\u00f3lica \u00e9 feita por associa\u00e7\u00e3o \u00e0s condi\u00e7\u00f5es extralingu\u00edsticas de aparecimento das l\u00ednguas crioulas no geral: a representa\u00e7\u00e3o simb\u00f3lica diverge entre autores, mas os elementos mais ou menos consensuais variam entre: a imagens de um forte, uma ilha e um barco vs imagens de uma \u00e1rvore e de uma piroga (ambos s\u00e3o s\u00edmbolos de mobilidade enraizamento). \n\t\t\t\t\t\t<\/div>\n\t\t\t\t\t\n\t\t\t\t\t\t\t\t<\/div>\n\t\t<\/div>\n\t\t<\/div>\n\t\t<\/div>\n\t\t\t\t\t\t<\/div>\n\t\t\t\t<\/div>\n\t\t\t\t\t<\/div>\n\t\t<\/div>\n\t\t\t\t\t<\/div>\n\t\t<\/section>\n\t\t\t\t<section class=\"elementor-section elementor-top-section elementor-element elementor-element-edb3105 elementor-section-height-min-height elementor-section-boxed elementor-section-height-default elementor-section-items-middle\" data-id=\"edb3105\" data-element_type=\"section\" data-e-type=\"section\">\n\t\t\t\t\t\t<div class=\"elementor-container elementor-column-gap-default\">\n\t\t\t\t\t<div class=\"elementor-column elementor-col-33 elementor-top-column elementor-element elementor-element-5250cb9\" data-id=\"5250cb9\" data-element_type=\"column\" data-e-type=\"column\">\n\t\t\t<div class=\"elementor-widget-wrap elementor-element-populated\">\n\t\t\t\t\t\t<div class=\"elementor-element elementor-element-a2ff685 elementor-flip-box--effect-flip elementor-flip-box--direction-up elementor-widget elementor-widget-flip-box\" data-id=\"a2ff685\" data-element_type=\"widget\" data-e-type=\"widget\" data-widget_type=\"flip-box.default\">\n\t\t\t\t<div class=\"elementor-widget-container\">\n\t\t\t\t\t\t\t<div class=\"elementor-flip-box\" tabindex=\"0\">\n\t\t\t<div class=\"elementor-flip-box__layer elementor-flip-box__front\">\n\t\t\t\t<div class=\"elementor-flip-box__layer__overlay\">\n\t\t\t\t\t<div class=\"elementor-flip-box__layer__inner\">\n\t\t\t\t\t\t\t\t\t\t\t\t\t<div class=\"elementor-flip-box__image\">\n\t\t\t\t\t\t\t\t<img loading=\"lazy\" decoding=\"async\" width=\"210\" height=\"300\" src=\"https:\/\/ipc.cv\/wp-content\/uploads\/2022\/04\/Atlas-Lista-Indicativa-210x300.jpg\" class=\"attachment-medium size-medium wp-image-5963\" alt=\"\" srcset=\"https:\/\/ipc.cv\/wp-content\/uploads\/2022\/04\/Atlas-Lista-Indicativa-210x300.jpg 210w, https:\/\/ipc.cv\/wp-content\/uploads\/2022\/04\/Atlas-Lista-Indicativa-715x1024.jpg 715w, https:\/\/ipc.cv\/wp-content\/uploads\/2022\/04\/Atlas-Lista-Indicativa-8x12.jpg 8w, https:\/\/ipc.cv\/wp-content\/uploads\/2022\/04\/Atlas-Lista-Indicativa.jpg 741w\" sizes=\"(max-width: 210px) 100vw, 210px\" \/>\t\t\t\t\t\t\t<\/div>\n\t\t\t\t\t\t\n\t\t\t\t\t\t\t\t\t\t\t\t\t<h3 class=\"elementor-flip-box__layer__title\">\n\t\t\t\t\t\t\t\tAtlas Lista Indicativa de Cabo Verde Na UNESCO\t\t\t\t\t\t\t<\/h3>\n\t\t\t\t\t\t\n\t\t\t\t\t\t\t\t\t\t\t<\/div>\n\t\t\t\t<\/div>\n\t\t\t<\/div>\n\t\t\t<div class=\"elementor-flip-box__layer elementor-flip-box__back\">\n\t\t\t<div class=\"elementor-flip-box__layer__overlay\">\n\t\t\t\t<div class=\"elementor-flip-box__layer__inner\">\n\t\t\t\t\t\t\t\t\t\t\t<h3 class=\"elementor-flip-box__layer__title\">\n\t\t\t\t\t\t\tAtlas Lista Indicativa de Cabo Verde Na UNESCO\t\t\t\t\t\t<\/h3>\n\t\t\t\t\t\n\t\t\t\t\t\t\t\t\t\t\t<div class=\"elementor-flip-box__layer__description\">\n\t\t\t\t\t\t\tA Conven\u00e7\u00e3o para a Prote\u00e7\u00e3o do Patrim\u00f3nio Mundial, Cultural e Natural, 1972, visa a identifica\u00e7\u00e3o, prote\u00e7\u00e3o,\nconserva\u00e7\u00e3o, valoriza\u00e7\u00e3o e a transmiss\u00e3o \u00e0s gera\u00e7\u00f5es futuras,\no patrim\u00f3nio cultural e natural de Valor Universal Excecional (VUE). Neste sentido, os Estados ratificantes\ndesta Conven\u00e7\u00e3o comprometem-se a criar mecanismos que garantam uma prote\u00e7\u00e3o eficaz dos bens patrimoniais\nsituados nos seus territ\u00f3rios. Cada Estado Parte deve submeter ao Centro do Patrim\u00f3nio Mundial um  invent\u00e1rio dos bens do patrim\u00f3nio cultural e natural situados no seu territ\u00f3rio suscet\u00edveis de serem inscritos na\nLista do Patrim\u00f3nio Mundial, consubstanciando sua Lista\nIndicativa.\t\t\t\t\t\t<\/div>\n\t\t\t\t\t\n\t\t\t\t\t\t\t\t<\/div>\n\t\t<\/div>\n\t\t<\/div>\n\t\t<\/div>\n\t\t\t\t\t\t<\/div>\n\t\t\t\t<\/div>\n\t\t\t\t\t<\/div>\n\t\t<\/div>\n\t\t\t\t<div class=\"elementor-column elementor-col-33 elementor-top-column elementor-element elementor-element-f8c32cf\" data-id=\"f8c32cf\" data-element_type=\"column\" data-e-type=\"column\">\n\t\t\t<div class=\"elementor-widget-wrap elementor-element-populated\">\n\t\t\t\t\t\t<div class=\"elementor-element elementor-element-92fb1d7 elementor-flip-box--effect-flip elementor-flip-box--direction-up elementor-widget elementor-widget-flip-box\" data-id=\"92fb1d7\" data-element_type=\"widget\" data-e-type=\"widget\" data-widget_type=\"flip-box.default\">\n\t\t\t\t<div class=\"elementor-widget-container\">\n\t\t\t\t\t\t\t<div class=\"elementor-flip-box\" tabindex=\"0\">\n\t\t\t<div class=\"elementor-flip-box__layer elementor-flip-box__front\">\n\t\t\t\t<div class=\"elementor-flip-box__layer__overlay\">\n\t\t\t\t\t<div class=\"elementor-flip-box__layer__inner\">\n\t\t\t\t\t\t\t\t\t\t\t\t\t<div class=\"elementor-flip-box__image\">\n\t\t\t\t\t\t\t\t<img loading=\"lazy\" decoding=\"async\" width=\"225\" height=\"300\" src=\"https:\/\/ipc.cv\/wp-content\/uploads\/2021\/03\/IMPLEMENTACAO-DOS-IDEIAS-DAS-REVOLUCOES-DE-1820-E-1910-225x300.jpg\" class=\"attachment-medium size-medium wp-image-3692\" alt=\"\" srcset=\"https:\/\/ipc.cv\/wp-content\/uploads\/2021\/03\/IMPLEMENTACAO-DOS-IDEIAS-DAS-REVOLUCOES-DE-1820-E-1910-225x300.jpg 225w, https:\/\/ipc.cv\/wp-content\/uploads\/2021\/03\/IMPLEMENTACAO-DOS-IDEIAS-DAS-REVOLUCOES-DE-1820-E-1910.jpg 300w\" sizes=\"(max-width: 225px) 100vw, 225px\" \/>\t\t\t\t\t\t\t<\/div>\n\t\t\t\t\t\t\n\t\t\t\t\t\t\t\t\t\t\t\t\t<h3 class=\"elementor-flip-box__layer__title\">\n\t\t\t\t\t\t\t\t\u201cImplementa\u00e7\u00e3o dos Ideais das Revolu\u00e7\u00f5es de 1820 e 1910  - Ultramar Portugu\u00eas \u2013 Cabo Verde\u201d \t\t\t\t\t\t\t<\/h3>\n\t\t\t\t\t\t\n\t\t\t\t\t\t\t\t\t\t\t\t\t<div class=\"elementor-flip-box__layer__description\">\n\t\t\t\t\t\t\t\tPre\u00e7o: 1500$ |\nCoordena\u00e7\u00e3o: Vitor Semedo | Ano: 2015\t\t\t\t\t\t\t<\/div>\n\t\t\t\t\t\t\t\t\t\t\t<\/div>\n\t\t\t\t<\/div>\n\t\t\t<\/div>\n\t\t\t<div class=\"elementor-flip-box__layer elementor-flip-box__back\">\n\t\t\t<div class=\"elementor-flip-box__layer__overlay\">\n\t\t\t\t<div class=\"elementor-flip-box__layer__inner\">\n\t\t\t\t\t\t\t\t\t\t\t<h3 class=\"elementor-flip-box__layer__title\">\n\t\t\t\t\t\t\t\u201cImplementa\u00e7\u00e3o dos Ideais das Revolu\u00e7\u00f5es de 1820 e 1910  - Ultramar Portugu\u00eas \u2013 Cabo Verde\u201d \t\t\t\t\t\t<\/h3>\n\t\t\t\t\t\n\t\t\t\t\t\t\t\t\t\t\t<div class=\"elementor-flip-box__layer__description\">\n\t\t\t\t\t\t\t\u201c(\u2026) a verdade \u00e9 que a segunda metade da cent\u00faria de oitocentos v\u00eas aparecer, particularmente nos \u00faltimos dec\u00e9nios, variadas publica\u00e7\u00f5es peri\u00f3dicas, com especial destaque para a imprensa regional (\u2026) convictos da necessidade de abrir o povo portugu\u00eas \u00e0s realidades de uma sociedade que fervilhava de novas ideias, surgem um pouco por todo o pa\u00eds homens que se disp\u00f5em a empreender a tarefa (\u2026) levar \u201cas luzes do s\u00e9culo\u201d aos que ainda permaneciam nas trevas\u201d <br><br>\n\nALVIM e Vilas Boas, Maria Helena (1988) \u2013 Da Monarquia \u00e0 Rep\u00fablica atrav\u00e9s das p\u00e1ginas de um Jornal. \u00abRevista Africana\u201d. Centro de Estudos Africanos e Orientais da Universidade Portucalense, 2, p. 287-297 \n\t\t\t\t\t\t<\/div>\n\t\t\t\t\t\n\t\t\t\t\t\t\t\t<\/div>\n\t\t<\/div>\n\t\t<\/div>\n\t\t<\/div>\n\t\t\t\t\t\t<\/div>\n\t\t\t\t<\/div>\n\t\t\t\t\t<\/div>\n\t\t<\/div>\n\t\t\t\t<div class=\"elementor-column elementor-col-33 elementor-top-column elementor-element elementor-element-0bd20ac\" data-id=\"0bd20ac\" data-element_type=\"column\" data-e-type=\"column\">\n\t\t\t<div class=\"elementor-widget-wrap elementor-element-populated\">\n\t\t\t\t\t\t<div class=\"elementor-element elementor-element-27c34d7 elementor-flip-box--effect-flip elementor-flip-box--direction-up elementor-widget elementor-widget-flip-box\" data-id=\"27c34d7\" data-element_type=\"widget\" data-e-type=\"widget\" data-widget_type=\"flip-box.default\">\n\t\t\t\t<div class=\"elementor-widget-container\">\n\t\t\t\t\t\t\t<div class=\"elementor-flip-box\" tabindex=\"0\">\n\t\t\t<div class=\"elementor-flip-box__layer elementor-flip-box__front\">\n\t\t\t\t<div class=\"elementor-flip-box__layer__overlay\">\n\t\t\t\t\t<div class=\"elementor-flip-box__layer__inner\">\n\t\t\t\t\t\t\t\t\t\t\t\t\t<div class=\"elementor-flip-box__image\">\n\t\t\t\t\t\t\t\t<img loading=\"lazy\" decoding=\"async\" width=\"225\" height=\"300\" src=\"https:\/\/ipc.cv\/wp-content\/uploads\/2021\/03\/PROPOSTAS-PARA-O-ALFABETO-UNIFICADO-225x300.jpg\" class=\"attachment-medium size-medium wp-image-3693\" alt=\"\" srcset=\"https:\/\/ipc.cv\/wp-content\/uploads\/2021\/03\/PROPOSTAS-PARA-O-ALFABETO-UNIFICADO-225x300.jpg 225w, https:\/\/ipc.cv\/wp-content\/uploads\/2021\/03\/PROPOSTAS-PARA-O-ALFABETO-UNIFICADO.jpg 300w\" sizes=\"(max-width: 225px) 100vw, 225px\" \/>\t\t\t\t\t\t\t<\/div>\n\t\t\t\t\t\t\n\t\t\t\t\t\t\t\t\t\t\t\t\t<h3 class=\"elementor-flip-box__layer__title\">\n\t\t\t\t\t\t\t\t\u201cProposta de Bases do Alfabeto Unificado para a escrita do Cabo-verdiano\u201d\t\t\t\t\t\t\t<\/h3>\n\t\t\t\t\t\t\n\t\t\t\t\t\t\t\t\t\t\t\t\t<div class=\"elementor-flip-box__layer__description\">\n\t\t\t\t\t\t\t\tPre\u00e7o: 800$ |\nCoordena\u00e7\u00e3o: Grupo para Padroniza\u00e7\u00e3o do Alfabeto \u2013 IIPC | Ano: 2006\t\t\t\t\t\t\t<\/div>\n\t\t\t\t\t\t\t\t\t\t\t<\/div>\n\t\t\t\t<\/div>\n\t\t\t<\/div>\n\t\t\t<div class=\"elementor-flip-box__layer elementor-flip-box__back\">\n\t\t\t<div class=\"elementor-flip-box__layer__overlay\">\n\t\t\t\t<div class=\"elementor-flip-box__layer__inner\">\n\t\t\t\t\t\t\t\t\t\t\t<h3 class=\"elementor-flip-box__layer__title\">\n\t\t\t\t\t\t\t\u201cProposta de Bases do Alfabeto Unificado para a escrita do Cabo-verdiano\u201d\t\t\t\t\t\t<\/h3>\n\t\t\t\t\t\n\t\t\t\t\t\t\t\t\t\t\t<div class=\"elementor-flip-box__layer__description\">\n\t\t\t\t\t\t\t\u201c\u2026 a publica\u00e7\u00e3o deste valioso conjunto documental propicia, entre outras coisas, uma oportunidade alargada de socializa\u00e7\u00e3o, entre os cabo-verdianos (no pa\u00eds e na di\u00e1spora), de um leque de trabalhos de natureza cient\u00edfica sobre o processo hist\u00f3rico, social, cultural e lingu\u00edstico do alfabeto e da escrita da l\u00edngua cabo-verdiana. No fundo, uma contribui\u00e7\u00e3o importante para uma historiografia do alfabeto e da escrita da l\u00edngua nacional \u2026\u201d \t\t\t\t\t\t<\/div>\n\t\t\t\t\t\n\t\t\t\t\t\t\t\t<\/div>\n\t\t<\/div>\n\t\t<\/div>\n\t\t<\/div>\n\t\t\t\t\t\t<\/div>\n\t\t\t\t<\/div>\n\t\t\t\t\t<\/div>\n\t\t<\/div>\n\t\t\t\t\t<\/div>\n\t\t<\/section>\n\t\t\t\t<\/div>","protected":false},"excerpt":{"rendered":"<p>Bibliografias \u201cDa rotunda a Santa Catarina \u2013 Por uma abordagem das subleva\u00e7\u00f5es nacionais \u00e0 luz do republicanismo\u201d Pre\u00e7o: 1000 CVE | Dire\u00e7\u00e3o: Sandra Mascarenhas | Ano: 2014 \u201cDa rotunda a Santa Catarina \u2013 Por uma abordagem das subleva\u00e7\u00f5es nacionais \u00e0 luz do republicanismo\u201d Sandra Helena Mascarenhas Martins \u00e9 natural Da Cidade da Praia, licenciada em [&hellip;]<\/p>\n","protected":false},"author":1,"featured_media":0,"parent":0,"menu_order":0,"comment_status":"closed","ping_status":"closed","template":"","meta":{"footnotes":""},"class_list":["post-2359","page","type-page","status-publish","hentry"],"featured_image_src":null,"_links":{"self":[{"href":"https:\/\/ipc.cv\/cv\/wp-json\/wp\/v2\/pages\/2359","targetHints":{"allow":["GET"]}}],"collection":[{"href":"https:\/\/ipc.cv\/cv\/wp-json\/wp\/v2\/pages"}],"about":[{"href":"https:\/\/ipc.cv\/cv\/wp-json\/wp\/v2\/types\/page"}],"author":[{"embeddable":true,"href":"https:\/\/ipc.cv\/cv\/wp-json\/wp\/v2\/users\/1"}],"replies":[{"embeddable":true,"href":"https:\/\/ipc.cv\/cv\/wp-json\/wp\/v2\/comments?post=2359"}],"version-history":[{"count":18,"href":"https:\/\/ipc.cv\/cv\/wp-json\/wp\/v2\/pages\/2359\/revisions"}],"predecessor-version":[{"id":5966,"href":"https:\/\/ipc.cv\/cv\/wp-json\/wp\/v2\/pages\/2359\/revisions\/5966"}],"wp:attachment":[{"href":"https:\/\/ipc.cv\/cv\/wp-json\/wp\/v2\/media?parent=2359"}],"curies":[{"name":"wp","href":"https:\/\/api.w.org\/{rel}","templated":true}]}}