{"id":1980,"date":"2021-02-11T15:27:13","date_gmt":"2021-02-11T16:27:13","guid":{"rendered":"https:\/\/ipc.innovatmedialab.com\/?post_type=museus&#038;p=1980"},"modified":"2024-11-27T10:45:02","modified_gmt":"2024-11-27T11:45:02","slug":"casa-museu-eugenio-tavares-e-centro-de-estudos-da-morna","status":"publish","type":"museus","link":"https:\/\/ipc.cv\/cv\/museus\/casa-museu-eugenio-tavares-e-centro-de-estudos-da-morna\/","title":{"rendered":"Casa Museu Eug\u00e9nio Tavares e Centro de Estudos da Morna"},"content":{"rendered":"<div class=\"wp-block-ub-expand ub-expand\" id=\"ub-expand-45b7aae4-052d-46f7-bd66-15f32f6d4fe9\" data-scroll-type=\"false\" data-scroll-amount=\"\" data-scroll-target=\"\">\n<div class=\"ub-expand-portion ub-expand-partial wp-block-ub-expand-portion\" id=\"ub-expand-partial-1f004c5e-961e-45c9-bc4f-14b364b478ec\" aria-hidden=\"false\">\n\t\t\t\n\n<p>A Casa Museu Eug\u00e9nio Tavares e Centro de Estudos da Morna \u00e9 um museu de personalidade, voltado para as tem\u00e1ticas ligadas a figura de Eug\u00e9nio Tavares, a sua forma\u00e7\u00e3o pessoal, profissional e intelectual, a rela\u00e7\u00e3o com a ilha Brava e o seu contributo para o enriquecimento intelectual e cultural de Cabo Verde. Igualmente, o espa\u00e7o \u00e9 dedicado aos estudos da tem\u00e1tica da morna enquanto g\u00e9nero musical cabo-verdiano e Patrim\u00f3nio Cultural Imaterial da Humanidade.<\/p>\n\n\n\n<p>A cole\u00e7\u00e3o da Casa Museu Eug\u00e9nio Tavares \u00e9 de tem\u00e1tica hist\u00f3rica, etnogr\u00e1fica e antropol\u00f3gica, dos s\u00e9culos XIX e XX, sendo que a exposi\u00e7\u00e3o apresentada \u00e9 de longa dura\u00e7\u00e3o, fruto do trabalho de investiga\u00e7\u00e3o que procurou trazer ao conhecimento p\u00fablico os aspetos marcantes da vida e obra de Eug\u00e9nio Tavares, tendo como palco a ilha Brava, assim como os demais contributos que este deu para a afirma\u00e7\u00e3o da cultura cabo-verdiana, nomeadamente na promo\u00e7\u00e3o do Crioula enquanto l\u00edngua materna.<\/p>\n\n\n\t\t\t<a id=\"ub-expand-toggle-partial-1f004c5e-961e-45c9-bc4f-14b364b478ec\" class=\"ub-expand-toggle-button\" style=\"text-align: left; \" role=\"button\" aria-expanded=\"false\" aria-controls=\"ub-expand-full-1f004c5e-961e-45c9-bc4f-14b364b478ec\" tabindex=\"0\">\n\t\t\t\tSaber Mais\n\t\t\t<\/a>\n\t\t<\/div>\n\n<div class=\"ub-expand-portion ub-expand-full ub-hide wp-block-ub-expand-portion\" id=\"ub-expand-full-1f004c5e-961e-45c9-bc4f-14b364b478ec\" aria-hidden=\"true\">\n\t\t\t\n\n<p>A Casa Museu Eug\u00e9nio Tavares e Centro de Estudos da Morna, por se encontrar instalada numa ilha e numa comunidade bastante apegada o legado que o poeta deixou, assume o papel importante de di\u00e1logo e respeito pela diversidade da cultura bravense, numa perspetiva de educa\u00e7\u00e3o, sensibiliza\u00e7\u00e3o e inclus\u00e3o de todas as camadas sociais da ilha no seu processo de dinamiza\u00e7\u00e3o e desenvolvimento sustent\u00e1vel. <\/p>\n\n\n\n<p>Um museu desta dimens\u00e3o, cujo acervo e narrativa expositiva est\u00e3o voltados para retratar o ambiente que viveu, sua influencia na produ\u00e7\u00e3o intelectual e na forma de ser e estar de uma pessoa, a mensagem principal \u00e9 da import\u00e2ncia de salvaguarda da mem\u00f3ria hist\u00f3rica de Eug\u00e9nio Tavares e dos aspetos s\u00f3cio antropol\u00f3gicos da ilha Brava, tendo em vista a sua transmiss\u00e3o para as novas gera\u00e7\u00f5es e seu usufruto para o lazer e desenvolvimento do territ\u00f3rio.<\/p>\n\n\n\n<p><\/p>\n\n\n\t\t\t<a id=\"ub-expand-toggle-full-1f004c5e-961e-45c9-bc4f-14b364b478ec\" class=\"ub-expand-toggle-button\" style=\"text-align: left; \" role=\"button\" aria-expanded=\"true\" aria-controls=\"ub-expand-full-1f004c5e-961e-45c9-bc4f-14b364b478ec\" tabindex=\"0\">\n\t\t\t\tLer menos\n\t\t\t<\/a>\n\t\t<\/div>\n<\/div>","protected":false},"excerpt":{"rendered":"<p>A Casa Museu Eug\u00e9nio Tavares e Centro de Estudos da Morna \u00e9 um museu de personalidade, voltado para as tem\u00e1ticas ligadas a figura de Eug\u00e9nio Tavares, a<\/p>","protected":false},"featured_media":2004,"template":"","meta":[],"class_list":["post-1980","museus","type-museus","status-publish","has-post-thumbnail","hentry"],"_links":{"self":[{"href":"https:\/\/ipc.cv\/cv\/wp-json\/wp\/v2\/museus\/1980","targetHints":{"allow":["GET"]}}],"collection":[{"href":"https:\/\/ipc.cv\/cv\/wp-json\/wp\/v2\/museus"}],"about":[{"href":"https:\/\/ipc.cv\/cv\/wp-json\/wp\/v2\/types\/museus"}],"wp:featuredmedia":[{"embeddable":true,"href":"https:\/\/ipc.cv\/cv\/wp-json\/wp\/v2\/media\/2004"}],"wp:attachment":[{"href":"https:\/\/ipc.cv\/cv\/wp-json\/wp\/v2\/media?parent=1980"}],"curies":[{"name":"wp","href":"https:\/\/api.w.org\/{rel}","templated":true}]}}