{"id":1164,"date":"2021-05-27T11:30:00","date_gmt":"2021-05-27T12:30:00","guid":{"rendered":"https:\/\/ipc.innovatmedialab.com\/?post_type=monumento-e-sitio&#038;p=1164"},"modified":"2021-06-07T14:30:29","modified_gmt":"2021-06-07T15:30:29","slug":"convento-de-sao-francisco","status":"publish","type":"monumento-e-sitio","link":"https:\/\/ipc.cv\/cv\/monumento-e-sitio\/convento-de-sao-francisco\/","title":{"rendered":"Convento\/Igreja de S\u00e3o Francisco"},"content":{"rendered":"<p>Constru\u00eddo por volta de 1640, numa parcela de terreno doado por Joana Coelho, rica propriet\u00e1ria rural, vi\u00fava do capit\u00e3o Fabi\u00e3o de Andrade. Foi concebido para acolher os religiosos franciscanos que substitu\u00edram os jesu\u00edtas na miss\u00e3o em Cabo Verde. Funcionou, tamb\u00e9m, como centro de forma\u00e7\u00e3o, onde os padres ensinavam v\u00e1rios of\u00edcios \u00e0 comunidade. Ficou praticamente destru\u00eddo ap\u00f3s o ataque do cors\u00e1rio Jacques Cassard, em 1712 e de uma tempestade, ocorrido em 1754<strong>.<\/strong><\/p>\n\n\n\n<p><\/p>\n\n\n\n<p><\/p>\n\n\n\n<iframe src=\"https:\/\/www.google.com\/maps\/d\/u\/0\/embed?mid=1TAy9q5Icy3bWleF9RID1PgewpPiT6rz8\" width=\"640\" height=\"480\"><\/iframe>","protected":false},"excerpt":{"rendered":"<p>Constru\u00eddo por volta de 1640, numa parcela de terreno doado por Joana Coelho, rica propriet\u00e1ria rural, vi\u00fava do capit\u00e3o Fabi\u00e3o de Andrade. Foi concebido para acolher os religiosos franciscanos que substitu\u00edram os jesu\u00edtas na miss\u00e3o em Cabo Verde. Funcionou, tamb\u00e9m, como centro de forma\u00e7\u00e3o, onde os padres ensinavam v\u00e1rios of\u00edcios \u00e0 comunidade. Ficou praticamente destru\u00eddo [&hellip;]<\/p>\n","protected":false},"featured_media":1077,"template":"","meta":[],"tags":[12,19,46],"class_list":["post-1164","monumento-e-sitio","type-monumento-e-sitio","status-publish","has-post-thumbnail","hentry","tag-c_velha","tag-monumento","tag-roteiro"],"_links":{"self":[{"href":"https:\/\/ipc.cv\/cv\/wp-json\/wp\/v2\/monumento-e-sitio\/1164","targetHints":{"allow":["GET"]}}],"collection":[{"href":"https:\/\/ipc.cv\/cv\/wp-json\/wp\/v2\/monumento-e-sitio"}],"about":[{"href":"https:\/\/ipc.cv\/cv\/wp-json\/wp\/v2\/types\/monumento-e-sitio"}],"wp:featuredmedia":[{"embeddable":true,"href":"https:\/\/ipc.cv\/cv\/wp-json\/wp\/v2\/media\/1077"}],"wp:attachment":[{"href":"https:\/\/ipc.cv\/cv\/wp-json\/wp\/v2\/media?parent=1164"}],"wp:term":[{"taxonomy":"post_tag","embeddable":true,"href":"https:\/\/ipc.cv\/cv\/wp-json\/wp\/v2\/tags?post=1164"}],"curies":[{"name":"wp","href":"https:\/\/api.w.org\/{rel}","templated":true}]}}