{"id":1082,"date":"2020-08-23T13:42:21","date_gmt":"2020-08-23T14:42:21","guid":{"rendered":"https:\/\/ipc.innovatmedialab.com\/?post_type=monumento-e-sitio&amp;p=1082"},"modified":"2020-08-23T13:42:21","modified_gmt":"2020-08-23T14:42:21","slug":"patrimonio-arqueologico","status":"publish","type":"monumento-e-sitio","link":"https:\/\/ipc.cv\/cv\/monumento-e-sitio\/patrimonio-arqueologico\/","title":{"rendered":"Patrim\u00f3nio Arqueol\u00f3gico"},"content":{"rendered":"<div class=\"wp-block-ub-expand ub-expand\" id=\"ub-expand-bf734253-f6d4-452f-82c4-f70922483eda\" data-scroll-type=\"false\" data-scroll-amount=\"\" data-scroll-target=\"\">\n<div class=\"ub-expand-portion ub-expand-partial wp-block-ub-expand-portion\" aria-hidden=\"false\" id=\"ub-expand-portion-\">\n\t\t\t\n\n<p>A legisla\u00e7\u00e3o cabo-verdiana, lei n\u00ba 102\/III\/90, revogado pela Lei n\u00ba 85\/IX\/2020, de 20 de abril, enquadra os bens arqueol\u00f3gicos im\u00f3veis ou m\u00f3veis, terrestres ou subaqu\u00e1ticos como patrim\u00f3nio nacional.<\/p>\n\n\n\n<p>\u00a0A mesma lei define os trabalho arqueol\u00f3gicos como &#8220;todas as investiga\u00e7\u00f5es que tenham por finalidade a descoberta de bens de car\u00e1cter arqueol\u00f3gico, no caso de estas investiga\u00e7\u00f5es implicarem uma escava\u00e7\u00e3o do solo ou uma explora\u00e7\u00e3o sistem\u00e1tica da sua superf\u00edcie, bem como no caso de se realizarem no leito ou no subsolo de \u00e1guas nos interiores ou territoriais.&#8221;<\/p>\n\n\n\t\t\t<a id=\"\" class=\"ub-expand-toggle-button\" style=\"text-align: left; \" role=\"button\" aria-expanded=\"false\" aria-controls=\"ub-expand-full-\" tabindex=\"0\">\n\t\t\t\tler mais\n\t\t\t<\/a>\n\t\t<\/div>\n\n<div class=\"ub-expand-portion ub-expand-full ub-hide wp-block-ub-expand-portion\" aria-hidden=\"true\" id=\"ub-expand-portion-\">\n\t\t\t\n\n<p>A lei do patrim\u00f3nio nacional classifica todos os achados e despojos hist\u00f3ricos recolhidos dentro da \u00e1rea de jurisdi\u00e7\u00e3o de Cabo Verde, como propriedades do Estado, cabendo a este\u00a0\u201cpreservar, defender e valorizar o patrim\u00f3nio cultural do povo cabo-verdiano, incumbindo-lhe criar e promover as condi\u00e7\u00f5es necess\u00e1rias para o efeito\u201d<\/p>\n\n\n\n<p>A n\u00edvel internacional, a preserva\u00e7\u00e3o e valoriza\u00e7\u00e3o do patrim\u00f3nio arqueol\u00f3gico \u00e9 coordenado pelo International Council On Monuments and Sites (ICOMOS) atrav\u00e9s da Carta Sobre a Prote\u00e7\u00e3o e a Gest\u00e3o do Patrim\u00f3nio Arqueol\u00f3gico de 1990.<\/p>\n\n\n\n<p>Segundo o ICOMOS O \u201cpatrim\u00f3nio arqueol\u00f3gico \u00e9 aquela parte do material arqueol\u00f3gico a partir da qual os m\u00e9todos arqueol\u00f3gicos proporcionam informa\u00e7\u00e3o prim\u00e1ria. Ele compreende todos os vest\u00edgios da exist\u00eancia humana e consiste em s\u00edtios relacionados com todas as manifesta\u00e7\u00f5es da atividade humana, estruturas abandonadas, e vest\u00edgios de todos os tipos (incluindo s\u00edtios subterr\u00e2neos e subaqu\u00e1ticos), bem como todos os materiais culturais transport\u00e1veis que lhes est\u00e3o associados\u201d.<\/p>\n\n\n\t\t\t<a id=\"\" class=\"ub-expand-toggle-button\" style=\"text-align: left; \" role=\"button\" aria-expanded=\"true\" aria-controls=\"ub-expand-full-\" tabindex=\"0\">\n\t\t\t\tler menos\n\t\t\t<\/a>\n\t\t<\/div>\n<\/div>","protected":false},"excerpt":{"rendered":"<p>A legisla\u00e7\u00e3o cabo-verdiana, lei n\u00ba 102\/III\/90, revogado pela Lei n\u00ba 85\/IX\/2020, de 20 de abril, enquadra os bens arqueol\u00f3gicos im\u00f3veis ou m\u00f3veis, terrestres&#8230;<\/p>","protected":false},"featured_media":640,"template":"","meta":[],"tags":[9,29],"class_list":["post-1082","monumento-e-sitio","type-monumento-e-sitio","status-publish","has-post-thumbnail","hentry","tag-arqueologia","tag-titulo"],"_links":{"self":[{"href":"https:\/\/ipc.cv\/cv\/wp-json\/wp\/v2\/monumento-e-sitio\/1082","targetHints":{"allow":["GET"]}}],"collection":[{"href":"https:\/\/ipc.cv\/cv\/wp-json\/wp\/v2\/monumento-e-sitio"}],"about":[{"href":"https:\/\/ipc.cv\/cv\/wp-json\/wp\/v2\/types\/monumento-e-sitio"}],"wp:featuredmedia":[{"embeddable":true,"href":"https:\/\/ipc.cv\/cv\/wp-json\/wp\/v2\/media\/640"}],"wp:attachment":[{"href":"https:\/\/ipc.cv\/cv\/wp-json\/wp\/v2\/media?parent=1082"}],"wp:term":[{"taxonomy":"post_tag","embeddable":true,"href":"https:\/\/ipc.cv\/cv\/wp-json\/wp\/v2\/tags?post=1082"}],"curies":[{"name":"wp","href":"https:\/\/api.w.org\/{rel}","templated":true}]}}