{"id":1081,"date":"2020-08-23T13:39:46","date_gmt":"2020-08-23T14:39:46","guid":{"rendered":"https:\/\/ipc.innovatmedialab.com\/?post_type=monumento-e-sitio&amp;p=1081"},"modified":"2020-08-23T13:39:46","modified_gmt":"2020-08-23T14:39:46","slug":"centros-historicos","status":"publish","type":"monumento-e-sitio","link":"https:\/\/ipc.cv\/cv\/monumento-e-sitio\/centros-historicos\/","title":{"rendered":"Centros Hist\u00f3ricos"},"content":{"rendered":"<div class=\"wp-block-ub-expand ub-expand\" id=\"ub-expand-7cf528eb-1f3f-465d-b5be-dc9c92092036\" data-scroll-type=\"false\" data-scroll-amount=\"\" data-scroll-target=\"\">\n<div class=\"ub-expand-portion ub-expand-partial wp-block-ub-expand-portion\" aria-hidden=\"false\" id=\"ub-expand-portion-\">\n\t\t\t\n\n<p>Em 1976 saiu da confer\u00eancia da UNESCO em Nairobi a defini\u00e7\u00e3o do conjunto hist\u00f3rico urbano, que tenta conjugar a preserva\u00e7\u00e3o da urbe com as exig\u00eancias contempor\u00e2neas, apoiada pela administra\u00e7\u00e3o local e municipal, associa\u00e7\u00f5es de moradores e de bairros e de \u00f3rg\u00e3os t\u00e9cnicos.<\/p>\n\n\n\n<p>Em Cabo Verde, a classifica\u00e7\u00e3o dos centros hist\u00f3ricos como Patrim\u00f3nio Nacional s\u00e3o feitos com base na lei n\u00ba. 102\/III\/90, de 29 de dezembro, revogado pela Lei n\u00ba 85\/IX\/2020, de 20 de abril,\u00a0 visando a preserva\u00e7\u00e3o, a defesa e a valoriza\u00e7\u00e3o do patrim\u00f3nio cultural cabo-verdiano.<\/p>\n\n\n\t\t\t<a id=\"\" class=\"ub-expand-toggle-button\" style=\"text-align: left; \" role=\"button\" aria-expanded=\"false\" aria-controls=\"ub-expand-full-\" tabindex=\"0\">\n\t\t\t\tler mais\n\t\t\t<\/a>\n\t\t<\/div>\n\n<div class=\"ub-expand-portion ub-expand-full ub-hide wp-block-ub-expand-portion\" aria-hidden=\"true\" id=\"ub-expand-portion-\">\n\t\t\t\n\n<p>A legisla\u00e7\u00e3o nacional define os s\u00edtios hist\u00f3ricos como \u201cObras do homem ou obras conjuntas do homem e da natureza, espa\u00e7os suficientemente caracter\u00edsticos e homog\u00e9neos, de maneira a poderem ser delimitados geograficamente, not\u00e1veis pelo seu interesse hist\u00f3rico, arqueol\u00f3gico, art\u00edstico, cient\u00edfico ou etnol\u00f3gico.\u201d<\/p>\n\n\n\n<p>Salvaguardar os centros hist\u00f3ricos classificados tem sido o grande desafio de Cabo Verde. Isto tendo em aten\u00e7\u00e3o as formas\u00a0e\u00a0tipos de interven\u00e7\u00f5es que devem ser feitas, de modo que os centros Patrim\u00f3nio Nacional n\u00e3o percam a sua identidade, mas tamb\u00e9m n\u00e3o coloquem em causa a integridade da popula\u00e7\u00e3o.<\/p>\n\n\n\t\t\t<a id=\"\" class=\"ub-expand-toggle-button\" style=\"text-align: left; \" role=\"button\" aria-expanded=\"true\" aria-controls=\"ub-expand-full-\" tabindex=\"0\">\n\t\t\t\tler menos\n\t\t\t<\/a>\n\t\t<\/div>\n<\/div>","protected":false},"excerpt":{"rendered":"<p>Em 1976 saiu da confer\u00eancia da UNESCO em Nairobi a defini\u00e7\u00e3o do conjunto hist\u00f3rico urbano, que tenta conjugar a preserva\u00e7\u00e3o da urbe com&#8230;<\/p>","protected":false},"featured_media":686,"template":"","meta":[],"tags":[13,29],"class_list":["post-1081","monumento-e-sitio","type-monumento-e-sitio","status-publish","has-post-thumbnail","hentry","tag-centro","tag-titulo"],"_links":{"self":[{"href":"https:\/\/ipc.cv\/cv\/wp-json\/wp\/v2\/monumento-e-sitio\/1081","targetHints":{"allow":["GET"]}}],"collection":[{"href":"https:\/\/ipc.cv\/cv\/wp-json\/wp\/v2\/monumento-e-sitio"}],"about":[{"href":"https:\/\/ipc.cv\/cv\/wp-json\/wp\/v2\/types\/monumento-e-sitio"}],"wp:featuredmedia":[{"embeddable":true,"href":"https:\/\/ipc.cv\/cv\/wp-json\/wp\/v2\/media\/686"}],"wp:attachment":[{"href":"https:\/\/ipc.cv\/cv\/wp-json\/wp\/v2\/media?parent=1081"}],"wp:term":[{"taxonomy":"post_tag","embeddable":true,"href":"https:\/\/ipc.cv\/cv\/wp-json\/wp\/v2\/tags?post=1081"}],"curies":[{"name":"wp","href":"https:\/\/api.w.org\/{rel}","templated":true}]}}